{"id":772,"date":"2023-09-19T12:35:53","date_gmt":"2023-09-19T10:35:53","guid":{"rendered":"https:\/\/kranzhost.de\/messe-montage\/?page_id=772"},"modified":"2024-10-21T15:32:10","modified_gmt":"2024-10-21T13:32:10","slug":"unternehmen","status":"publish","type":"page","link":"https:\/\/messe-montage.de\/en\/leistungen\/unternehmen\/","title":{"rendered":"Company"},"content":{"rendered":"<p class=\"attachment\"><a href='https:\/\/messe-montage.de\/wp-content\/uploads\/2023\/09\/IMG_0449_web.jpg'><img fetchpriority=\"high\" decoding=\"async\" width=\"300\" height=\"226\" src=\"https:\/\/messe-montage.de\/wp-content\/uploads\/2023\/09\/IMG_0449_web-300x226.jpg\" class=\"attachment-medium size-medium\" alt=\"\" srcset=\"https:\/\/messe-montage.de\/wp-content\/uploads\/2023\/09\/IMG_0449_web-300x226.jpg 300w, https:\/\/messe-montage.de\/wp-content\/uploads\/2023\/09\/IMG_0449_web-768x579.jpg 768w, https:\/\/messe-montage.de\/wp-content\/uploads\/2023\/09\/IMG_0449_web.jpg 802w\" sizes=\"(max-width: 300px) 100vw, 300px\" \/><\/a><\/p>\n\t\t<div data-elementor-type=\"wp-page\" data-elementor-id=\"772\" class=\"elementor elementor-772\" data-elementor-post-type=\"page\">\n\t\t\t\t\t\t<section data-dce-background-overlay-color=\"#014F8100\" class=\"elementor-section elementor-top-section elementor-element elementor-element-c9e6761 elementor-section-height-min-height elementor-section-items-bottom elementor-section-boxed elementor-section-height-default\" data-id=\"c9e6761\" data-element_type=\"section\" data-settings=\"{&quot;background_background&quot;:&quot;slideshow&quot;,&quot;background_slideshow_gallery&quot;:[{&quot;id&quot;:1296,&quot;url&quot;:&quot;https:\\\/\\\/messe-montage.de\\\/wp-content\\\/uploads\\\/2023\\\/09\\\/WhatsApp-Image-2023-01-25-at-15.38.14-1_WEB2520_35.jpg&quot;},{&quot;id&quot;:1413,&quot;url&quot;:&quot;https:\\\/\\\/messe-montage.de\\\/wp-content\\\/uploads\\\/2023\\\/09\\\/IMG_7585_WEB2520_35.jpg&quot;},{&quot;id&quot;:1347,&quot;url&quot;:&quot;https:\\\/\\\/messe-montage.de\\\/wp-content\\\/uploads\\\/2023\\\/09\\\/20221023_125913_WEB2520_35.jpg&quot;},{&quot;id&quot;:1430,&quot;url&quot;:&quot;https:\\\/\\\/messe-montage.de\\\/wp-content\\\/uploads\\\/2023\\\/09\\\/IMG_8526_WEB2520_35.jpg&quot;},{&quot;id&quot;:1378,&quot;url&quot;:&quot;https:\\\/\\\/messe-montage.de\\\/wp-content\\\/uploads\\\/2023\\\/09\\\/D03B4608-2DE7-4B5F-B466-428C447397CF_WEB2520_35.jpg&quot;}],&quot;background_slideshow_transition_duration&quot;:1500,&quot;background_slideshow_loop&quot;:&quot;yes&quot;,&quot;background_slideshow_slide_duration&quot;:5000,&quot;background_slideshow_slide_transition&quot;:&quot;fade&quot;}\">\n\t\t\t\t\t\t\t<div class=\"elementor-background-overlay\"><\/div>\n\t\t\t\t\t\t\t<div class=\"elementor-container elementor-column-gap-extended\">\n\t\t\t\t\t<div data-dce-background-color=\"#014F81A6\" class=\"elementor-column elementor-col-100 elementor-top-column elementor-element elementor-element-2b244e6 elementor-invisible\" data-id=\"2b244e6\" data-element_type=\"column\" data-settings=\"{&quot;background_background&quot;:&quot;classic&quot;,&quot;animation&quot;:&quot;fadeInUp&quot;}\">\n\t\t\t<div class=\"elementor-widget-wrap elementor-element-populated\">\n\t\t\t\t\t\t<div class=\"elementor-element elementor-element-38cbbfb elementor-widget elementor-widget-heading\" data-id=\"38cbbfb\" data-element_type=\"widget\" data-widget_type=\"heading.default\">\n\t\t\t\t\t\t<div class=\"elementor-widget-container\">\n\t\t\t<h1 class=\"elementor-heading-title elementor-size-default\">Trade Fair Assembly <br><b>for Companies<\/b><\/h1>\t\t<\/div>\n\t\t\t\t<\/div>\n\t\t\t\t<div class=\"elementor-element elementor-element-ec7d5ff elementor-widget__width-auto elementor-hidden-mobile elementor-widget elementor-widget-button\" data-id=\"ec7d5ff\" data-element_type=\"widget\" data-widget_type=\"button.default\">\n\t\t\t\t\t\t<div class=\"elementor-widget-container\">\n\t\t\t\t\t\t\t<div class=\"elementor-button-wrapper\">\n\t\t\t\t\t<a class=\"elementor-button elementor-size-sm\" role=\"button\">\n\t\t\t\t\t\t<span class=\"elementor-button-content-wrapper\">\n\t\t\t\t\t\t\t\t\t<span class=\"elementor-button-text\">Company<\/span>\n\t\t\t\t\t<\/span>\n\t\t\t\t\t<\/a>\n\t\t\t\t<\/div>\n\t\t\t\t\t\t<\/div>\n\t\t\t\t<\/div>\n\t\t\t\t<div class=\"elementor-element elementor-element-ec0a3a7 elementor-widget__width-auto elementor-hidden-mobile elementor-widget elementor-widget-button\" data-id=\"ec0a3a7\" data-element_type=\"widget\" data-widget_type=\"button.default\">\n\t\t\t\t\t\t<div class=\"elementor-widget-container\">\n\t\t\t\t\t\t\t<div class=\"elementor-button-wrapper\">\n\t\t\t\t\t<a class=\"elementor-button elementor-button-link elementor-size-sm\" href=\"https:\/\/messe-montage.de\/en\/leistungen\/agenturen\/\">\n\t\t\t\t\t\t<span class=\"elementor-button-content-wrapper\">\n\t\t\t\t\t\t\t\t\t<span class=\"elementor-button-text\">Agencies<\/span>\n\t\t\t\t\t<\/span>\n\t\t\t\t\t<\/a>\n\t\t\t\t<\/div>\n\t\t\t\t\t\t<\/div>\n\t\t\t\t<\/div>\n\t\t\t\t<div class=\"elementor-element elementor-element-7d4516f elementor-widget__width-auto elementor-hidden-mobile elementor-widget elementor-widget-button\" data-id=\"7d4516f\" data-element_type=\"widget\" data-widget_type=\"button.default\">\n\t\t\t\t\t\t<div class=\"elementor-widget-container\">\n\t\t\t\t\t\t\t<div class=\"elementor-button-wrapper\">\n\t\t\t\t\t<a class=\"elementor-button elementor-button-link elementor-size-sm\" href=\"https:\/\/messe-montage.de\/en\/leistungen\/messebauer\/\">\n\t\t\t\t\t\t<span class=\"elementor-button-content-wrapper\">\n\t\t\t\t\t\t\t\t\t<span class=\"elementor-button-text\">Exhibition stand builders<\/span>\n\t\t\t\t\t<\/span>\n\t\t\t\t\t<\/a>\n\t\t\t\t<\/div>\n\t\t\t\t\t\t<\/div>\n\t\t\t\t<\/div>\n\t\t\t\t<div class=\"elementor-element elementor-element-0f83893 animated-slow elementor-view-default elementor-invisible elementor-widget elementor-widget-icon\" data-id=\"0f83893\" data-element_type=\"widget\" data-settings=\"{&quot;_animation&quot;:&quot;fadeInDown&quot;,&quot;_animation_delay&quot;:800}\" data-widget_type=\"icon.default\">\n\t\t\t\t\t\t<div class=\"elementor-widget-container\">\n\t\t\t\t\t<div class=\"elementor-icon-wrapper\">\n\t\t\t<a class=\"elementor-icon\" href=\"#content\">\n\t\t\t<svg aria-hidden=\"true\" class=\"e-font-icon-svg e-far-arrow-alt-circle-down\" viewbox=\"0 0 512 512\" xmlns=\"http:\/\/www.w3.org\/2000\/svg\"><path d=\"M256 8C119 8 8 119 8 256s111 248 248 248 248-111 248-248S393 8 256 8zm0 448c-110.5 0-200-89.5-200-200S145.5 56 256 56s200 89.5 200 200-89.5 200-200 200zm-32-316v116h-67c-10.7 0-16 12.9-8.5 20.5l99 99c4.7 4.7 12.3 4.7 17 0l99-99c7.6-7.6 2.2-20.5-8.5-20.5h-67V140c0-6.6-5.4-12-12-12h-40c-6.6 0-12 5.4-12 12z\"><\/path><\/svg>\t\t\t<\/a>\n\t\t<\/div>\n\t\t\t\t<\/div>\n\t\t\t\t<\/div>\n\t\t\t\t\t<\/div>\n\t\t<\/div>\n\t\t\t\t\t<\/div>\n\t\t<\/section>\n\t\t\t\t<section class=\"elementor-section elementor-top-section elementor-element elementor-element-0372568 elementor-section-boxed elementor-section-height-default elementor-section-height-default\" data-id=\"0372568\" data-element_type=\"section\" data-settings=\"{&quot;background_background&quot;:&quot;gradient&quot;}\">\n\t\t\t\t\t\t<div class=\"elementor-container elementor-column-gap-extended\">\n\t\t\t\t\t<div class=\"elementor-column elementor-col-100 elementor-top-column elementor-element elementor-element-77d976a\" data-id=\"77d976a\" data-element_type=\"column\" data-settings=\"{&quot;background_background&quot;:&quot;classic&quot;}\">\n\t\t\t<div class=\"elementor-widget-wrap elementor-element-populated\">\n\t\t\t\t\t\t<div class=\"elementor-element elementor-element-1a66212f elementor-widget elementor-widget-heading\" data-id=\"1a66212f\" data-element_type=\"widget\" data-widget_type=\"heading.default\">\n\t\t\t\t\t\t<div class=\"elementor-widget-container\">\n\t\t\t<h1 class=\"elementor-heading-title elementor-size-default\">We assemble exhibition stands and event structures for your company or organization.<\/h1>\t\t<\/div>\n\t\t\t\t<\/div>\n\t\t\t\t<div class=\"elementor-element elementor-element-4cb18a7 elementor-widget elementor-widget-text-editor\" data-id=\"4cb18a7\" data-element_type=\"widget\" data-widget_type=\"text-editor.default\">\n\t\t\t\t\t\t<div class=\"elementor-widget-container\">\n\t\t\t\t\t\t\t<p>We build and assemble your exhibition stand. According to your ideas and plans. 2D becomes 3D. Accessible, tangible and impressive. Naturally according to all the rules of the trade fair or event location. In Germany and Europe. On time and on budget. Professional, clean, high quality.\u00a0<\/p><p>We assist you from the very beginning: With your requirement, we can also connect you with trustworthy partners for the concept design solution according to your corporate identity. We take care of communication with the trade fair, organize logistics, and assemble your exhibition stand or event location.\u00a0<\/p><p>And when it is all over, we\u2019re there to disassemble everything. We pack and store everything until the next event.<\/p>\t\t\t\t\t\t<\/div>\n\t\t\t\t<\/div>\n\t\t\t\t\t<\/div>\n\t\t<\/div>\n\t\t\t\t\t<\/div>\n\t\t<\/section>\n\t\t\t\t<section class=\"elementor-section elementor-top-section elementor-element elementor-element-0b81ec8 elementor-section-height-min-height elementor-section-items-stretch elementor-section-boxed elementor-section-height-default\" data-id=\"0b81ec8\" data-element_type=\"section\" data-settings=\"{&quot;background_background&quot;:&quot;classic&quot;}\">\n\t\t\t\t\t\t<div class=\"elementor-container elementor-column-gap-extended\">\n\t\t\t\t\t<div data-dce-background-image-url=\"https:\/\/messe-montage.de\/wp-content\/uploads\/2023\/09\/PHOTO-2023-03-26-13-05-23-2_WEB2520_35.jpg\" class=\"elementor-column elementor-col-50 elementor-top-column elementor-element elementor-element-7026cb5 elementor-invisible\" data-id=\"7026cb5\" data-element_type=\"column\" data-settings=\"{&quot;background_background&quot;:&quot;classic&quot;,&quot;animation&quot;:&quot;zoomIn&quot;}\">\n\t\t\t<div class=\"elementor-widget-wrap elementor-element-populated\">\n\t\t\t\t\t\t<div class=\"elementor-element elementor-element-d3a70b5 elementor-widget elementor-widget-text-editor\" data-id=\"d3a70b5\" data-element_type=\"widget\" data-widget_type=\"text-editor.default\">\n\t\t\t\t\t\t<\/div>\n\t\t\t\t\t<\/div>\n\t\t<\/div>\n\t\t\t\t<div data-dce-background-color=\"#005282B0\" class=\"elementor-column elementor-col-50 elementor-top-column elementor-element elementor-element-504173e elementor-invisible\" data-id=\"504173e\" data-element_type=\"column\" data-settings=\"{&quot;background_background&quot;:&quot;classic&quot;,&quot;animation&quot;:&quot;fadeInUp&quot;}\">\n\t\t\t<div class=\"elementor-widget-wrap elementor-element-populated\">\n\t\t\t\t\t<div class=\"elementor-background-overlay\"><\/div>\n\t\t\t\t\t\t<div class=\"elementor-element elementor-element-ac70f05 elementor-widget elementor-widget-heading\" data-id=\"ac70f05\" data-element_type=\"widget\" data-widget_type=\"heading.default\">\n\t\t\t\t\t\t<div class=\"elementor-widget-container\">\n\t\t\t<h2 class=\"elementor-heading-title elementor-size-default\">You have the idea \u2013 we implement it<\/h2>\t\t<\/div>\n\t\t\t\t<\/div>\n\t\t\t\t<div class=\"elementor-element elementor-element-d85dea4 elementor-widget elementor-widget-text-editor\" data-id=\"d85dea4\" data-element_type=\"widget\" data-widget_type=\"text-editor.default\">\n\t\t\t\t\t\t<div class=\"elementor-widget-container\">\n\t\t\t\t\t\t\t<p>Your concept is our challenge. We use your pre-existing material or build a completely new stand according to your ideas. For that, we use sustainable Matrix-system material to build conventionally or use mixed construction methods.\u00a0<\/p>\t\t\t\t\t\t<\/div>\n\t\t\t\t<\/div>\n\t\t\t\t\t<\/div>\n\t\t<\/div>\n\t\t\t\t\t<\/div>\n\t\t<\/section>\n\t\t\t\t<section class=\"elementor-section elementor-top-section elementor-element elementor-element-f8ea54c elementor-section-height-min-height elementor-section-items-stretch elementor-reverse-mobile elementor-section-boxed elementor-section-height-default\" data-id=\"f8ea54c\" data-element_type=\"section\">\n\t\t\t\t\t\t<div class=\"elementor-container elementor-column-gap-extended\">\n\t\t\t\t\t<div class=\"elementor-column elementor-col-50 elementor-top-column elementor-element elementor-element-1060cd5 elementor-invisible\" data-id=\"1060cd5\" data-element_type=\"column\" data-settings=\"{&quot;background_background&quot;:&quot;classic&quot;,&quot;animation&quot;:&quot;fadeInUp&quot;}\">\n\t\t\t<div class=\"elementor-widget-wrap elementor-element-populated\">\n\t\t\t\t\t<div class=\"elementor-background-overlay\"><\/div>\n\t\t\t\t\t\t<div class=\"elementor-element elementor-element-42ce375 elementor-widget elementor-widget-heading\" data-id=\"42ce375\" data-element_type=\"widget\" data-widget_type=\"heading.default\">\n\t\t\t\t\t\t<div class=\"elementor-widget-container\">\n\t\t\t<h2 class=\"elementor-heading-title elementor-size-default\">Are you still without a plan?<\/h2>\t\t<\/div>\n\t\t\t\t<\/div>\n\t\t\t\t<div class=\"elementor-element elementor-element-5546940 elementor-widget elementor-widget-text-editor\" data-id=\"5546940\" data-element_type=\"widget\" data-widget_type=\"text-editor.default\">\n\t\t\t\t\t\t<div class=\"elementor-widget-container\">\n\t\t\t\t\t\t\t<p>We work with high-performing Partners who will assist you in designing a concept for your exhibition stand. We will create the technical plans from your design requirements and find collaborative and cost-effective solutions from the very beginning to build your exhibition stand.\u00a0<\/p>\t\t\t\t\t\t<\/div>\n\t\t\t\t<\/div>\n\t\t\t\t\t<\/div>\n\t\t<\/div>\n\t\t\t\t<div data-dce-background-image-url=\"https:\/\/messe-montage.de\/wp-content\/uploads\/2024\/01\/messestand-zeichnung.jpg\" class=\"elementor-column elementor-col-50 elementor-top-column elementor-element elementor-element-5d55a96 elementor-invisible\" data-id=\"5d55a96\" data-element_type=\"column\" data-settings=\"{&quot;background_background&quot;:&quot;classic&quot;,&quot;animation&quot;:&quot;zoomIn&quot;}\">\n\t\t\t<div class=\"elementor-widget-wrap elementor-element-populated\">\n\t\t\t\t\t\t<div class=\"elementor-element elementor-element-17f47be elementor-widget elementor-widget-text-editor\" data-id=\"17f47be\" data-element_type=\"widget\" data-widget_type=\"text-editor.default\">\n\t\t\t\t\t\t<div class=\"elementor-widget-container\">\n\t\t\t\t\t\t\t<p>\u00a0<\/p><p>\u00a0<\/p>\t\t\t\t\t\t<\/div>\n\t\t\t\t<\/div>\n\t\t\t\t\t<\/div>\n\t\t<\/div>\n\t\t\t\t\t<\/div>\n\t\t<\/section>\n\t\t\t\t<section class=\"elementor-section elementor-top-section elementor-element elementor-element-88b0eee elementor-section-height-min-height elementor-section-items-stretch elementor-section-boxed elementor-section-height-default\" data-id=\"88b0eee\" data-element_type=\"section\" data-settings=\"{&quot;background_background&quot;:&quot;classic&quot;}\">\n\t\t\t\t\t\t<div class=\"elementor-container elementor-column-gap-extended\">\n\t\t\t\t\t<div data-dce-background-image-url=\"https:\/\/messe-montage.de\/wp-content\/uploads\/2023\/09\/D03B4608-2DE7-4B5F-B466-428C447397CF_WEB2520_35.jpg\" class=\"elementor-column elementor-col-50 elementor-top-column elementor-element elementor-element-0414d0e elementor-invisible\" data-id=\"0414d0e\" data-element_type=\"column\" data-settings=\"{&quot;background_background&quot;:&quot;classic&quot;,&quot;animation&quot;:&quot;zoomIn&quot;}\">\n\t\t\t<div class=\"elementor-widget-wrap elementor-element-populated\">\n\t\t\t\t\t\t<div class=\"elementor-element elementor-element-519d13b elementor-widget elementor-widget-text-editor\" data-id=\"519d13b\" data-element_type=\"widget\" data-widget_type=\"text-editor.default\">\n\t\t\t\t\t\t<\/div>\n\t\t\t\t\t<\/div>\n\t\t<\/div>\n\t\t\t\t<div class=\"elementor-column elementor-col-50 elementor-top-column elementor-element elementor-element-7b92385 elementor-invisible\" data-id=\"7b92385\" data-element_type=\"column\" data-settings=\"{&quot;background_background&quot;:&quot;classic&quot;,&quot;animation&quot;:&quot;fadeInUp&quot;}\">\n\t\t\t<div class=\"elementor-widget-wrap elementor-element-populated\">\n\t\t\t\t\t<div class=\"elementor-background-overlay\"><\/div>\n\t\t\t\t\t\t<div class=\"elementor-element elementor-element-2f8c7c0 elementor-widget elementor-widget-heading\" data-id=\"2f8c7c0\" data-element_type=\"widget\" data-widget_type=\"heading.default\">\n\t\t\t\t\t\t<div class=\"elementor-widget-container\">\n\t\t\t<h2 class=\"elementor-heading-title elementor-size-default\">From a single source<\/h2>\t\t<\/div>\n\t\t\t\t<\/div>\n\t\t\t\t<div class=\"elementor-element elementor-element-53a1e60 elementor-widget elementor-widget-text-editor\" data-id=\"53a1e60\" data-element_type=\"widget\" data-widget_type=\"text-editor.default\">\n\t\t\t\t\t\t<div class=\"elementor-widget-container\">\n\t\t\t\t\t\t\t<p>Construction, re-construction, logistics. Assembly and disassembly, storage, disposal. We take care of your exhibition stand appearance.\u00a0<br \/>From our own carpentry workshop to a reliable assembly team. \nYour personal project manager ensures everything is on schedule and meets your satisfaction.<\/p>\t\t\t\t\t\t<\/div>\n\t\t\t\t<\/div>\n\t\t\t\t\t<\/div>\n\t\t<\/div>\n\t\t\t\t\t<\/div>\n\t\t<\/section>\n\t\t\t\t<section class=\"elementor-section elementor-top-section elementor-element elementor-element-1c8dc65 elementor-section-height-min-height elementor-section-items-stretch elementor-reverse-mobile elementor-section-boxed elementor-section-height-default\" data-id=\"1c8dc65\" data-element_type=\"section\" data-settings=\"{&quot;background_background&quot;:&quot;classic&quot;}\">\n\t\t\t\t\t\t<div class=\"elementor-container elementor-column-gap-extended\">\n\t\t\t\t\t<div data-dce-background-color=\"#00528269\" class=\"elementor-column elementor-col-50 elementor-top-column elementor-element elementor-element-f4cf92b elementor-invisible\" data-id=\"f4cf92b\" data-element_type=\"column\" data-settings=\"{&quot;background_background&quot;:&quot;classic&quot;,&quot;animation&quot;:&quot;fadeInUp&quot;}\">\n\t\t\t<div class=\"elementor-widget-wrap elementor-element-populated\">\n\t\t\t\t\t<div class=\"elementor-background-overlay\"><\/div>\n\t\t\t\t\t\t<div class=\"elementor-element elementor-element-c3864de elementor-widget elementor-widget-heading\" data-id=\"c3864de\" data-element_type=\"widget\" data-widget_type=\"heading.default\">\n\t\t\t\t\t\t<div class=\"elementor-widget-container\">\n\t\t\t<h2 class=\"elementor-heading-title elementor-size-default\">(No) Standard Solutions<\/h2>\t\t<\/div>\n\t\t\t\t<\/div>\n\t\t\t\t<div class=\"elementor-element elementor-element-a51ad32 elementor-widget elementor-widget-text-editor\" data-id=\"a51ad32\" data-element_type=\"widget\" data-widget_type=\"text-editor.default\">\n\t\t\t\t\t\t<div class=\"elementor-widget-container\">\n\t\t\t\t\t\t\t<p>Do you need a small exhibition stand and without a big plan?\u00a0<br \/>Use our prefabricated modular stands as the basis for row, corner, and island spaces. Quickly and affordably constructed, these smart stands, paired with your textile tension graphics, will become your showcase at the trade fair.\u00a0<br \/>If the graphics are cleverly designed, they can also be reused for stands of various sizes, saving both money and the environment!<\/p>\t\t\t\t\t\t<\/div>\n\t\t\t\t<\/div>\n\t\t\t\t\t<\/div>\n\t\t<\/div>\n\t\t\t\t<div data-dce-background-image-url=\"https:\/\/messe-montage.de\/wp-content\/uploads\/2023\/09\/PHOTO-2023-03-26-13-05-24-1_WEB2520_35.jpg\" class=\"elementor-column elementor-col-50 elementor-top-column elementor-element elementor-element-6ab0ad1 elementor-invisible\" data-id=\"6ab0ad1\" data-element_type=\"column\" data-settings=\"{&quot;background_background&quot;:&quot;classic&quot;,&quot;animation&quot;:&quot;zoomIn&quot;}\">\n\t\t\t<div class=\"elementor-widget-wrap elementor-element-populated\">\n\t\t\t\t\t\t<div class=\"elementor-element elementor-element-c0f1316 elementor-widget elementor-widget-text-editor\" data-id=\"c0f1316\" data-element_type=\"widget\" data-widget_type=\"text-editor.default\">\n\t\t\t\t\t\t<\/div>\n\t\t\t\t\t<\/div>\n\t\t<\/div>\n\t\t\t\t\t<\/div>\n\t\t<\/section>\n\t\t\t\t<section class=\"elementor-section elementor-top-section elementor-element elementor-element-4f65cb3 elementor-section-height-min-height elementor-section-items-stretch elementor-section-boxed elementor-section-height-default\" data-id=\"4f65cb3\" data-element_type=\"section\">\n\t\t\t\t\t\t<div class=\"elementor-container elementor-column-gap-extended\">\n\t\t\t\t\t<div data-dce-background-image-url=\"https:\/\/messe-montage.de\/wp-content\/uploads\/2023\/09\/5AEA2E47-58DC-4754-80A5-20E2CB7759C6_WEB2520_35.jpg\" class=\"elementor-column elementor-col-50 elementor-top-column elementor-element elementor-element-525a3ff elementor-invisible\" data-id=\"525a3ff\" data-element_type=\"column\" data-settings=\"{&quot;background_background&quot;:&quot;classic&quot;,&quot;animation&quot;:&quot;zoomIn&quot;}\">\n\t\t\t<div class=\"elementor-widget-wrap elementor-element-populated\">\n\t\t\t\t\t\t<div class=\"elementor-element elementor-element-4204fe7 elementor-widget elementor-widget-text-editor\" data-id=\"4204fe7\" data-element_type=\"widget\" data-widget_type=\"text-editor.default\">\n\t\t\t\t\t\t<div class=\"elementor-widget-container\">\n\t\t\t\t\t\t\t<p>\u00a0<\/p><p>\u00a0<\/p>\t\t\t\t\t\t<\/div>\n\t\t\t\t<\/div>\n\t\t\t\t\t<\/div>\n\t\t<\/div>\n\t\t\t\t<div class=\"elementor-column elementor-col-50 elementor-top-column elementor-element elementor-element-0e2d62e elementor-invisible\" data-id=\"0e2d62e\" data-element_type=\"column\" data-settings=\"{&quot;background_background&quot;:&quot;classic&quot;,&quot;animation&quot;:&quot;fadeInUp&quot;}\">\n\t\t\t<div class=\"elementor-widget-wrap elementor-element-populated\">\n\t\t\t\t\t<div class=\"elementor-background-overlay\"><\/div>\n\t\t\t\t\t\t<div class=\"elementor-element elementor-element-f876d17 elementor-widget elementor-widget-heading\" data-id=\"f876d17\" data-element_type=\"widget\" data-widget_type=\"heading.default\">\n\t\t\t\t\t\t<div class=\"elementor-widget-container\">\n\t\t\t<h2 class=\"elementor-heading-title elementor-size-default\">Our Services<\/h2>\t\t<\/div>\n\t\t\t\t<\/div>\n\t\t\t\t<div class=\"elementor-element elementor-element-84eb98e elementor-widget elementor-widget-text-editor\" data-id=\"84eb98e\" data-element_type=\"widget\" data-widget_type=\"text-editor.default\">\n\t\t\t\t\t\t<div class=\"elementor-widget-container\">\n\t\t\t\t\t\t\t<ul><li>Assembly and disassembly of existing \nexhibition stands<\/li><li>Implementation and construction of exhibition stands based on your plans and specifications<\/li><li>Expansion and redesign\u00a0<\/li><li>Graphic printing and installation<\/li><li>Our own stand construction materials<\/li><li>In-house workshops<\/li><li>Complete processing, including logistics<\/li><li>Storage available<\/li><\/ul>\t\t\t\t\t\t<\/div>\n\t\t\t\t<\/div>\n\t\t\t\t\t<\/div>\n\t\t<\/div>\n\t\t\t\t\t<\/div>\n\t\t<\/section>\n\t\t\t\t<section class=\"elementor-section elementor-top-section elementor-element elementor-element-4ca100b elementor-section-height-min-height elementor-section-items-stretch elementor-reverse-mobile elementor-section-boxed elementor-section-height-default\" data-id=\"4ca100b\" data-element_type=\"section\">\n\t\t\t\t\t\t<div class=\"elementor-container elementor-column-gap-extended\">\n\t\t\t\t\t<div class=\"elementor-column elementor-col-50 elementor-top-column elementor-element elementor-element-40f3a2e elementor-invisible\" data-id=\"40f3a2e\" data-element_type=\"column\" data-settings=\"{&quot;background_background&quot;:&quot;classic&quot;,&quot;animation&quot;:&quot;fadeInUp&quot;}\">\n\t\t\t<div class=\"elementor-widget-wrap elementor-element-populated\">\n\t\t\t\t\t<div class=\"elementor-background-overlay\"><\/div>\n\t\t\t\t\t\t<div class=\"elementor-element elementor-element-2344487 elementor-widget elementor-widget-heading\" data-id=\"2344487\" data-element_type=\"widget\" data-widget_type=\"heading.default\">\n\t\t\t\t\t\t<div class=\"elementor-widget-container\">\n\t\t\t<h2 class=\"elementor-heading-title elementor-size-default\">Let\u2019s Get to Know Each Other<\/h2>\t\t<\/div>\n\t\t\t\t<\/div>\n\t\t\t\t<div class=\"elementor-element elementor-element-861f8fc elementor-widget elementor-widget-text-editor\" data-id=\"861f8fc\" data-element_type=\"widget\" data-widget_type=\"text-editor.default\">\n\t\t\t\t\t\t<div class=\"elementor-widget-container\">\n\t\t\t\t\t\t\t<p>Schedule an appointment with us. In a personal conversation, you\u2019ll get to know us better. We\u2019ll discuss what\u2019s possible and how we can assist you. You\u2019ll receive a non-binding offer.<\/p>\t\t\t\t\t\t<\/div>\n\t\t\t\t<\/div>\n\t\t\t\t<div class=\"elementor-element elementor-element-8d59465 elementor-widget__width-auto elementor-widget elementor-widget-button\" data-id=\"8d59465\" data-element_type=\"widget\" data-widget_type=\"button.default\">\n\t\t\t\t\t\t<div class=\"elementor-widget-container\">\n\t\t\t\t\t\t\t<div class=\"elementor-button-wrapper\">\n\t\t\t\t\t<a class=\"elementor-button elementor-button-link elementor-size-sm\" href=\"https:\/\/messe-montage.de\/en\/kontakt\/\">\n\t\t\t\t\t\t<span class=\"elementor-button-content-wrapper\">\n\t\t\t\t\t\t\t\t\t<span class=\"elementor-button-text\">Inquiries<\/span>\n\t\t\t\t\t<\/span>\n\t\t\t\t\t<\/a>\n\t\t\t\t<\/div>\n\t\t\t\t\t\t<\/div>\n\t\t\t\t<\/div>\n\t\t\t\t\t<\/div>\n\t\t<\/div>\n\t\t\t\t<div data-dce-background-image-url=\"https:\/\/messe-montage.de\/wp-content\/uploads\/2024\/01\/Ueberbach_250111_DSC00661-Bearbeitet_WEB2520_35.jpg\" class=\"elementor-column elementor-col-50 elementor-top-column elementor-element elementor-element-6eaf90e elementor-invisible\" data-id=\"6eaf90e\" data-element_type=\"column\" data-settings=\"{&quot;background_background&quot;:&quot;classic&quot;,&quot;animation&quot;:&quot;zoomIn&quot;}\">\n\t\t\t<div class=\"elementor-widget-wrap elementor-element-populated\">\n\t\t\t\t\t\t<div class=\"elementor-element elementor-element-5bd01cf elementor-widget elementor-widget-text-editor\" data-id=\"5bd01cf\" data-element_type=\"widget\" data-widget_type=\"text-editor.default\">\n\t\t\t\t\t\t<div class=\"elementor-widget-container\">\n\t\t\t\t\t\t\t<p>\u00a0<\/p><p>\u00a0<\/p>\t\t\t\t\t\t<\/div>\n\t\t\t\t<\/div>\n\t\t\t\t\t<\/div>\n\t\t<\/div>\n\t\t\t\t\t<\/div>\n\t\t<\/section>\n\t\t\t\t<section class=\"elementor-section elementor-top-section elementor-element elementor-element-c8ee202 elementor-section-boxed elementor-section-height-default elementor-section-height-default\" data-id=\"c8ee202\" data-element_type=\"section\">\n\t\t\t\t\t\t<div class=\"elementor-container elementor-column-gap-extended\">\n\t\t\t\t\t<div class=\"elementor-column elementor-col-33 elementor-top-column elementor-element elementor-element-5994a42\" data-id=\"5994a42\" data-element_type=\"column\">\n\t\t\t<div class=\"elementor-widget-wrap elementor-element-populated\">\n\t\t\t\t\t\t<div class=\"elementor-element elementor-element-df73ea9 elementor-flip-box--direction-right elementor-flip-box--effect-flip elementor-invisible elementor-widget elementor-widget-flip-box\" data-id=\"df73ea9\" data-element_type=\"widget\" data-settings=\"{&quot;_animation&quot;:&quot;zoomIn&quot;}\" data-widget_type=\"flip-box.default\">\n\t\t\t\t\t\t<div class=\"elementor-widget-container\">\n\t\t\t\t\t<div class=\"elementor-flip-box\" tabindex=\"0\">\n\t\t\t<div class=\"elementor-flip-box__layer elementor-flip-box__front\">\n\t\t\t\t<div class=\"elementor-flip-box__layer__overlay\">\n\t\t\t\t\t<div class=\"elementor-flip-box__layer__inner\">\n\t\t\t\t\t\t\t\t\t\t\t\t\t<div class=\"elementor-icon-wrapper elementor-view-default\">\n\t\t\t\t\t\t\t\t<div class=\"elementor-icon\">\n\t\t\t\t\t\t\t\t\t<svg class=\"e-font-icon-svg e-fas-wrench\" viewbox=\"0 0 512 512\" xmlns=\"http:\/\/www.w3.org\/2000\/svg\"><path d=\"M507.73 109.1c-2.24-9.03-13.54-12.09-20.12-5.51l-74.36 74.36-67.88-11.31-11.31-67.88 74.36-74.36c6.62-6.62 3.43-17.9-5.66-20.16-47.38-11.74-99.55.91-136.58 37.93-39.64 39.64-50.55 97.1-34.05 147.2L18.74 402.76c-24.99 24.99-24.99 65.51 0 90.5 24.99 24.99 65.51 24.99 90.5 0l213.21-213.21c50.12 16.71 107.47 5.68 147.37-34.22 37.07-37.07 49.7-89.32 37.91-136.73zM64 472c-13.25 0-24-10.75-24-24 0-13.26 10.75-24 24-24s24 10.74 24 24c0 13.25-10.75 24-24 24z\"><\/path><\/svg>\t\t\t\t\t\t\t\t<\/div>\n\t\t\t\t\t\t\t<\/div>\n\t\t\t\t\t\t\n\t\t\t\t\t\t\n\t\t\t\t\t\t\t\t\t\t\t\t\t<div class=\"elementor-flip-box__layer__description\">\n\t\t\t\t\t\t\t\tAssembly and Disassembly of Exhibition Stands\t\t\t\t\t\t\t<\/div>\n\t\t\t\t\t\t\t\t\t\t\t<\/div>\n\t\t\t\t<\/div>\n\t\t\t<\/div>\n\t\t\t<div class=\"elementor-flip-box__layer elementor-flip-box__back\">\n\t\t\t<div class=\"elementor-flip-box__layer__overlay\">\n\t\t\t\t<div class=\"elementor-flip-box__layer__inner\">\n\t\t\t\t\t\n\t\t\t\t\t\n\t\t\t\t\t\t\t\t<\/div>\n\t\t<\/div>\n\t\t<\/div>\n\t\t<\/div>\n\t\t\t\t<\/div>\n\t\t\t\t<\/div>\n\t\t\t\t\t<\/div>\n\t\t<\/div>\n\t\t\t\t<div class=\"elementor-column elementor-col-33 elementor-top-column elementor-element elementor-element-c5780a8\" data-id=\"c5780a8\" data-element_type=\"column\">\n\t\t\t<div class=\"elementor-widget-wrap elementor-element-populated\">\n\t\t\t\t\t\t<div class=\"elementor-element elementor-element-76c9c6d elementor-flip-box--effect-flip elementor-flip-box--direction-up elementor-invisible elementor-widget elementor-widget-flip-box\" data-id=\"76c9c6d\" data-element_type=\"widget\" data-settings=\"{&quot;_animation&quot;:&quot;zoomIn&quot;}\" data-widget_type=\"flip-box.default\">\n\t\t\t\t\t\t<div class=\"elementor-widget-container\">\n\t\t\t\t\t<div class=\"elementor-flip-box\" tabindex=\"0\">\n\t\t\t<div class=\"elementor-flip-box__layer elementor-flip-box__front\">\n\t\t\t\t<div class=\"elementor-flip-box__layer__overlay\">\n\t\t\t\t\t<div class=\"elementor-flip-box__layer__inner\">\n\t\t\t\t\t\t\t\t\t\t\t\t\t<div class=\"elementor-icon-wrapper elementor-view-default\">\n\t\t\t\t\t\t\t\t<div class=\"elementor-icon\">\n\t\t\t\t\t\t\t\t\t<svg class=\"e-font-icon-svg e-fas-power-off\" viewbox=\"0 0 512 512\" xmlns=\"http:\/\/www.w3.org\/2000\/svg\"><path d=\"M400 54.1c63 45 104 118.6 104 201.9 0 136.8-110.8 247.7-247.5 248C120 504.3 8.2 393 8 256.4 7.9 173.1 48.9 99.3 111.8 54.2c11.7-8.3 28-4.8 35 7.7L162.6 90c5.9 10.5 3.1 23.8-6.6 31-41.5 30.8-68 79.6-68 134.9-.1 92.3 74.5 168.1 168 168.1 91.6 0 168.6-74.2 168-169.1-.3-51.8-24.7-101.8-68.1-134-9.7-7.2-12.4-20.5-6.5-30.9l15.8-28.1c7-12.4 23.2-16.1 34.8-7.8zM296 264V24c0-13.3-10.7-24-24-24h-32c-13.3 0-24 10.7-24 24v240c0 13.3 10.7 24 24 24h32c13.3 0 24-10.7 24-24z\"><\/path><\/svg>\t\t\t\t\t\t\t\t<\/div>\n\t\t\t\t\t\t\t<\/div>\n\t\t\t\t\t\t\n\t\t\t\t\t\t\n\t\t\t\t\t\t\t\t\t\t\t\t\t<div class=\"elementor-flip-box__layer__description\">\n\t\t\t\t\t\t\t\tElectrical, graphic, assembly, flooring, painting, and carpentry work. \n\t\t\t\t\t\t\t<\/div>\n\t\t\t\t\t\t\t\t\t\t\t<\/div>\n\t\t\t\t<\/div>\n\t\t\t<\/div>\n\t\t\t<div class=\"elementor-flip-box__layer elementor-flip-box__back\">\n\t\t\t<div class=\"elementor-flip-box__layer__overlay\">\n\t\t\t\t<div class=\"elementor-flip-box__layer__inner\">\n\t\t\t\t\t\n\t\t\t\t\t\n\t\t\t\t\t\t\t\t<\/div>\n\t\t<\/div>\n\t\t<\/div>\n\t\t<\/div>\n\t\t\t\t<\/div>\n\t\t\t\t<\/div>\n\t\t\t\t\t<\/div>\n\t\t<\/div>\n\t\t\t\t<div class=\"elementor-column elementor-col-33 elementor-top-column elementor-element elementor-element-2f50a73\" data-id=\"2f50a73\" data-element_type=\"column\">\n\t\t\t<div class=\"elementor-widget-wrap elementor-element-populated\">\n\t\t\t\t\t\t<div class=\"elementor-element elementor-element-f50e095 elementor-flip-box--direction-left elementor-flip-box--effect-flip elementor-invisible elementor-widget elementor-widget-flip-box\" data-id=\"f50e095\" data-element_type=\"widget\" data-settings=\"{&quot;_animation&quot;:&quot;zoomIn&quot;}\" data-widget_type=\"flip-box.default\">\n\t\t\t\t\t\t<div class=\"elementor-widget-container\">\n\t\t\t\t\t<div class=\"elementor-flip-box\" tabindex=\"0\">\n\t\t\t<div class=\"elementor-flip-box__layer elementor-flip-box__front\">\n\t\t\t\t<div class=\"elementor-flip-box__layer__overlay\">\n\t\t\t\t\t<div class=\"elementor-flip-box__layer__inner\">\n\t\t\t\t\t\t\t\t\t\t\t\t\t<div class=\"elementor-icon-wrapper elementor-view-default\">\n\t\t\t\t\t\t\t\t<div class=\"elementor-icon\">\n\t\t\t\t\t\t\t\t\t<svg class=\"e-font-icon-svg e-fas-home\" viewbox=\"0 0 576 512\" xmlns=\"http:\/\/www.w3.org\/2000\/svg\"><path d=\"M280.37 148.26L96 300.11V464a16 16 0 0 0 16 16l112.06-.29a16 16 0 0 0 15.92-16V368a16 16 0 0 1 16-16h64a16 16 0 0 1 16 16v95.64a16 16 0 0 0 16 16.05L464 480a16 16 0 0 0 16-16V300L295.67 148.26a12.19 12.19 0 0 0-15.3 0zM571.6 251.47L488 182.56V44.05a12 12 0 0 0-12-12h-56a12 12 0 0 0-12 12v72.61L318.47 43a48 48 0 0 0-61 0L4.34 251.47a12 12 0 0 0-1.6 16.9l25.5 31A12 12 0 0 0 45.15 301l235.22-193.74a12.19 12.19 0 0 1 15.3 0L530.9 301a12 12 0 0 0 16.9-1.6l25.5-31a12 12 0 0 0-1.7-16.93z\"><\/path><\/svg>\t\t\t\t\t\t\t\t<\/div>\n\t\t\t\t\t\t\t<\/div>\n\t\t\t\t\t\t\n\t\t\t\t\t\t\n\t\t\t\t\t\t\t\t\t\t\t\t\t<div class=\"elementor-flip-box__layer__description\">\n\t\t\t\t\t\t\t\tShop installation, object\/event assembly, installation of shop-in-shop systems. \n\t\t\t\t\t\t\t<\/div>\n\t\t\t\t\t\t\t\t\t\t\t<\/div>\n\t\t\t\t<\/div>\n\t\t\t<\/div>\n\t\t\t<div class=\"elementor-flip-box__layer elementor-flip-box__back\">\n\t\t\t<div class=\"elementor-flip-box__layer__overlay\">\n\t\t\t\t<div class=\"elementor-flip-box__layer__inner\">\n\t\t\t\t\t\n\t\t\t\t\t\n\t\t\t\t\t\t\t\t<\/div>\n\t\t<\/div>\n\t\t<\/div>\n\t\t<\/div>\n\t\t\t\t<\/div>\n\t\t\t\t<\/div>\n\t\t\t\t\t<\/div>\n\t\t<\/div>\n\t\t\t\t\t<\/div>\n\t\t<\/section>\n\t\t\t\t<section class=\"elementor-section elementor-top-section elementor-element elementor-element-7bfb0e5 elementor-section-boxed elementor-section-height-default elementor-section-height-default\" data-id=\"7bfb0e5\" data-element_type=\"section\">\n\t\t\t\t\t\t<div class=\"elementor-container elementor-column-gap-extended\">\n\t\t\t\t\t<div class=\"elementor-column elementor-col-33 elementor-top-column elementor-element elementor-element-c7231d6\" data-id=\"c7231d6\" data-element_type=\"column\">\n\t\t\t<div class=\"elementor-widget-wrap elementor-element-populated\">\n\t\t\t\t\t\t<div class=\"elementor-element elementor-element-2073d33 elementor-flip-box--effect-flip elementor-flip-box--direction-up elementor-invisible elementor-widget elementor-widget-flip-box\" data-id=\"2073d33\" data-element_type=\"widget\" data-settings=\"{&quot;_animation&quot;:&quot;zoomIn&quot;}\" data-widget_type=\"flip-box.default\">\n\t\t\t\t\t\t<div class=\"elementor-widget-container\">\n\t\t\t\t\t<div class=\"elementor-flip-box\" tabindex=\"0\">\n\t\t\t<div class=\"elementor-flip-box__layer elementor-flip-box__front\">\n\t\t\t\t<div class=\"elementor-flip-box__layer__overlay\">\n\t\t\t\t\t<div class=\"elementor-flip-box__layer__inner\">\n\t\t\t\t\t\t\t\t\t\t\t\t\t<div class=\"elementor-icon-wrapper elementor-view-default\">\n\t\t\t\t\t\t\t\t<div class=\"elementor-icon\">\n\t\t\t\t\t\t\t\t\t<svg class=\"e-font-icon-svg e-far-comments\" viewbox=\"0 0 576 512\" xmlns=\"http:\/\/www.w3.org\/2000\/svg\"><path d=\"M532 386.2c27.5-27.1 44-61.1 44-98.2 0-80-76.5-146.1-176.2-157.9C368.3 72.5 294.3 32 208 32 93.1 32 0 103.6 0 192c0 37 16.5 71 44 98.2-15.3 30.7-37.3 54.5-37.7 54.9-6.3 6.7-8.1 16.5-4.4 25 3.6 8.5 12 14 21.2 14 53.5 0 96.7-20.2 125.2-38.8 9.2 2.1 18.7 3.7 28.4 4.9C208.1 407.6 281.8 448 368 448c20.8 0 40.8-2.4 59.8-6.8C456.3 459.7 499.4 480 553 480c9.2 0 17.5-5.5 21.2-14 3.6-8.5 1.9-18.3-4.4-25-.4-.3-22.5-24.1-37.8-54.8zm-392.8-92.3L122.1 305c-14.1 9.1-28.5 16.3-43.1 21.4 2.7-4.7 5.4-9.7 8-14.8l15.5-31.1L77.7 256C64.2 242.6 48 220.7 48 192c0-60.7 73.3-112 160-112s160 51.3 160 112-73.3 112-160 112c-16.5 0-33-1.9-49-5.6l-19.8-4.5zM498.3 352l-24.7 24.4 15.5 31.1c2.6 5.1 5.3 10.1 8 14.8-14.6-5.1-29-12.3-43.1-21.4l-17.1-11.1-19.9 4.6c-16 3.7-32.5 5.6-49 5.6-54 0-102.2-20.1-131.3-49.7C338 339.5 416 272.9 416 192c0-3.4-.4-6.7-.7-10C479.7 196.5 528 238.8 528 288c0 28.7-16.2 50.6-29.7 64z\"><\/path><\/svg>\t\t\t\t\t\t\t\t<\/div>\n\t\t\t\t\t\t\t<\/div>\n\t\t\t\t\t\t\n\t\t\t\t\t\t\n\t\t\t\t\t\t\t\t\t\t\t\t\t<div class=\"elementor-flip-box__layer__description\">\n\t\t\t\t\t\t\t\tOrganization and technical implementation of exhibition stands.\t\t\t\t\t\t\t<\/div>\n\t\t\t\t\t\t\t\t\t\t\t<\/div>\n\t\t\t\t<\/div>\n\t\t\t<\/div>\n\t\t\t<div class=\"elementor-flip-box__layer elementor-flip-box__back\">\n\t\t\t<div class=\"elementor-flip-box__layer__overlay\">\n\t\t\t\t<div class=\"elementor-flip-box__layer__inner\">\n\t\t\t\t\t\n\t\t\t\t\t\n\t\t\t\t\t\t\t\t<\/div>\n\t\t<\/div>\n\t\t<\/div>\n\t\t<\/div>\n\t\t\t\t<\/div>\n\t\t\t\t<\/div>\n\t\t\t\t\t<\/div>\n\t\t<\/div>\n\t\t\t\t<div class=\"elementor-column elementor-col-33 elementor-top-column elementor-element elementor-element-7dfe6b3\" data-id=\"7dfe6b3\" data-element_type=\"column\">\n\t\t\t<div class=\"elementor-widget-wrap elementor-element-populated\">\n\t\t\t\t\t\t<div class=\"elementor-element elementor-element-7996e64 elementor-flip-box--direction-down elementor-flip-box--effect-flip elementor-invisible elementor-widget elementor-widget-flip-box\" data-id=\"7996e64\" data-element_type=\"widget\" data-settings=\"{&quot;_animation&quot;:&quot;zoomIn&quot;}\" data-widget_type=\"flip-box.default\">\n\t\t\t\t\t\t<div class=\"elementor-widget-container\">\n\t\t\t\t\t<div class=\"elementor-flip-box\" tabindex=\"0\">\n\t\t\t<div class=\"elementor-flip-box__layer elementor-flip-box__front\">\n\t\t\t\t<div class=\"elementor-flip-box__layer__overlay\">\n\t\t\t\t\t<div class=\"elementor-flip-box__layer__inner\">\n\t\t\t\t\t\t\t\t\t\t\t\t\t<div class=\"elementor-icon-wrapper elementor-view-default\">\n\t\t\t\t\t\t\t\t<div class=\"elementor-icon\">\n\t\t\t\t\t\t\t\t\t<svg class=\"e-font-icon-svg e-fas-dolly\" viewbox=\"0 0 576 512\" xmlns=\"http:\/\/www.w3.org\/2000\/svg\"><path d=\"M294.2 277.7c18 5 34.7 13.4 49.5 24.7l161.5-53.8c8.4-2.8 12.9-11.9 10.1-20.2L454.9 47.2c-2.8-8.4-11.9-12.9-20.2-10.1l-61.1 20.4 33.1 99.4L346 177l-33.1-99.4-61.6 20.5c-8.4 2.8-12.9 11.9-10.1 20.2l53 159.4zm281 48.7L565 296c-2.8-8.4-11.9-12.9-20.2-10.1l-213.5 71.2c-17.2-22-43.6-36.4-73.5-37L158.4 21.9C154 8.8 141.8 0 128 0H16C7.2 0 0 7.2 0 16v32c0 8.8 7.2 16 16 16h88.9l92.2 276.7c-26.1 20.4-41.7 53.6-36 90.5 6.1 39.4 37.9 72.3 77.3 79.2 60.2 10.7 112.3-34.8 113.4-92.6l213.3-71.2c8.3-2.8 12.9-11.8 10.1-20.2zM256 464c-26.5 0-48-21.5-48-48s21.5-48 48-48 48 21.5 48 48-21.5 48-48 48z\"><\/path><\/svg>\t\t\t\t\t\t\t\t<\/div>\n\t\t\t\t\t\t\t<\/div>\n\t\t\t\t\t\t\n\t\t\t\t\t\t\n\t\t\t\t\t\t\t\t\t\t\t\t\t<div class=\"elementor-flip-box__layer__description\">\n\t\t\t\t\t\t\t\tLogistical management of exhibition, shop, and object assembly projects.\t\t\t\t\t\t\t<\/div>\n\t\t\t\t\t\t\t\t\t\t\t<\/div>\n\t\t\t\t<\/div>\n\t\t\t<\/div>\n\t\t\t<div class=\"elementor-flip-box__layer elementor-flip-box__back\">\n\t\t\t<div class=\"elementor-flip-box__layer__overlay\">\n\t\t\t\t<div class=\"elementor-flip-box__layer__inner\">\n\t\t\t\t\t\n\t\t\t\t\t\n\t\t\t\t\t\t\t\t<\/div>\n\t\t<\/div>\n\t\t<\/div>\n\t\t<\/div>\n\t\t\t\t<\/div>\n\t\t\t\t<\/div>\n\t\t\t\t\t<\/div>\n\t\t<\/div>\n\t\t\t\t<div class=\"elementor-column elementor-col-33 elementor-top-column elementor-element elementor-element-0dd9201\" data-id=\"0dd9201\" data-element_type=\"column\">\n\t\t\t<div class=\"elementor-widget-wrap elementor-element-populated\">\n\t\t\t\t\t\t<div class=\"elementor-element elementor-element-5dff585 elementor-flip-box--direction-left elementor-flip-box--effect-flip elementor-invisible elementor-widget elementor-widget-flip-box\" data-id=\"5dff585\" data-element_type=\"widget\" data-settings=\"{&quot;_animation&quot;:&quot;zoomIn&quot;}\" data-widget_type=\"flip-box.default\">\n\t\t\t\t\t\t<div class=\"elementor-widget-container\">\n\t\t\t\t\t<div class=\"elementor-flip-box\" tabindex=\"0\">\n\t\t\t<div class=\"elementor-flip-box__layer elementor-flip-box__front\">\n\t\t\t\t<div class=\"elementor-flip-box__layer__overlay\">\n\t\t\t\t\t<div class=\"elementor-flip-box__layer__inner\">\n\t\t\t\t\t\t\t\t\t\t\t\t\t<div class=\"elementor-icon-wrapper elementor-view-default\">\n\t\t\t\t\t\t\t\t<div class=\"elementor-icon\">\n\t\t\t\t\t\t\t\t\t<svg class=\"e-font-icon-svg e-fas-user-check\" viewbox=\"0 0 640 512\" xmlns=\"http:\/\/www.w3.org\/2000\/svg\"><path d=\"M224 256c70.7 0 128-57.3 128-128S294.7 0 224 0 96 57.3 96 128s57.3 128 128 128zm89.6 32h-16.7c-22.2 10.2-46.9 16-72.9 16s-50.6-5.8-72.9-16h-16.7C60.2 288 0 348.2 0 422.4V464c0 26.5 21.5 48 48 48h352c26.5 0 48-21.5 48-48v-41.6c0-74.2-60.2-134.4-134.4-134.4zm323-128.4l-27.8-28.1c-4.6-4.7-12.1-4.7-16.8-.1l-104.8 104-45.5-45.8c-4.6-4.7-12.1-4.7-16.8-.1l-28.1 27.9c-4.7 4.6-4.7 12.1-.1 16.8l81.7 82.3c4.6 4.7 12.1 4.7 16.8.1l141.3-140.2c4.6-4.7 4.7-12.2.1-16.8z\"><\/path><\/svg>\t\t\t\t\t\t\t\t<\/div>\n\t\t\t\t\t\t\t<\/div>\n\t\t\t\t\t\t\n\t\t\t\t\t\t\n\t\t\t\t\t\t\t\t\t\t\t\t\t<div class=\"elementor-flip-box__layer__description\">\n\t\t\t\t\t\t\t\tConstruction quality control by our project manager.\t\t\t\t\t\t\t<\/div>\n\t\t\t\t\t\t\t\t\t\t\t<\/div>\n\t\t\t\t<\/div>\n\t\t\t<\/div>\n\t\t\t<div class=\"elementor-flip-box__layer elementor-flip-box__back\">\n\t\t\t<div class=\"elementor-flip-box__layer__overlay\">\n\t\t\t\t<div class=\"elementor-flip-box__layer__inner\">\n\t\t\t\t\t\n\t\t\t\t\t\n\t\t\t\t\t\t\t\t<\/div>\n\t\t<\/div>\n\t\t<\/div>\n\t\t<\/div>\n\t\t\t\t<\/div>\n\t\t\t\t<\/div>\n\t\t\t\t\t<\/div>\n\t\t<\/div>\n\t\t\t\t\t<\/div>\n\t\t<\/section>\n\t\t\t\t<section class=\"elementor-section elementor-top-section elementor-element elementor-element-5b585e4 elementor-section-boxed elementor-section-height-default elementor-section-height-default\" data-id=\"5b585e4\" data-element_type=\"section\">\n\t\t\t\t\t\t<div class=\"elementor-container elementor-column-gap-extended\">\n\t\t\t\t\t<div class=\"elementor-column elementor-col-33 elementor-top-column elementor-element elementor-element-8cc4362\" data-id=\"8cc4362\" data-element_type=\"column\">\n\t\t\t<div class=\"elementor-widget-wrap elementor-element-populated\">\n\t\t\t\t\t\t<div class=\"elementor-element elementor-element-b94c46d elementor-flip-box--direction-right elementor-flip-box--effect-flip elementor-invisible elementor-widget elementor-widget-flip-box\" data-id=\"b94c46d\" data-element_type=\"widget\" data-settings=\"{&quot;_animation&quot;:&quot;zoomIn&quot;}\" data-widget_type=\"flip-box.default\">\n\t\t\t\t\t\t<div class=\"elementor-widget-container\">\n\t\t\t\t\t<div class=\"elementor-flip-box\" tabindex=\"0\">\n\t\t\t<div class=\"elementor-flip-box__layer elementor-flip-box__front\">\n\t\t\t\t<div class=\"elementor-flip-box__layer__overlay\">\n\t\t\t\t\t<div class=\"elementor-flip-box__layer__inner\">\n\t\t\t\t\t\t\t\t\t\t\t\t\t<div class=\"elementor-icon-wrapper elementor-view-default\">\n\t\t\t\t\t\t\t\t<div class=\"elementor-icon\">\n\t\t\t\t\t\t\t\t\t<svg class=\"e-font-icon-svg e-fas-hands-helping\" viewbox=\"0 0 640 512\" xmlns=\"http:\/\/www.w3.org\/2000\/svg\"><path d=\"M488 192H336v56c0 39.7-32.3 72-72 72s-72-32.3-72-72V126.4l-64.9 39C107.8 176.9 96 197.8 96 220.2v47.3l-80 46.2C.7 322.5-4.6 342.1 4.3 357.4l80 138.6c8.8 15.3 28.4 20.5 43.7 11.7L231.4 448H368c35.3 0 64-28.7 64-64h16c17.7 0 32-14.3 32-32v-64h8c13.3 0 24-10.7 24-24v-48c0-13.3-10.7-24-24-24zm147.7-37.4L555.7 16C546.9.7 527.3-4.5 512 4.3L408.6 64H306.4c-12 0-23.7 3.4-33.9 9.7L239 94.6c-9.4 5.8-15 16.1-15 27.1V248c0 22.1 17.9 40 40 40s40-17.9 40-40v-88h184c30.9 0 56 25.1 56 56v28.5l80-46.2c15.3-8.9 20.5-28.4 11.7-43.7z\"><\/path><\/svg>\t\t\t\t\t\t\t\t<\/div>\n\t\t\t\t\t\t\t<\/div>\n\t\t\t\t\t\t\n\t\t\t\t\t\t\n\t\t\t\t\t\t\t\t\t\t\t\t\t<div class=\"elementor-flip-box__layer__description\">\n\t\t\t\t\t\t\t\tFor repeat orders, if desired: the same assembly team with the same construction manager.\t\t\t\t\t\t\t<\/div>\n\t\t\t\t\t\t\t\t\t\t\t<\/div>\n\t\t\t\t<\/div>\n\t\t\t<\/div>\n\t\t\t<div class=\"elementor-flip-box__layer elementor-flip-box__back\">\n\t\t\t<div class=\"elementor-flip-box__layer__overlay\">\n\t\t\t\t<div class=\"elementor-flip-box__layer__inner\">\n\t\t\t\t\t\n\t\t\t\t\t\n\t\t\t\t\t\t\t\t<\/div>\n\t\t<\/div>\n\t\t<\/div>\n\t\t<\/div>\n\t\t\t\t<\/div>\n\t\t\t\t<\/div>\n\t\t\t\t\t<\/div>\n\t\t<\/div>\n\t\t\t\t<div class=\"elementor-column elementor-col-33 elementor-top-column elementor-element elementor-element-8e67c57\" data-id=\"8e67c57\" data-element_type=\"column\">\n\t\t\t<div class=\"elementor-widget-wrap elementor-element-populated\">\n\t\t\t\t\t\t<div class=\"elementor-element elementor-element-f2eacd8 elementor-flip-box--direction-down elementor-flip-box--effect-flip elementor-invisible elementor-widget elementor-widget-flip-box\" data-id=\"f2eacd8\" data-element_type=\"widget\" data-settings=\"{&quot;_animation&quot;:&quot;zoomIn&quot;}\" data-widget_type=\"flip-box.default\">\n\t\t\t\t\t\t<div class=\"elementor-widget-container\">\n\t\t\t\t\t<div class=\"elementor-flip-box\" tabindex=\"0\">\n\t\t\t<div class=\"elementor-flip-box__layer elementor-flip-box__front\">\n\t\t\t\t<div class=\"elementor-flip-box__layer__overlay\">\n\t\t\t\t\t<div class=\"elementor-flip-box__layer__inner\">\n\t\t\t\t\t\t\t\t\t\t\t\t\t<div class=\"elementor-icon-wrapper elementor-view-default\">\n\t\t\t\t\t\t\t\t<div class=\"elementor-icon\">\n\t\t\t\t\t\t\t\t\t<svg class=\"e-font-icon-svg e-fas-level-up-alt\" viewbox=\"0 0 320 512\" xmlns=\"http:\/\/www.w3.org\/2000\/svg\"><path d=\"M313.553 119.669L209.587 7.666c-9.485-10.214-25.676-10.229-35.174 0L70.438 119.669C56.232 134.969 67.062 160 88.025 160H152v272H68.024a11.996 11.996 0 0 0-8.485 3.515l-56 56C-4.021 499.074 1.333 512 12.024 512H208c13.255 0 24-10.745 24-24V160h63.966c20.878 0 31.851-24.969 17.587-40.331z\"><\/path><\/svg>\t\t\t\t\t\t\t\t<\/div>\n\t\t\t\t\t\t\t<\/div>\n\t\t\t\t\t\t\n\t\t\t\t\t\t\n\t\t\t\t\t\t\t\t\t\t\t\t\t<div class=\"elementor-flip-box__layer__description\">\n\t\t\t\t\t\t\t\tUse of our in-house assembly and personnel basket lifts.\t\t\t\t\t\t\t<\/div>\n\t\t\t\t\t\t\t\t\t\t\t<\/div>\n\t\t\t\t<\/div>\n\t\t\t<\/div>\n\t\t\t<div class=\"elementor-flip-box__layer elementor-flip-box__back\">\n\t\t\t<div class=\"elementor-flip-box__layer__overlay\">\n\t\t\t\t<div class=\"elementor-flip-box__layer__inner\">\n\t\t\t\t\t\n\t\t\t\t\t\n\t\t\t\t\t\t\t\t<\/div>\n\t\t<\/div>\n\t\t<\/div>\n\t\t<\/div>\n\t\t\t\t<\/div>\n\t\t\t\t<\/div>\n\t\t\t\t\t<\/div>\n\t\t<\/div>\n\t\t\t\t<div class=\"elementor-column elementor-col-33 elementor-top-column elementor-element elementor-element-525b745\" data-id=\"525b745\" data-element_type=\"column\">\n\t\t\t<div class=\"elementor-widget-wrap elementor-element-populated\">\n\t\t\t\t\t\t<div class=\"elementor-element elementor-element-c7f6f6c elementor-flip-box--direction-left elementor-flip-box--effect-flip elementor-invisible elementor-widget elementor-widget-flip-box\" data-id=\"c7f6f6c\" data-element_type=\"widget\" data-settings=\"{&quot;_animation&quot;:&quot;zoomIn&quot;}\" data-widget_type=\"flip-box.default\">\n\t\t\t\t\t\t<div class=\"elementor-widget-container\">\n\t\t\t\t\t<div class=\"elementor-flip-box\" tabindex=\"0\">\n\t\t\t<div class=\"elementor-flip-box__layer elementor-flip-box__front\">\n\t\t\t\t<div class=\"elementor-flip-box__layer__overlay\">\n\t\t\t\t\t<div class=\"elementor-flip-box__layer__inner\">\n\t\t\t\t\t\t\t\t\t\t\t\t\t<div class=\"elementor-icon-wrapper elementor-view-default\">\n\t\t\t\t\t\t\t\t<div class=\"elementor-icon\">\n\t\t\t\t\t\t\t\t\t<svg class=\"e-font-icon-svg e-fas-euro-sign\" viewbox=\"0 0 320 512\" xmlns=\"http:\/\/www.w3.org\/2000\/svg\"><path d=\"M310.706 413.765c-1.314-6.63-7.835-10.872-14.424-9.369-10.692 2.439-27.422 5.413-45.426 5.413-56.763 0-101.929-34.79-121.461-85.449h113.689a12 12 0 0 0 11.708-9.369l6.373-28.36c1.686-7.502-4.019-14.631-11.708-14.631H115.22c-1.21-14.328-1.414-28.287.137-42.245H261.95a12 12 0 0 0 11.723-9.434l6.512-29.755c1.638-7.484-4.061-14.566-11.723-14.566H130.184c20.633-44.991 62.69-75.03 117.619-75.03 14.486 0 28.564 2.25 37.851 4.145 6.216 1.268 12.347-2.498 14.002-8.623l11.991-44.368c1.822-6.741-2.465-13.616-9.326-14.917C290.217 34.912 270.71 32 249.635 32 152.451 32 74.03 92.252 45.075 176H12c-6.627 0-12 5.373-12 12v29.755c0 6.627 5.373 12 12 12h21.569c-1.009 13.607-1.181 29.287-.181 42.245H12c-6.627 0-12 5.373-12 12v28.36c0 6.627 5.373 12 12 12h30.114C67.139 414.692 145.264 480 249.635 480c26.301 0 48.562-4.544 61.101-7.788 6.167-1.595 10.027-7.708 8.788-13.957l-8.818-44.49z\"><\/path><\/svg>\t\t\t\t\t\t\t\t<\/div>\n\t\t\t\t\t\t\t<\/div>\n\t\t\t\t\t\t\n\t\t\t\t\t\t\n\t\t\t\t\t\t\t\t\t\t\t\t\t<div class=\"elementor-flip-box__layer__description\">\n\t\t\t\t\t\t\t\tUpon request: Full-service at a fixed cost price.\t\t\t\t\t\t\t<\/div>\n\t\t\t\t\t\t\t\t\t\t\t<\/div>\n\t\t\t\t<\/div>\n\t\t\t<\/div>\n\t\t\t<div class=\"elementor-flip-box__layer elementor-flip-box__back\">\n\t\t\t<div class=\"elementor-flip-box__layer__overlay\">\n\t\t\t\t<div class=\"elementor-flip-box__layer__inner\">\n\t\t\t\t\t\n\t\t\t\t\t\n\t\t\t\t\t\t\t\t<\/div>\n\t\t<\/div>\n\t\t<\/div>\n\t\t<\/div>\n\t\t\t\t<\/div>\n\t\t\t\t<\/div>\n\t\t\t\t\t<\/div>\n\t\t<\/div>\n\t\t\t\t\t<\/div>\n\t\t<\/section>\n\t\t\t\t<section class=\"elementor-section elementor-top-section elementor-element elementor-element-786ef52 elementor-section-height-min-height elementor-section-items-stretch elementor-reverse-mobile elementor-section-boxed elementor-section-height-default\" data-id=\"786ef52\" data-element_type=\"section\">\n\t\t\t\t\t\t<div class=\"elementor-container elementor-column-gap-extended\">\n\t\t\t\t\t<div class=\"elementor-column elementor-col-50 elementor-top-column elementor-element elementor-element-1824143 elementor-invisible\" data-id=\"1824143\" data-element_type=\"column\" data-settings=\"{&quot;background_background&quot;:&quot;classic&quot;,&quot;animation&quot;:&quot;fadeInUp&quot;}\">\n\t\t\t<div class=\"elementor-widget-wrap elementor-element-populated\">\n\t\t\t\t\t\t<div class=\"elementor-element elementor-element-2bc0609 elementor-hidden-tablet elementor-hidden-mobile elementor-widget elementor-widget-heading\" data-id=\"2bc0609\" data-element_type=\"widget\" data-widget_type=\"heading.default\">\n\t\t\t\t\t\t<div class=\"elementor-widget-container\">\n\t\t\t<h2 class=\"elementor-heading-title elementor-size-default\">Fixed contact partner<\/h2>\t\t<\/div>\n\t\t\t\t<\/div>\n\t\t\t\t<div class=\"elementor-element elementor-element-9be9975 elementor-hidden-desktop elementor-widget elementor-widget-heading\" data-id=\"9be9975\" data-element_type=\"widget\" data-widget_type=\"heading.default\">\n\t\t\t\t\t\t<div class=\"elementor-widget-container\">\n\t\t\t<h2 class=\"elementor-heading-title elementor-size-default\">Fixed contact<\/h2>\t\t<\/div>\n\t\t\t\t<\/div>\n\t\t\t\t<div class=\"elementor-element elementor-element-4cf62bf elementor-widget elementor-widget-text-editor\" data-id=\"4cf62bf\" data-element_type=\"widget\" data-widget_type=\"text-editor.default\">\n\t\t\t\t\t\t<div class=\"elementor-widget-container\">\n\t\t\t\t\t\t\t<p>Our project management team and on-site managers will accompany you from the planning phase through construction to the disassembly of your exhibition stand.<\/p><p>Upon request, a dedicated permanent team will assist you through all installations.<\/p>\t\t\t\t\t\t<\/div>\n\t\t\t\t<\/div>\n\t\t\t\t<div class=\"elementor-element elementor-element-5dbce11 elementor-widget__width-auto elementor-widget elementor-widget-button\" data-id=\"5dbce11\" data-element_type=\"widget\" data-widget_type=\"button.default\">\n\t\t\t\t\t\t<div class=\"elementor-widget-container\">\n\t\t\t\t\t\t\t<div class=\"elementor-button-wrapper\">\n\t\t\t\t\t<a class=\"elementor-button elementor-button-link elementor-size-sm\" href=\"https:\/\/messe-montage.de\/en\/kontakt\/ansprechpartner\/\">\n\t\t\t\t\t\t<span class=\"elementor-button-content-wrapper\">\n\t\t\t\t\t\t\t\t\t<span class=\"elementor-button-text\">Contact<\/span>\n\t\t\t\t\t<\/span>\n\t\t\t\t\t<\/a>\n\t\t\t\t<\/div>\n\t\t\t\t\t\t<\/div>\n\t\t\t\t<\/div>\n\t\t\t\t\t<\/div>\n\t\t<\/div>\n\t\t\t\t<div data-dce-background-image-url=\"https:\/\/messe-montage.de\/wp-content\/uploads\/2024\/01\/Ueberbach_250111_DSC00652-Bearbeitet_WEB2520_35.jpg\" class=\"elementor-column elementor-col-50 elementor-top-column elementor-element elementor-element-e7df3be animated-slow elementor-invisible\" data-id=\"e7df3be\" data-element_type=\"column\" data-settings=\"{&quot;background_background&quot;:&quot;classic&quot;,&quot;animation&quot;:&quot;fadeIn&quot;}\">\n\t\t\t<div class=\"elementor-widget-wrap elementor-element-populated\">\n\t\t\t\t\t\t<div class=\"elementor-element elementor-element-3e5cd30 elementor-widget elementor-widget-text-editor\" data-id=\"3e5cd30\" data-element_type=\"widget\" data-widget_type=\"text-editor.default\">\n\t\t\t\t\t\t<\/div>\n\t\t\t\t\t<\/div>\n\t\t<\/div>\n\t\t\t\t\t<\/div>\n\t\t<\/section>\n\t\t\t\t<section class=\"elementor-section elementor-top-section elementor-element elementor-element-3ddac49 elementor-section-boxed elementor-section-height-default elementor-section-height-default\" data-id=\"3ddac49\" data-element_type=\"section\">\n\t\t\t\t\t\t<div class=\"elementor-container elementor-column-gap-extended\">\n\t\t\t\t\t<div class=\"elementor-column elementor-col-100 elementor-top-column elementor-element elementor-element-6893049\" data-id=\"6893049\" data-element_type=\"column\">\n\t\t\t<div class=\"elementor-widget-wrap elementor-element-populated\">\n\t\t\t\t\t\t<div class=\"elementor-element elementor-element-c24eaac elementor-widget elementor-widget-shortcode\" data-id=\"c24eaac\" data-element_type=\"widget\" data-widget_type=\"shortcode.default\">\n\t\t\t\t\t\t<div class=\"elementor-widget-container\">\n\t\t\t\t\t<div class=\"elementor-shortcode\"><!-- Gridbuilder \u1d42\u1d3e Plugin (https:\/\/wpgridbuilder.com) -->\n<div class=\"wp-grid-builder wpgb-grid-3\" data-options=\"{&quot;id&quot;:3,&quot;type&quot;:&quot;masonry&quot;,&quot;source&quot;:&quot;post_type&quot;,&quot;loader&quot;:0,&quot;layout&quot;:&quot;horizontal&quot;,&quot;reveal&quot;:0,&quot;isMainQuery&quot;:0,&quot;lazyLoad&quot;:1,&quot;cardSizes&quot;:{&quot;9999&quot;:{&quot;columns&quot;:3,&quot;height&quot;:240,&quot;gutter&quot;:30,&quot;ratio&quot;:&quot;1.33333&quot;},&quot;1200&quot;:{&quot;columns&quot;:3,&quot;height&quot;:240,&quot;gutter&quot;:30,&quot;ratio&quot;:&quot;1.33333&quot;},&quot;1024&quot;:{&quot;columns&quot;:2,&quot;height&quot;:220,&quot;gutter&quot;:30,&quot;ratio&quot;:&quot;1.33333&quot;},&quot;768&quot;:{&quot;columns&quot;:2,&quot;height&quot;:220,&quot;gutter&quot;:30,&quot;ratio&quot;:&quot;1.33333&quot;},&quot;576&quot;:{&quot;columns&quot;:1,&quot;height&quot;:200,&quot;gutter&quot;:30,&quot;ratio&quot;:&quot;1.33333&quot;},&quot;320&quot;:{&quot;columns&quot;:1,&quot;height&quot;:200,&quot;gutter&quot;:30,&quot;ratio&quot;:&quot;1.33333&quot;}},&quot;fitRows&quot;:0,&quot;equalRows&quot;:0,&quot;equalColumns&quot;:0,&quot;fillLastRow&quot;:0,&quot;centerLastRow&quot;:0,&quot;horizontalOrder&quot;:0,&quot;fullWidth&quot;:0,&quot;transitionDelay&quot;:100,&quot;gallerySlideshow&quot;:0,&quot;rowsNumber&quot;:1,&quot;slideAlign&quot;:&quot;left&quot;,&quot;groupCells&quot;:1,&quot;draggable&quot;:1,&quot;initialIndex&quot;:0,&quot;contain&quot;:0,&quot;freeScroll&quot;:0,&quot;freeFriction&quot;:&quot;0.075&quot;,&quot;friction&quot;:&quot;0.285&quot;,&quot;attraction&quot;:&quot;0.025&quot;,&quot;autoPlay&quot;:5500,&quot;pageDotAriaLabel&quot;:&quot;Page dot %d&quot;,&quot;isPreview&quot;:false,&quot;isGutenberg&quot;:false,&quot;rightToLeft&quot;:false}\"><div class=\"wpgb-svg-icons\" hidden>\n\t<svg viewbox=\"0 0 120 24\" width=\"0\" height=\"0\">\n\t<defs>\n        <polygon id=\"wpgb-star-svg\" points=\"12 2.5 15.1 8.8 22 9.8 17 14.6 18.2 21.5 12 18.3 5.8 21.5 7 14.6 2 9.8 8.9 8.8\"><\/polygon>\n    <\/defs>\n    <symbol id=\"wpgb-rating-stars-svg\">\n        <use xlink:href=\"#wpgb-star-svg\"><\/use>\n        <use xlink:href=\"#wpgb-star-svg\" x=\"24\"><\/use>\n        <use xlink:href=\"#wpgb-star-svg\" x=\"48\"><\/use>\n        <use xlink:href=\"#wpgb-star-svg\" x=\"72\"><\/use>\n        <use xlink:href=\"#wpgb-star-svg\" x=\"96\"><\/use>\n    <\/symbol>\n<\/svg>\n<\/div>\n<div class=\"wpgb-wrapper\">\n\t<div class=\"wpgb-main\">\n\t<div class=\"wpgb-layout\">\n\t<div class=\"wpgb-viewport\">\n\t\t<div class=\"wpgb-masonry\">\n\t\t\t<article class=\"wpgb-card wpgb-card-22 wpgb-post-2035\" data-col=\"1\" data-row=\"1\" data-format=\"standard\" data-fluid><div class=\"wpgb-card-wrapper\"><div class=\"wpgb-card-inner\" data-action><div class=\"wpgb-card-media wpgb-scheme-light\"><svg data-ratio style=\"padding-top:66.67%\" viewbox=\"0 0 3 2\"><\/svg><div class=\"wpgb-card-media-thumbnail\"><a href=\"https:\/\/messe-montage.de\/wp-content\/uploads\/2025\/02\/IMG_4044.jpg\" tabindex=\"-1\" class=\"wpgb-handle-lb wpgb-lightbox\" data-type=\"image\" data-rel=\"3\" data-title=\"IMG_4044\" title=\"Enlarge photo\"><div class=\"wpgb-lazy-load\" data-wpgb-thumb=\"\" data-wpgb-src=\"https:\/\/messe-montage.de\/wp-content\/uploads\/2025\/02\/IMG_4044-768x558.jpg\"><\/div><noscript><img decoding=\"async\" class=\"wpgb-noscript-img\" src=\"https:\/\/messe-montage.de\/wp-content\/uploads\/2025\/02\/IMG_4044-768x558.jpg\" alt=\"\" height=\"558\" width=\"768\"><\/noscript><\/a><\/div><div class=\"wpgb-card-media-overlay\"><\/div><div class=\"wpgb-card-media-content\"><div class=\"wpgb-card-media-content-top\"><a class=\"wpgb-block-1\" href=\"https:\/\/messe-montage.de\/en\/referenzen\/c-kreul-gmbh-co-kg\/\">Kreul<\/a><a class=\"wpgb-block-4\" href=\"https:\/\/messe-montage.de\/en\/referenzen\/c-kreul-gmbh-co-kg\/\">Client: C. Kreul GmbH &amp; co. KG<\/a><a class=\"wpgb-block-3\" href=\"https:\/\/messe-montage.de\/en\/referenzen\/c-kreul-gmbh-co-kg\/\">Messe: Ambiente 2025<\/a><a class=\"wpgb-block-5\" href=\"https:\/\/messe-montage.de\/en\/referenzen\/c-kreul-gmbh-co-kg\/\">96 qm<\/a><\/div><div class=\"wpgb-card-media-content-bottom\"><a class=\"wpgb-block-2\" href=\"https:\/\/messe-montage.de\/en\/referenzen\/c-kreul-gmbh-co-kg\/\">&gt;&gt;&gt;<\/a><\/div><\/div><\/div><a class=\"wpgb-card-layer-link\" href=\"https:\/\/messe-montage.de\/en\/referenzen\/c-kreul-gmbh-co-kg\/\"><\/a><\/div><\/div><\/article><article class=\"wpgb-card wpgb-card-22 wpgb-post-1879\" data-col=\"1\" data-row=\"1\" data-format=\"standard\" data-fluid><div class=\"wpgb-card-wrapper\"><div class=\"wpgb-card-inner\" data-action><div class=\"wpgb-card-media wpgb-scheme-light\"><svg data-ratio style=\"padding-top:66.67%\" viewbox=\"0 0 3 2\"><\/svg><div class=\"wpgb-card-media-thumbnail\"><a href=\"https:\/\/messe-montage.de\/wp-content\/uploads\/2024\/02\/kreul-titel.jpg\" tabindex=\"-1\" class=\"wpgb-handle-lb wpgb-lightbox\" data-type=\"image\" data-rel=\"3\" data-title=\"kreul-titel\" title=\"Enlarge photo\"><div class=\"wpgb-lazy-load\" data-wpgb-thumb=\"\" data-wpgb-src=\"https:\/\/messe-montage.de\/wp-content\/uploads\/2024\/02\/kreul-titel-768x441.jpg\"><\/div><noscript><img decoding=\"async\" class=\"wpgb-noscript-img\" src=\"https:\/\/messe-montage.de\/wp-content\/uploads\/2024\/02\/kreul-titel-768x441.jpg\" alt=\"\" height=\"441\" width=\"768\"><\/noscript><\/a><\/div><div class=\"wpgb-card-media-overlay\"><\/div><div class=\"wpgb-card-media-content\"><div class=\"wpgb-card-media-content-top\"><a class=\"wpgb-block-1\" href=\"https:\/\/messe-montage.de\/en\/referenzen\/kreul\/\">Kreul <\/a><a class=\"wpgb-block-4\" href=\"https:\/\/messe-montage.de\/en\/referenzen\/kreul\/\">Client: C. Kreul GmbH &amp; co. KG<\/a><a class=\"wpgb-block-3\" href=\"https:\/\/messe-montage.de\/en\/referenzen\/kreul\/\">Fair: The Creative World 2023<\/a><\/div><div class=\"wpgb-card-media-content-bottom\"><a class=\"wpgb-block-2\" href=\"https:\/\/messe-montage.de\/en\/referenzen\/kreul\/\">&gt;&gt;&gt;<\/a><\/div><\/div><\/div><a class=\"wpgb-card-layer-link\" href=\"https:\/\/messe-montage.de\/en\/referenzen\/kreul\/\"><\/a><\/div><\/div><\/article><article class=\"wpgb-card wpgb-card-22 wpgb-post-1421\" data-col=\"1\" data-row=\"1\" data-format=\"standard\" data-fluid><div class=\"wpgb-card-wrapper\"><div class=\"wpgb-card-inner\" data-action><div class=\"wpgb-card-media wpgb-scheme-light\"><svg data-ratio style=\"padding-top:66.67%\" viewbox=\"0 0 3 2\"><\/svg><div class=\"wpgb-card-media-thumbnail\"><a href=\"https:\/\/messe-montage.de\/wp-content\/uploads\/2023\/09\/IMG_8526_WEB2520_35.jpg\" tabindex=\"-1\" class=\"wpgb-handle-lb wpgb-lightbox\" data-type=\"image\" data-rel=\"3\" data-title=\"IMG_8526_WEB2520_35\" title=\"Enlarge photo\"><div class=\"wpgb-lazy-load\" data-wpgb-thumb=\"\" data-wpgb-src=\"https:\/\/messe-montage.de\/wp-content\/uploads\/2023\/09\/IMG_8526_WEB2520_35-768x576.jpg\"><\/div><noscript><img loading=\"lazy\" decoding=\"async\" class=\"wpgb-noscript-img\" src=\"https:\/\/messe-montage.de\/wp-content\/uploads\/2023\/09\/IMG_8526_WEB2520_35-768x576.jpg\" alt=\"\" height=\"576\" width=\"768\"><\/noscript><\/a><\/div><div class=\"wpgb-card-media-overlay\"><\/div><div class=\"wpgb-card-media-content\"><div class=\"wpgb-card-media-content-top\"><a class=\"wpgb-block-1\" href=\"https:\/\/messe-montage.de\/en\/referenzen\/deutsche-zentrum-fuer-luft-und-raumfahrt-dlr-7\/\">GERMAN CENTER FOR AIR AND SPACE TRAVEL (DLR)<\/a><a class=\"wpgb-block-4\" href=\"https:\/\/messe-montage.de\/en\/referenzen\/deutsche-zentrum-fuer-luft-und-raumfahrt-dlr-7\/\">Client: CD Werbeagentur<\/a><a class=\"wpgb-block-3\" href=\"https:\/\/messe-montage.de\/en\/referenzen\/deutsche-zentrum-fuer-luft-und-raumfahrt-dlr-7\/\">Exhibition: Automatica &amp; Word of Quantum 2023<\/a><\/div><div class=\"wpgb-card-media-content-bottom\"><a class=\"wpgb-block-2\" href=\"https:\/\/messe-montage.de\/en\/referenzen\/deutsche-zentrum-fuer-luft-und-raumfahrt-dlr-7\/\">&gt;&gt;&gt;<\/a><\/div><\/div><\/div><a class=\"wpgb-card-layer-link\" href=\"https:\/\/messe-montage.de\/en\/referenzen\/deutsche-zentrum-fuer-luft-und-raumfahrt-dlr-7\/\"><\/a><\/div><\/div><\/article><article class=\"wpgb-card wpgb-card-22 wpgb-post-1444\" data-col=\"1\" data-row=\"1\" data-format=\"standard\" data-fluid><div class=\"wpgb-card-wrapper\"><div class=\"wpgb-card-inner\" data-action><div class=\"wpgb-card-media wpgb-scheme-light\"><svg data-ratio style=\"padding-top:66.67%\" viewbox=\"0 0 3 2\"><\/svg><div class=\"wpgb-card-media-thumbnail\"><a href=\"https:\/\/messe-montage.de\/wp-content\/uploads\/2023\/09\/WhatsApp-Image-2023-04-19-at-11.55.11_WEB2520_35.jpg\" tabindex=\"-1\" class=\"wpgb-handle-lb wpgb-lightbox\" data-type=\"image\" data-rel=\"3\" data-title=\"WhatsApp Image 2023-04-19 at 11.55.11_WEB2520_35\" title=\"Enlarge photo\"><div class=\"wpgb-lazy-load\" data-wpgb-thumb=\"\" data-wpgb-src=\"https:\/\/messe-montage.de\/wp-content\/uploads\/2023\/09\/WhatsApp-Image-2023-04-19-at-11.55.11_WEB2520_35-768x576.jpg\"><\/div><noscript><img loading=\"lazy\" decoding=\"async\" class=\"wpgb-noscript-img\" src=\"https:\/\/messe-montage.de\/wp-content\/uploads\/2023\/09\/WhatsApp-Image-2023-04-19-at-11.55.11_WEB2520_35-768x576.jpg\" alt=\"\" height=\"576\" width=\"768\"><\/noscript><\/a><\/div><div class=\"wpgb-card-media-overlay\"><\/div><div class=\"wpgb-card-media-content\"><div class=\"wpgb-card-media-content-top\"><a class=\"wpgb-block-1\" href=\"https:\/\/messe-montage.de\/en\/referenzen\/vaillant-deutschland\/\">Vaillant Germany<\/a><a class=\"wpgb-block-4\" href=\"https:\/\/messe-montage.de\/en\/referenzen\/vaillant-deutschland\/\">Client: Steadfast Messebau<\/a><a class=\"wpgb-block-3\" href=\"https:\/\/messe-montage.de\/en\/referenzen\/vaillant-deutschland\/\">Fair: The Construction Of 2023 Munich<\/a><\/div><div class=\"wpgb-card-media-content-bottom\"><a class=\"wpgb-block-2\" href=\"https:\/\/messe-montage.de\/en\/referenzen\/vaillant-deutschland\/\">&gt;&gt;&gt;<\/a><\/div><\/div><\/div><a class=\"wpgb-card-layer-link\" href=\"https:\/\/messe-montage.de\/en\/referenzen\/vaillant-deutschland\/\"><\/a><\/div><\/div><\/article><article class=\"wpgb-card wpgb-card-22 wpgb-post-1434\" data-col=\"1\" data-row=\"1\" data-format=\"standard\" data-fluid><div class=\"wpgb-card-wrapper\"><div class=\"wpgb-card-inner\" data-action><div class=\"wpgb-card-media wpgb-scheme-light\"><svg data-ratio style=\"padding-top:66.67%\" viewbox=\"0 0 3 2\"><\/svg><div class=\"wpgb-card-media-thumbnail\"><a href=\"https:\/\/messe-montage.de\/wp-content\/uploads\/2023\/09\/PHOTO-2023-03-26-13-05-23-2_WEB2520_35.jpg\" tabindex=\"-1\" class=\"wpgb-handle-lb wpgb-lightbox\" data-type=\"image\" data-rel=\"3\" data-title=\"PHOTO-2023-03-26-13-05-23 (2)_WEB2520_35\" title=\"Enlarge photo\"><div class=\"wpgb-lazy-load\" data-wpgb-thumb=\"\" data-wpgb-src=\"https:\/\/messe-montage.de\/wp-content\/uploads\/2023\/09\/PHOTO-2023-03-26-13-05-23-2_WEB2520_35-768x346.jpg\"><\/div><noscript><img loading=\"lazy\" decoding=\"async\" class=\"wpgb-noscript-img\" src=\"https:\/\/messe-montage.de\/wp-content\/uploads\/2023\/09\/PHOTO-2023-03-26-13-05-23-2_WEB2520_35-768x346.jpg\" alt=\"\" height=\"346\" width=\"768\"><\/noscript><\/a><\/div><div class=\"wpgb-card-media-overlay\"><\/div><div class=\"wpgb-card-media-content\"><div class=\"wpgb-card-media-content-top\"><a class=\"wpgb-block-1\" href=\"https:\/\/messe-montage.de\/en\/referenzen\/schlenk-service-gmbh-co-kg\/\">Schlenk Service GmbH &amp; co. KG<\/a><a class=\"wpgb-block-4\" href=\"https:\/\/messe-montage.de\/en\/referenzen\/schlenk-service-gmbh-co-kg\/\">Client: Beetle Stone GmbH<\/a><a class=\"wpgb-block-3\" href=\"https:\/\/messe-montage.de\/en\/referenzen\/schlenk-service-gmbh-co-kg\/\">Exhibition: ECM Nuremberg 2023<\/a><\/div><div class=\"wpgb-card-media-content-bottom\"><a class=\"wpgb-block-2\" href=\"https:\/\/messe-montage.de\/en\/referenzen\/schlenk-service-gmbh-co-kg\/\">&gt;&gt;&gt;<\/a><\/div><\/div><\/div><a class=\"wpgb-card-layer-link\" href=\"https:\/\/messe-montage.de\/en\/referenzen\/schlenk-service-gmbh-co-kg\/\"><\/a><\/div><\/div><\/article><article class=\"wpgb-card wpgb-card-22 wpgb-post-1410\" data-col=\"1\" data-row=\"1\" data-format=\"standard\" data-fluid><div class=\"wpgb-card-wrapper\"><div class=\"wpgb-card-inner\" data-action><div class=\"wpgb-card-media wpgb-scheme-light\"><svg data-ratio style=\"padding-top:66.67%\" viewbox=\"0 0 3 2\"><\/svg><div class=\"wpgb-card-media-thumbnail\"><a href=\"https:\/\/messe-montage.de\/wp-content\/uploads\/2023\/09\/IMG_7585_WEB2520_35.jpg\" tabindex=\"-1\" class=\"wpgb-handle-lb wpgb-lightbox\" data-type=\"image\" data-rel=\"3\" data-title=\"IMG_7585_WEB2520_35\" title=\"Enlarge photo\"><div class=\"wpgb-lazy-load\" data-wpgb-thumb=\"\" data-wpgb-src=\"https:\/\/messe-montage.de\/wp-content\/uploads\/2023\/09\/IMG_7585_WEB2520_35-768x576.jpg\"><\/div><noscript><img loading=\"lazy\" decoding=\"async\" class=\"wpgb-noscript-img\" src=\"https:\/\/messe-montage.de\/wp-content\/uploads\/2023\/09\/IMG_7585_WEB2520_35-768x576.jpg\" alt=\"\" height=\"576\" width=\"768\"><\/noscript><\/a><\/div><div class=\"wpgb-card-media-overlay\"><\/div><div class=\"wpgb-card-media-content\"><div class=\"wpgb-card-media-content-top\"><a class=\"wpgb-block-1\" href=\"https:\/\/messe-montage.de\/en\/referenzen\/elumatec\/\">Elumatec<\/a><a class=\"wpgb-block-4\" href=\"https:\/\/messe-montage.de\/en\/referenzen\/elumatec\/\">Client: Elumatec<\/a><a class=\"wpgb-block-3\" href=\"https:\/\/messe-montage.de\/en\/referenzen\/elumatec\/\">Fair: The Construction Of Munich 2023<\/a><\/div><div class=\"wpgb-card-media-content-bottom\"><a class=\"wpgb-block-2\" href=\"https:\/\/messe-montage.de\/en\/referenzen\/elumatec\/\">&gt;&gt;&gt;<\/a><\/div><\/div><\/div><a class=\"wpgb-card-layer-link\" href=\"https:\/\/messe-montage.de\/en\/referenzen\/elumatec\/\"><\/a><\/div><\/div><\/article><article class=\"wpgb-card wpgb-card-22 wpgb-post-1388\" data-col=\"1\" data-row=\"1\" data-format=\"standard\" data-fluid><div class=\"wpgb-card-wrapper\"><div class=\"wpgb-card-inner\" data-action><div class=\"wpgb-card-media wpgb-scheme-light\"><svg data-ratio style=\"padding-top:66.67%\" viewbox=\"0 0 3 2\"><\/svg><div class=\"wpgb-card-media-thumbnail\"><a href=\"https:\/\/messe-montage.de\/wp-content\/uploads\/2023\/09\/IMG_5108_WEB2048.jpg\" tabindex=\"-1\" class=\"wpgb-handle-lb wpgb-lightbox\" data-type=\"image\" data-rel=\"3\" data-title=\"IMG_5108_WEB2048\" title=\"Enlarge photo\"><div class=\"wpgb-lazy-load\" data-wpgb-thumb=\"\" data-wpgb-src=\"https:\/\/messe-montage.de\/wp-content\/uploads\/2023\/09\/IMG_5108_WEB2048-768x576.jpg\"><\/div><noscript><img loading=\"lazy\" decoding=\"async\" class=\"wpgb-noscript-img\" src=\"https:\/\/messe-montage.de\/wp-content\/uploads\/2023\/09\/IMG_5108_WEB2048-768x576.jpg\" alt=\"\" height=\"576\" width=\"768\"><\/noscript><\/a><\/div><div class=\"wpgb-card-media-overlay\"><\/div><div class=\"wpgb-card-media-content\"><div class=\"wpgb-card-media-content-top\"><a class=\"wpgb-block-1\" href=\"https:\/\/messe-montage.de\/en\/referenzen\/deutsche-zentrum-fuer-luft-und-raumfahrt-dlr-6\/\">GERMAN CENTER FOR AIR AND SPACE TRAVEL (DLR)<\/a><a class=\"wpgb-block-4\" href=\"https:\/\/messe-montage.de\/en\/referenzen\/deutsche-zentrum-fuer-luft-und-raumfahrt-dlr-6\/\">Client: CD Werbeagentur<\/a><a class=\"wpgb-block-3\" href=\"https:\/\/messe-montage.de\/en\/referenzen\/deutsche-zentrum-fuer-luft-und-raumfahrt-dlr-6\/\">Fair: The Spacetec Bremen 2022<\/a><\/div><div class=\"wpgb-card-media-content-bottom\"><a class=\"wpgb-block-2\" href=\"https:\/\/messe-montage.de\/en\/referenzen\/deutsche-zentrum-fuer-luft-und-raumfahrt-dlr-6\/\">&gt;&gt;&gt;<\/a><\/div><\/div><\/div><a class=\"wpgb-card-layer-link\" href=\"https:\/\/messe-montage.de\/en\/referenzen\/deutsche-zentrum-fuer-luft-und-raumfahrt-dlr-6\/\"><\/a><\/div><\/div><\/article><article class=\"wpgb-card wpgb-card-22 wpgb-post-1376\" data-col=\"1\" data-row=\"1\" data-format=\"standard\" data-fluid><div class=\"wpgb-card-wrapper\"><div class=\"wpgb-card-inner\" data-action><div class=\"wpgb-card-media wpgb-scheme-light\"><svg data-ratio style=\"padding-top:66.67%\" viewbox=\"0 0 3 2\"><\/svg><div class=\"wpgb-card-media-thumbnail\"><a href=\"https:\/\/messe-montage.de\/wp-content\/uploads\/2023\/09\/IMG_2899_WEB2520_35.jpg\" tabindex=\"-1\" class=\"wpgb-handle-lb wpgb-lightbox\" data-type=\"image\" data-rel=\"3\" data-title=\"IMG_2899_WEB2520_35\" title=\"Enlarge photo\"><div class=\"wpgb-lazy-load\" data-wpgb-thumb=\"\" data-wpgb-src=\"https:\/\/messe-montage.de\/wp-content\/uploads\/2023\/09\/IMG_2899_WEB2520_35-768x576.jpg\"><\/div><noscript><img loading=\"lazy\" decoding=\"async\" class=\"wpgb-noscript-img\" src=\"https:\/\/messe-montage.de\/wp-content\/uploads\/2023\/09\/IMG_2899_WEB2520_35-768x576.jpg\" alt=\"\" height=\"576\" width=\"768\"><\/noscript><\/a><\/div><div class=\"wpgb-card-media-overlay\"><\/div><div class=\"wpgb-card-media-content\"><div class=\"wpgb-card-media-content-top\"><a class=\"wpgb-block-1\" href=\"https:\/\/messe-montage.de\/en\/referenzen\/deutsche-zentrum-fuer-luft-und-raumfahrt-dlr-5\/\">GERMAN CENTER FOR AIR AND SPACE TRAVEL (DLR)<\/a><a class=\"wpgb-block-4\" href=\"https:\/\/messe-montage.de\/en\/referenzen\/deutsche-zentrum-fuer-luft-und-raumfahrt-dlr-5\/\">Client: CD Werbeagentur<\/a><a class=\"wpgb-block-3\" href=\"https:\/\/messe-montage.de\/en\/referenzen\/deutsche-zentrum-fuer-luft-und-raumfahrt-dlr-5\/\">Exhibition: HMI Hannover 2022<\/a><\/div><div class=\"wpgb-card-media-content-bottom\"><a class=\"wpgb-block-2\" href=\"https:\/\/messe-montage.de\/en\/referenzen\/deutsche-zentrum-fuer-luft-und-raumfahrt-dlr-5\/\">&gt;&gt;&gt;<\/a><\/div><\/div><\/div><a class=\"wpgb-card-layer-link\" href=\"https:\/\/messe-montage.de\/en\/referenzen\/deutsche-zentrum-fuer-luft-und-raumfahrt-dlr-5\/\"><\/a><\/div><\/div><\/article><article class=\"wpgb-card wpgb-card-22 wpgb-post-1358\" data-col=\"1\" data-row=\"1\" data-format=\"standard\" data-fluid><div class=\"wpgb-card-wrapper\"><div class=\"wpgb-card-inner\" data-action><div class=\"wpgb-card-media wpgb-scheme-light\"><svg data-ratio style=\"padding-top:66.67%\" viewbox=\"0 0 3 2\"><\/svg><div class=\"wpgb-card-media-thumbnail\"><a href=\"https:\/\/messe-montage.de\/wp-content\/uploads\/2023\/09\/IMG_3066-1_WEB2520_35.jpg\" tabindex=\"-1\" class=\"wpgb-handle-lb wpgb-lightbox\" data-type=\"image\" data-rel=\"3\" data-title=\"IMG_3066 (1)_WEB2520_35\" title=\"Enlarge photo\"><div class=\"wpgb-lazy-load\" data-wpgb-thumb=\"\" data-wpgb-src=\"https:\/\/messe-montage.de\/wp-content\/uploads\/2023\/09\/IMG_3066-1_WEB2520_35-768x576.jpg\"><\/div><noscript><img loading=\"lazy\" decoding=\"async\" class=\"wpgb-noscript-img\" src=\"https:\/\/messe-montage.de\/wp-content\/uploads\/2023\/09\/IMG_3066-1_WEB2520_35-768x576.jpg\" alt=\"\" height=\"576\" width=\"768\"><\/noscript><\/a><\/div><div class=\"wpgb-card-media-overlay\"><\/div><div class=\"wpgb-card-media-content\"><div class=\"wpgb-card-media-content-top\"><a class=\"wpgb-block-1\" href=\"https:\/\/messe-montage.de\/en\/referenzen\/deutsche-zentrum-fuer-luft-und-raumfahrt-dlr-4\/\">GERMAN CENTER FOR AIR AND SPACE TRAVEL (DLR)<\/a><a class=\"wpgb-block-4\" href=\"https:\/\/messe-montage.de\/en\/referenzen\/deutsche-zentrum-fuer-luft-und-raumfahrt-dlr-4\/\">Client: CD Werbeagentur<\/a><a class=\"wpgb-block-3\" href=\"https:\/\/messe-montage.de\/en\/referenzen\/deutsche-zentrum-fuer-luft-und-raumfahrt-dlr-4\/\">Exhibition: Automatica Munich 2022<\/a><\/div><div class=\"wpgb-card-media-content-bottom\"><a class=\"wpgb-block-2\" href=\"https:\/\/messe-montage.de\/en\/referenzen\/deutsche-zentrum-fuer-luft-und-raumfahrt-dlr-4\/\">&gt;&gt;&gt;<\/a><\/div><\/div><\/div><a class=\"wpgb-card-layer-link\" href=\"https:\/\/messe-montage.de\/en\/referenzen\/deutsche-zentrum-fuer-luft-und-raumfahrt-dlr-4\/\"><\/a><\/div><\/div><\/article><article class=\"wpgb-card wpgb-card-22 wpgb-post-1346\" data-col=\"1\" data-row=\"1\" data-format=\"standard\" data-fluid><div class=\"wpgb-card-wrapper\"><div class=\"wpgb-card-inner\" data-action><div class=\"wpgb-card-media wpgb-scheme-light\"><svg data-ratio style=\"padding-top:66.67%\" viewbox=\"0 0 3 2\"><\/svg><div class=\"wpgb-card-media-thumbnail\"><a href=\"https:\/\/messe-montage.de\/wp-content\/uploads\/2023\/09\/20221023_125913_WEB2520_35.jpg\" tabindex=\"-1\" class=\"wpgb-handle-lb wpgb-lightbox\" data-type=\"image\" data-rel=\"3\" data-title=\"20221023_125913_WEB2520_35\" title=\"Enlarge photo\"><div class=\"wpgb-lazy-load\" data-wpgb-thumb=\"\" data-wpgb-src=\"https:\/\/messe-montage.de\/wp-content\/uploads\/2023\/09\/20221023_125913_WEB2520_35-768x432.jpg\"><\/div><noscript><img loading=\"lazy\" decoding=\"async\" class=\"wpgb-noscript-img\" src=\"https:\/\/messe-montage.de\/wp-content\/uploads\/2023\/09\/20221023_125913_WEB2520_35-768x432.jpg\" alt=\"\" height=\"432\" width=\"768\"><\/noscript><\/a><\/div><div class=\"wpgb-card-media-overlay\"><\/div><div class=\"wpgb-card-media-content\"><div class=\"wpgb-card-media-content-top\"><a class=\"wpgb-block-1\" href=\"https:\/\/messe-montage.de\/en\/referenzen\/aurora\/\">Aurora<\/a><a class=\"wpgb-block-4\" href=\"https:\/\/messe-montage.de\/en\/referenzen\/aurora\/\">Client: Brain Floor Design + Exhibition<\/a><a class=\"wpgb-block-3\" href=\"https:\/\/messe-montage.de\/en\/referenzen\/aurora\/\">Exhibition: Bauma Munich 2022<\/a><\/div><div class=\"wpgb-card-media-content-bottom\"><a class=\"wpgb-block-2\" href=\"https:\/\/messe-montage.de\/en\/referenzen\/aurora\/\">&gt;&gt;&gt;<\/a><\/div><\/div><\/div><a class=\"wpgb-card-layer-link\" href=\"https:\/\/messe-montage.de\/en\/referenzen\/aurora\/\"><\/a><\/div><\/div><\/article><article class=\"wpgb-card wpgb-card-22 wpgb-post-1332\" data-col=\"1\" data-row=\"1\" data-format=\"standard\" data-fluid><div class=\"wpgb-card-wrapper\"><div class=\"wpgb-card-inner\" data-action><div class=\"wpgb-card-media wpgb-scheme-light\"><svg data-ratio style=\"padding-top:66.67%\" viewbox=\"0 0 3 2\"><\/svg><div class=\"wpgb-card-media-thumbnail\"><a href=\"https:\/\/messe-montage.de\/wp-content\/uploads\/2023\/09\/IMG_4661_WEB2520_35.jpg\" tabindex=\"-1\" class=\"wpgb-handle-lb wpgb-lightbox\" data-type=\"image\" data-rel=\"3\" data-title=\"Wunderlich GmbH Intermod 2022\" data-desc=\"\u00dcberbach Messe-Montage Sinzig baut Messestand f\u00fcr Wunderlich GmbH\" title=\"Enlarge photo\"><div class=\"wpgb-lazy-load\" data-wpgb-thumb=\"\" data-wpgb-src=\"https:\/\/messe-montage.de\/wp-content\/uploads\/2023\/09\/IMG_4661_WEB2520_35-768x576.jpg\"><\/div><noscript><img loading=\"lazy\" decoding=\"async\" class=\"wpgb-noscript-img\" src=\"https:\/\/messe-montage.de\/wp-content\/uploads\/2023\/09\/IMG_4661_WEB2520_35-768x576.jpg\" alt=\"\" height=\"576\" width=\"768\"><\/noscript><\/a><\/div><div class=\"wpgb-card-media-overlay\"><\/div><div class=\"wpgb-card-media-content\"><div class=\"wpgb-card-media-content-top\"><a class=\"wpgb-block-1\" href=\"https:\/\/messe-montage.de\/en\/referenzen\/wunderlich-gmbh-3\/\">Wunderlich GmbH<\/a><a class=\"wpgb-block-4\" href=\"https:\/\/messe-montage.de\/en\/referenzen\/wunderlich-gmbh-3\/\">Client: Wunderlich GmbH<\/a><a class=\"wpgb-block-3\" href=\"https:\/\/messe-montage.de\/en\/referenzen\/wunderlich-gmbh-3\/\">Exhibition: Intermot 2022<\/a><\/div><div class=\"wpgb-card-media-content-bottom\"><a class=\"wpgb-block-2\" href=\"https:\/\/messe-montage.de\/en\/referenzen\/wunderlich-gmbh-3\/\">&gt;&gt;&gt;<\/a><\/div><\/div><\/div><a class=\"wpgb-card-layer-link\" href=\"https:\/\/messe-montage.de\/en\/referenzen\/wunderlich-gmbh-3\/\"><\/a><\/div><\/div><\/article><article class=\"wpgb-card wpgb-card-22 wpgb-post-1281\" data-col=\"1\" data-row=\"1\" data-format=\"standard\" data-fluid><div class=\"wpgb-card-wrapper\"><div class=\"wpgb-card-inner\" data-action><div class=\"wpgb-card-media wpgb-scheme-light\"><svg data-ratio style=\"padding-top:66.67%\" viewbox=\"0 0 3 2\"><\/svg><div class=\"wpgb-card-media-thumbnail\"><a href=\"https:\/\/messe-montage.de\/wp-content\/uploads\/2023\/09\/WhatsApp-Image-2023-01-25-at-15.38.14-1_WEB2520_35.jpg\" tabindex=\"-1\" class=\"wpgb-handle-lb wpgb-lightbox\" data-type=\"image\" data-rel=\"3\" data-title=\"WhatsApp Image 2023-01-25 at 15.38.14 (1)_WEB2520_35\" title=\"Enlarge photo\"><div class=\"wpgb-lazy-load\" data-wpgb-thumb=\"\" data-wpgb-src=\"https:\/\/messe-montage.de\/wp-content\/uploads\/2023\/09\/WhatsApp-Image-2023-01-25-at-15.38.14-1_WEB2520_35-768x440.jpg\"><\/div><noscript><img loading=\"lazy\" decoding=\"async\" class=\"wpgb-noscript-img\" src=\"https:\/\/messe-montage.de\/wp-content\/uploads\/2023\/09\/WhatsApp-Image-2023-01-25-at-15.38.14-1_WEB2520_35-768x440.jpg\" alt=\"\" height=\"440\" width=\"768\"><\/noscript><\/a><\/div><div class=\"wpgb-card-media-overlay\"><\/div><div class=\"wpgb-card-media-content\"><div class=\"wpgb-card-media-content-top\"><a class=\"wpgb-block-1\" href=\"https:\/\/messe-montage.de\/en\/referenzen\/wunderlich-gmbh-2\/\">WUNDERLICH GMBH<\/a><a class=\"wpgb-block-4\" href=\"https:\/\/messe-montage.de\/en\/referenzen\/wunderlich-gmbh-2\/\">Client: WUNDERLICH GMBH<\/a><a class=\"wpgb-block-3\" href=\"https:\/\/messe-montage.de\/en\/referenzen\/wunderlich-gmbh-2\/\">Exhibition: Motorcycle World Friedrichshafen 2023<\/a><\/div><div class=\"wpgb-card-media-content-bottom\"><a class=\"wpgb-block-2\" href=\"https:\/\/messe-montage.de\/en\/referenzen\/wunderlich-gmbh-2\/\">&gt;&gt;&gt;<\/a><\/div><\/div><\/div><a class=\"wpgb-card-layer-link\" href=\"https:\/\/messe-montage.de\/en\/referenzen\/wunderlich-gmbh-2\/\"><\/a><\/div><\/div><\/article><article class=\"wpgb-card wpgb-card-22 wpgb-post-1245\" data-col=\"1\" data-row=\"1\" data-format=\"standard\" data-fluid><div class=\"wpgb-card-wrapper\"><div class=\"wpgb-card-inner\" data-action><div class=\"wpgb-card-media wpgb-scheme-light\"><svg data-ratio style=\"padding-top:66.67%\" viewbox=\"0 0 3 2\"><\/svg><div class=\"wpgb-card-media-thumbnail\"><a href=\"https:\/\/messe-montage.de\/wp-content\/uploads\/2023\/09\/PHOTO-2021-10-11-12-14-17_WEB2520_35.jpg\" tabindex=\"-1\" class=\"wpgb-handle-lb wpgb-lightbox\" data-type=\"image\" data-rel=\"3\" data-title=\"PHOTO-2021-10-11-12-14-17_WEB2520_35\" title=\"Enlarge photo\"><div class=\"wpgb-lazy-load\" data-wpgb-thumb=\"\" data-wpgb-src=\"https:\/\/messe-montage.de\/wp-content\/uploads\/2023\/09\/PHOTO-2021-10-11-12-14-17_WEB2520_35-768x576.jpg\"><\/div><noscript><img loading=\"lazy\" decoding=\"async\" class=\"wpgb-noscript-img\" src=\"https:\/\/messe-montage.de\/wp-content\/uploads\/2023\/09\/PHOTO-2021-10-11-12-14-17_WEB2520_35-768x576.jpg\" alt=\"\" height=\"576\" width=\"768\"><\/noscript><\/a><\/div><div class=\"wpgb-card-media-overlay\"><\/div><div class=\"wpgb-card-media-content\"><div class=\"wpgb-card-media-content-top\"><a class=\"wpgb-block-1\" href=\"https:\/\/messe-montage.de\/en\/referenzen\/deutsche-zentrum-fuer-luft-und-raumfahrt-dlr-3\/\">GERMAN CENTER FOR AIR AND SPACE TRAVEL (DLR)<\/a><a class=\"wpgb-block-4\" href=\"https:\/\/messe-montage.de\/en\/referenzen\/deutsche-zentrum-fuer-luft-und-raumfahrt-dlr-3\/\">Client: CD Werbeagentur<\/a><a class=\"wpgb-block-3\" href=\"https:\/\/messe-montage.de\/en\/referenzen\/deutsche-zentrum-fuer-luft-und-raumfahrt-dlr-3\/\">Exhibition: ITS Hamburg 2021<\/a><\/div><div class=\"wpgb-card-media-content-bottom\"><a class=\"wpgb-block-2\" href=\"https:\/\/messe-montage.de\/en\/referenzen\/deutsche-zentrum-fuer-luft-und-raumfahrt-dlr-3\/\">&gt;&gt;&gt;<\/a><\/div><\/div><\/div><a class=\"wpgb-card-layer-link\" href=\"https:\/\/messe-montage.de\/en\/referenzen\/deutsche-zentrum-fuer-luft-und-raumfahrt-dlr-3\/\"><\/a><\/div><\/div><\/article><article class=\"wpgb-card wpgb-card-22 wpgb-post-1233\" data-col=\"1\" data-row=\"1\" data-format=\"standard\" data-fluid><div class=\"wpgb-card-wrapper\"><div class=\"wpgb-card-inner\" data-action><div class=\"wpgb-card-media wpgb-scheme-light\"><svg data-ratio style=\"padding-top:66.67%\" viewbox=\"0 0 3 2\"><\/svg><div class=\"wpgb-card-media-thumbnail\"><a href=\"https:\/\/messe-montage.de\/wp-content\/uploads\/2023\/09\/WhatsApp-Image-2023-02-08-at-20.00.49_WEB2520_35-1.jpg\" tabindex=\"-1\" class=\"wpgb-handle-lb wpgb-lightbox\" data-type=\"image\" data-rel=\"3\" data-title=\"WhWunderlich GmbH HMT Hamburg 2023\" data-desc=\"Ueberbach Messe-Montage baut Messestand f\u00fcr Wunderlich auf der HMT Hamburg 2023\" title=\"Enlarge photo\"><div class=\"wpgb-lazy-load\" data-wpgb-thumb=\"\" data-wpgb-src=\"https:\/\/messe-montage.de\/wp-content\/uploads\/2023\/09\/WhatsApp-Image-2023-02-08-at-20.00.49_WEB2520_35-1-768x346.jpg\"><\/div><noscript><img loading=\"lazy\" decoding=\"async\" class=\"wpgb-noscript-img\" src=\"https:\/\/messe-montage.de\/wp-content\/uploads\/2023\/09\/WhatsApp-Image-2023-02-08-at-20.00.49_WEB2520_35-1-768x346.jpg\" alt=\"\" height=\"346\" width=\"768\"><\/noscript><\/a><\/div><div class=\"wpgb-card-media-overlay\"><\/div><div class=\"wpgb-card-media-content\"><div class=\"wpgb-card-media-content-top\"><a class=\"wpgb-block-1\" href=\"https:\/\/messe-montage.de\/en\/referenzen\/wunderlich-gmbh\/\">Wunderlich GmbH<\/a><a class=\"wpgb-block-4\" href=\"https:\/\/messe-montage.de\/en\/referenzen\/wunderlich-gmbh\/\">Client: Wunderlich GmbH<\/a><a class=\"wpgb-block-3\" href=\"https:\/\/messe-montage.de\/en\/referenzen\/wunderlich-gmbh\/\">Exhibition: HMT Hamburg 2023<\/a><\/div><div class=\"wpgb-card-media-content-bottom\"><a class=\"wpgb-block-2\" href=\"https:\/\/messe-montage.de\/en\/referenzen\/wunderlich-gmbh\/\">&gt;&gt;&gt;<\/a><\/div><\/div><\/div><a class=\"wpgb-card-layer-link\" href=\"https:\/\/messe-montage.de\/en\/referenzen\/wunderlich-gmbh\/\"><\/a><\/div><\/div><\/article><article class=\"wpgb-card wpgb-card-22 wpgb-post-454\" data-col=\"1\" data-row=\"1\" data-format=\"standard\" data-fluid><div class=\"wpgb-card-wrapper\"><div class=\"wpgb-card-inner\" data-action><div class=\"wpgb-card-media wpgb-scheme-light\"><svg data-ratio style=\"padding-top:66.67%\" viewbox=\"0 0 3 2\"><\/svg><div class=\"wpgb-card-media-thumbnail\"><a href=\"https:\/\/messe-montage.de\/wp-content\/uploads\/2023\/09\/E-Post_Unternehmen_Titel-2.jpg\" tabindex=\"-1\" class=\"wpgb-handle-lb wpgb-lightbox\" data-type=\"image\" data-rel=\"3\" data-title=\"E-Post_Unternehmen_Titel-2\" title=\"Enlarge photo\"><div class=\"wpgb-lazy-load\" data-wpgb-thumb=\"\" data-wpgb-src=\"https:\/\/messe-montage.de\/wp-content\/uploads\/2023\/09\/E-Post_Unternehmen_Titel-2-768x461.jpg\"><\/div><noscript><img loading=\"lazy\" decoding=\"async\" class=\"wpgb-noscript-img\" src=\"https:\/\/messe-montage.de\/wp-content\/uploads\/2023\/09\/E-Post_Unternehmen_Titel-2-768x461.jpg\" alt=\"\" height=\"461\" width=\"768\"><\/noscript><\/a><\/div><div class=\"wpgb-card-media-overlay\"><\/div><div class=\"wpgb-card-media-content\"><div class=\"wpgb-card-media-content-top\"><a class=\"wpgb-block-1\" href=\"https:\/\/messe-montage.de\/en\/referenzen\/deutsche-post-ag\/\">Deutsche Post AG<\/a><a class=\"wpgb-block-4\" href=\"https:\/\/messe-montage.de\/en\/referenzen\/deutsche-post-ag\/\">Client: BLICKFANG Messebau<\/a><a class=\"wpgb-block-3\" href=\"https:\/\/messe-montage.de\/en\/referenzen\/deutsche-post-ag\/\">Exhibition: CeBit - Hannover<\/a><a class=\"wpgb-block-5\" href=\"https:\/\/messe-montage.de\/en\/referenzen\/deutsche-post-ag\/\">EC 405 sq. m., OG 240 sq. m.<\/a><\/div><div class=\"wpgb-card-media-content-bottom\"><a class=\"wpgb-block-2\" href=\"https:\/\/messe-montage.de\/en\/referenzen\/deutsche-post-ag\/\">&gt;&gt;&gt;<\/a><\/div><\/div><\/div><a class=\"wpgb-card-layer-link\" href=\"https:\/\/messe-montage.de\/en\/referenzen\/deutsche-post-ag\/\"><\/a><\/div><\/div><\/article><article class=\"wpgb-card wpgb-card-22 wpgb-post-329\" data-col=\"1\" data-row=\"1\" data-format=\"standard\" data-fluid><div class=\"wpgb-card-wrapper\"><div class=\"wpgb-card-inner\" data-action><div class=\"wpgb-card-media wpgb-scheme-light\"><svg data-ratio style=\"padding-top:66.67%\" viewbox=\"0 0 3 2\"><\/svg><div class=\"wpgb-card-media-thumbnail\"><a href=\"https:\/\/messe-montage.de\/wp-content\/uploads\/2023\/09\/Wuesthof_2.jpg\" tabindex=\"-1\" class=\"wpgb-handle-lb wpgb-lightbox\" data-type=\"image\" data-rel=\"3\" data-title=\"Wuesthof_2\" title=\"Enlarge photo\"><div class=\"wpgb-lazy-load\" data-wpgb-thumb=\"\" data-wpgb-src=\"https:\/\/messe-montage.de\/wp-content\/uploads\/2023\/09\/Wuesthof_2-768x497.jpg\"><\/div><noscript><img loading=\"lazy\" decoding=\"async\" class=\"wpgb-noscript-img\" src=\"https:\/\/messe-montage.de\/wp-content\/uploads\/2023\/09\/Wuesthof_2-768x497.jpg\" alt=\"\" height=\"497\" width=\"768\"><\/noscript><\/a><\/div><div class=\"wpgb-card-media-overlay\"><\/div><div class=\"wpgb-card-media-content\"><div class=\"wpgb-card-media-content-top\"><a class=\"wpgb-block-1\" href=\"https:\/\/messe-montage.de\/en\/referenzen\/wuesthof\/\">W\u00fcsthof<\/a><a class=\"wpgb-block-4\" href=\"https:\/\/messe-montage.de\/en\/referenzen\/wuesthof\/\">Client: Steadfast Messebau<\/a><a class=\"wpgb-block-3\" href=\"https:\/\/messe-montage.de\/en\/referenzen\/wuesthof\/\">Exhibition: AMBIENTE Frankfurt 8.-12.02.2019<\/a><a class=\"wpgb-block-5\" href=\"https:\/\/messe-montage.de\/en\/referenzen\/wuesthof\/\">180 sqm<\/a><\/div><div class=\"wpgb-card-media-content-bottom\"><a class=\"wpgb-block-2\" href=\"https:\/\/messe-montage.de\/en\/referenzen\/wuesthof\/\">&gt;&gt;&gt;<\/a><\/div><\/div><\/div><a class=\"wpgb-card-layer-link\" href=\"https:\/\/messe-montage.de\/en\/referenzen\/wuesthof\/\"><\/a><\/div><\/div><\/article><article class=\"wpgb-card wpgb-card-22 wpgb-post-91\" data-col=\"1\" data-row=\"1\" data-format=\"standard\" data-fluid><div class=\"wpgb-card-wrapper\"><div class=\"wpgb-card-inner\" data-action><div class=\"wpgb-card-media wpgb-scheme-light\"><svg data-ratio style=\"padding-top:66.67%\" viewbox=\"0 0 3 2\"><\/svg><div class=\"wpgb-card-media-thumbnail\"><a href=\"https:\/\/messe-montage.de\/wp-content\/uploads\/2023\/09\/Messestand_Gateway-Hamburg-Titel_V2-3.jpg\" tabindex=\"-1\" class=\"wpgb-handle-lb wpgb-lightbox\" data-type=\"image\" data-rel=\"3\" data-title=\"Messestand_Gateway-Hamburg-Titel_V2-3\" title=\"Enlarge photo\"><div class=\"wpgb-lazy-load\" data-wpgb-thumb=\"\" data-wpgb-src=\"https:\/\/messe-montage.de\/wp-content\/uploads\/2023\/09\/Messestand_Gateway-Hamburg-Titel_V2-3-768x461.jpg\"><\/div><noscript><img loading=\"lazy\" decoding=\"async\" class=\"wpgb-noscript-img\" src=\"https:\/\/messe-montage.de\/wp-content\/uploads\/2023\/09\/Messestand_Gateway-Hamburg-Titel_V2-3-768x461.jpg\" alt=\"\" height=\"461\" width=\"768\"><\/noscript><\/a><\/div><div class=\"wpgb-card-media-overlay\"><\/div><div class=\"wpgb-card-media-content\"><div class=\"wpgb-card-media-content-top\"><a class=\"wpgb-block-1\" href=\"https:\/\/messe-montage.de\/en\/referenzen\/gateway-hamburg\/\">The port of Hamburg, and Logistic AG<\/a><a class=\"wpgb-block-4\" href=\"https:\/\/messe-montage.de\/en\/referenzen\/gateway-hamburg\/\">Client: BLICKFANG Messebau<\/a><a class=\"wpgb-block-3\" href=\"https:\/\/messe-montage.de\/en\/referenzen\/gateway-hamburg\/\">Exhibition: Transport &amp; Logistics - Munich<\/a><a class=\"wpgb-block-5\" href=\"https:\/\/messe-montage.de\/en\/referenzen\/gateway-hamburg\/\">950 sq. m.<\/a><\/div><div class=\"wpgb-card-media-content-bottom\"><a class=\"wpgb-block-2\" href=\"https:\/\/messe-montage.de\/en\/referenzen\/gateway-hamburg\/\">&gt;&gt;&gt;<\/a><\/div><\/div><\/div><a class=\"wpgb-card-layer-link\" href=\"https:\/\/messe-montage.de\/en\/referenzen\/gateway-hamburg\/\"><\/a><\/div><\/div><\/article><article class=\"wpgb-card wpgb-card-22 wpgb-post-493\" data-col=\"1\" data-row=\"1\" data-format=\"standard\" data-fluid><div class=\"wpgb-card-wrapper\"><div class=\"wpgb-card-inner\" data-action><div class=\"wpgb-card-media wpgb-scheme-light\"><svg data-ratio style=\"padding-top:66.67%\" viewbox=\"0 0 3 2\"><\/svg><div class=\"wpgb-card-media-thumbnail\"><a href=\"https:\/\/messe-montage.de\/wp-content\/uploads\/2023\/09\/Beumer_Cemat_1.jpg\" tabindex=\"-1\" class=\"wpgb-handle-lb wpgb-lightbox\" data-type=\"image\" data-rel=\"3\" data-title=\"Beumer_Cemat_1\" title=\"Enlarge photo\"><div class=\"wpgb-lazy-load\" data-wpgb-thumb=\"\" data-wpgb-src=\"https:\/\/messe-montage.de\/wp-content\/uploads\/2023\/09\/Beumer_Cemat_1-768x500.jpg\"><\/div><noscript><img loading=\"lazy\" decoding=\"async\" class=\"wpgb-noscript-img\" src=\"https:\/\/messe-montage.de\/wp-content\/uploads\/2023\/09\/Beumer_Cemat_1-768x500.jpg\" alt=\"\" height=\"500\" width=\"768\"><\/noscript><\/a><\/div><div class=\"wpgb-card-media-overlay\"><\/div><div class=\"wpgb-card-media-content\"><div class=\"wpgb-card-media-content-top\"><a class=\"wpgb-block-1\" href=\"https:\/\/messe-montage.de\/en\/referenzen\/beumer-group\/\">Beumer Group<\/a><a class=\"wpgb-block-4\" href=\"https:\/\/messe-montage.de\/en\/referenzen\/beumer-group\/\">Client: STEADFAST Messebau<\/a><a class=\"wpgb-block-3\" href=\"https:\/\/messe-montage.de\/en\/referenzen\/beumer-group\/\">Exhibition: Interpack D\u00fcsseldorf<\/a><a class=\"wpgb-block-5\" href=\"https:\/\/messe-montage.de\/en\/referenzen\/beumer-group\/\">STEADFAST construction of exhibition stands<\/a><\/div><div class=\"wpgb-card-media-content-bottom\"><a class=\"wpgb-block-2\" href=\"https:\/\/messe-montage.de\/en\/referenzen\/beumer-group\/\">&gt;&gt;&gt;<\/a><\/div><\/div><\/div><a class=\"wpgb-card-layer-link\" href=\"https:\/\/messe-montage.de\/en\/referenzen\/beumer-group\/\"><\/a><\/div><\/div><\/article><article class=\"wpgb-card wpgb-card-22 wpgb-post-444\" data-col=\"1\" data-row=\"1\" data-format=\"standard\" data-fluid><div class=\"wpgb-card-wrapper\"><div class=\"wpgb-card-inner\" data-action><div class=\"wpgb-card-media wpgb-scheme-light\"><svg data-ratio style=\"padding-top:66.67%\" viewbox=\"0 0 3 2\"><\/svg><div class=\"wpgb-card-media-thumbnail\"><a href=\"https:\/\/messe-montage.de\/wp-content\/uploads\/2023\/09\/trimet.jpg\" tabindex=\"-1\" class=\"wpgb-handle-lb wpgb-lightbox\" data-type=\"image\" data-rel=\"3\" data-title=\"trimet\" title=\"Enlarge photo\"><div class=\"wpgb-lazy-load\" data-wpgb-thumb=\"\" data-wpgb-src=\"https:\/\/messe-montage.de\/wp-content\/uploads\/2023\/09\/trimet-768x497.jpg\"><\/div><noscript><img loading=\"lazy\" decoding=\"async\" class=\"wpgb-noscript-img\" src=\"https:\/\/messe-montage.de\/wp-content\/uploads\/2023\/09\/trimet-768x497.jpg\" alt=\"\" height=\"497\" width=\"768\"><\/noscript><\/a><\/div><div class=\"wpgb-card-media-overlay\"><\/div><div class=\"wpgb-card-media-content\"><div class=\"wpgb-card-media-content-top\"><a class=\"wpgb-block-1\" href=\"https:\/\/messe-montage.de\/en\/referenzen\/trimet\/\">Trimet<\/a><a class=\"wpgb-block-4\" href=\"https:\/\/messe-montage.de\/en\/referenzen\/trimet\/\">Client: STEADFAST Messebau<\/a><a class=\"wpgb-block-3\" href=\"https:\/\/messe-montage.de\/en\/referenzen\/trimet\/\">Exhibition: Euroguss Trade Fair 2018<\/a><a class=\"wpgb-block-5\" href=\"https:\/\/messe-montage.de\/en\/referenzen\/trimet\/\">120 sq. m.<\/a><\/div><div class=\"wpgb-card-media-content-bottom\"><a class=\"wpgb-block-2\" href=\"https:\/\/messe-montage.de\/en\/referenzen\/trimet\/\">&gt;&gt;&gt;<\/a><\/div><\/div><\/div><a class=\"wpgb-card-layer-link\" href=\"https:\/\/messe-montage.de\/en\/referenzen\/trimet\/\"><\/a><\/div><\/div><\/article><article class=\"wpgb-card wpgb-card-22 wpgb-post-90\" data-col=\"1\" data-row=\"1\" data-format=\"standard\" data-fluid><div class=\"wpgb-card-wrapper\"><div class=\"wpgb-card-inner\" data-action><div class=\"wpgb-card-media wpgb-scheme-light\"><svg data-ratio style=\"padding-top:66.67%\" viewbox=\"0 0 3 2\"><\/svg><div class=\"wpgb-card-media-thumbnail\"><a href=\"https:\/\/messe-montage.de\/wp-content\/uploads\/2023\/09\/Speno_international_Messestand_Innotrans_Berlin1.jpg\" tabindex=\"-1\" class=\"wpgb-handle-lb wpgb-lightbox\" data-type=\"image\" data-rel=\"3\" data-title=\"Speno_international_Messestand_Innotrans_Berlin1\" title=\"Enlarge photo\"><div class=\"wpgb-lazy-load\" data-wpgb-thumb=\"\" data-wpgb-src=\"https:\/\/messe-montage.de\/wp-content\/uploads\/2023\/09\/Speno_international_Messestand_Innotrans_Berlin1-768x537.jpg\"><\/div><noscript><img loading=\"lazy\" decoding=\"async\" class=\"wpgb-noscript-img\" src=\"https:\/\/messe-montage.de\/wp-content\/uploads\/2023\/09\/Speno_international_Messestand_Innotrans_Berlin1-768x537.jpg\" alt=\"\" height=\"537\" width=\"768\"><\/noscript><\/a><\/div><div class=\"wpgb-card-media-overlay\"><\/div><div class=\"wpgb-card-media-content\"><div class=\"wpgb-card-media-content-top\"><a class=\"wpgb-block-1\" href=\"https:\/\/messe-montage.de\/en\/referenzen\/speno-international-sa\/\">SPENO International SA<\/a><a class=\"wpgb-block-4\" href=\"https:\/\/messe-montage.de\/en\/referenzen\/speno-international-sa\/\">Client: BLICKFANG Messebau<\/a><a class=\"wpgb-block-3\" href=\"https:\/\/messe-montage.de\/en\/referenzen\/speno-international-sa\/\">Exhibition: InnoTrans - Berlin<\/a><a class=\"wpgb-block-5\" href=\"https:\/\/messe-montage.de\/en\/referenzen\/speno-international-sa\/\">EC 126 sq. m., OG 58 sq. m, total of 184 sqm<\/a><\/div><div class=\"wpgb-card-media-content-bottom\"><a class=\"wpgb-block-2\" href=\"https:\/\/messe-montage.de\/en\/referenzen\/speno-international-sa\/\">&gt;&gt;&gt;<\/a><\/div><\/div><\/div><a class=\"wpgb-card-layer-link\" href=\"https:\/\/messe-montage.de\/en\/referenzen\/speno-international-sa\/\"><\/a><\/div><\/div><\/article><article class=\"wpgb-card wpgb-card-22 wpgb-post-409\" data-col=\"1\" data-row=\"1\" data-format=\"standard\" data-fluid><div class=\"wpgb-card-wrapper\"><div class=\"wpgb-card-inner\" data-action><div class=\"wpgb-card-media wpgb-scheme-light\"><svg data-ratio style=\"padding-top:66.67%\" viewbox=\"0 0 3 2\"><\/svg><div class=\"wpgb-card-media-thumbnail\"><a href=\"https:\/\/messe-montage.de\/wp-content\/uploads\/2023\/09\/Vaillant_SHK_Essen_1.jpg\" tabindex=\"-1\" class=\"wpgb-handle-lb wpgb-lightbox\" data-type=\"image\" data-rel=\"3\" data-title=\"Vaillant_SHK_Essen_1\" title=\"Enlarge photo\"><div class=\"wpgb-lazy-load\" data-wpgb-thumb=\"\" data-wpgb-src=\"https:\/\/messe-montage.de\/wp-content\/uploads\/2023\/09\/Vaillant_SHK_Essen_1-768x497.jpg\"><\/div><noscript><img loading=\"lazy\" decoding=\"async\" class=\"wpgb-noscript-img\" src=\"https:\/\/messe-montage.de\/wp-content\/uploads\/2023\/09\/Vaillant_SHK_Essen_1-768x497.jpg\" alt=\"\" height=\"497\" width=\"768\"><\/noscript><\/a><\/div><div class=\"wpgb-card-media-overlay\"><\/div><div class=\"wpgb-card-media-content\"><div class=\"wpgb-card-media-content-top\"><a class=\"wpgb-block-1\" href=\"https:\/\/messe-montage.de\/en\/referenzen\/vaillant-2\/\">Vaillant<\/a><a class=\"wpgb-block-4\" href=\"https:\/\/messe-montage.de\/en\/referenzen\/vaillant-2\/\">Client: STEADFAST Messebau<\/a><a class=\"wpgb-block-3\" href=\"https:\/\/messe-montage.de\/en\/referenzen\/vaillant-2\/\">Exhibition: SHK Essen<\/a><a class=\"wpgb-block-5\" href=\"https:\/\/messe-montage.de\/en\/referenzen\/vaillant-2\/\">384 sqm<\/a><\/div><div class=\"wpgb-card-media-content-bottom\"><a class=\"wpgb-block-2\" href=\"https:\/\/messe-montage.de\/en\/referenzen\/vaillant-2\/\">&gt;&gt;&gt;<\/a><\/div><\/div><\/div><a class=\"wpgb-card-layer-link\" href=\"https:\/\/messe-montage.de\/en\/referenzen\/vaillant-2\/\"><\/a><\/div><\/div><\/article><article class=\"wpgb-card wpgb-card-22 wpgb-post-485\" data-col=\"1\" data-row=\"1\" data-format=\"standard\" data-fluid><div class=\"wpgb-card-wrapper\"><div class=\"wpgb-card-inner\" data-action><div class=\"wpgb-card-media wpgb-scheme-light\"><svg data-ratio style=\"padding-top:66.67%\" viewbox=\"0 0 3 2\"><\/svg><div class=\"wpgb-card-media-thumbnail\"><a href=\"https:\/\/messe-montage.de\/wp-content\/uploads\/2023\/09\/OEG_ISH_Messestand_Titel-4.jpg\" tabindex=\"-1\" class=\"wpgb-handle-lb wpgb-lightbox\" data-type=\"image\" data-rel=\"3\" data-title=\"OEG_ISH_Messestand_Titel-4\" title=\"Enlarge photo\"><div class=\"wpgb-lazy-load\" data-wpgb-thumb=\"\" data-wpgb-src=\"https:\/\/messe-montage.de\/wp-content\/uploads\/2023\/09\/OEG_ISH_Messestand_Titel-4-768x461.jpg\"><\/div><noscript><img loading=\"lazy\" decoding=\"async\" class=\"wpgb-noscript-img\" src=\"https:\/\/messe-montage.de\/wp-content\/uploads\/2023\/09\/OEG_ISH_Messestand_Titel-4-768x461.jpg\" alt=\"\" height=\"461\" width=\"768\"><\/noscript><\/a><\/div><div class=\"wpgb-card-media-overlay\"><\/div><div class=\"wpgb-card-media-content\"><div class=\"wpgb-card-media-content-top\"><a class=\"wpgb-block-1\" href=\"https:\/\/messe-montage.de\/en\/referenzen\/oeg\/\">OEG<\/a><a class=\"wpgb-block-4\" href=\"https:\/\/messe-montage.de\/en\/referenzen\/oeg\/\">Client: BLICKFANG Messebau<\/a><a class=\"wpgb-block-3\" href=\"https:\/\/messe-montage.de\/en\/referenzen\/oeg\/\">Exhibition: ISH 2015, Frankfurt<\/a><a class=\"wpgb-block-5\" href=\"https:\/\/messe-montage.de\/en\/referenzen\/oeg\/\">EC 360 sq. m., OG 180 sqm<\/a><\/div><div class=\"wpgb-card-media-content-bottom\"><a class=\"wpgb-block-2\" href=\"https:\/\/messe-montage.de\/en\/referenzen\/oeg\/\">&gt;&gt;&gt;<\/a><\/div><\/div><\/div><a class=\"wpgb-card-layer-link\" href=\"https:\/\/messe-montage.de\/en\/referenzen\/oeg\/\"><\/a><\/div><\/div><\/article><article class=\"wpgb-card wpgb-card-22 wpgb-post-394\" data-col=\"1\" data-row=\"1\" data-format=\"standard\" data-fluid><div class=\"wpgb-card-wrapper\"><div class=\"wpgb-card-inner\" data-action><div class=\"wpgb-card-media wpgb-scheme-light\"><svg data-ratio style=\"padding-top:66.67%\" viewbox=\"0 0 3 2\"><\/svg><div class=\"wpgb-card-media-thumbnail\"><a href=\"https:\/\/messe-montage.de\/wp-content\/uploads\/2023\/09\/schneider-lightbuilding-2018-05.jpg\" tabindex=\"-1\" class=\"wpgb-handle-lb wpgb-lightbox\" data-type=\"image\" data-rel=\"3\" data-title=\"schneider-lightbuilding-2018-05\" title=\"Enlarge photo\"><div class=\"wpgb-lazy-load\" data-wpgb-thumb=\"\" data-wpgb-src=\"https:\/\/messe-montage.de\/wp-content\/uploads\/2023\/09\/schneider-lightbuilding-2018-05-768x512.jpg\"><\/div><noscript><img loading=\"lazy\" decoding=\"async\" class=\"wpgb-noscript-img\" src=\"https:\/\/messe-montage.de\/wp-content\/uploads\/2023\/09\/schneider-lightbuilding-2018-05-768x512.jpg\" alt=\"\" height=\"512\" width=\"768\"><\/noscript><\/a><\/div><div class=\"wpgb-card-media-overlay\"><\/div><div class=\"wpgb-card-media-content\"><div class=\"wpgb-card-media-content-top\"><a class=\"wpgb-block-1\" href=\"https:\/\/messe-montage.de\/en\/referenzen\/schneider-electric\/\">Schneider Electric<\/a><a class=\"wpgb-block-4\" href=\"https:\/\/messe-montage.de\/en\/referenzen\/schneider-electric\/\">Client: Schendel &amp; Pawlaczyk<\/a><a class=\"wpgb-block-3\" href=\"https:\/\/messe-montage.de\/en\/referenzen\/schneider-electric\/\">Fair: Light &amp; Building Frankfurt<\/a><a class=\"wpgb-block-5\" href=\"https:\/\/messe-montage.de\/en\/referenzen\/schneider-electric\/\">1,700 sq. m.<\/a><\/div><div class=\"wpgb-card-media-content-bottom\"><a class=\"wpgb-block-2\" href=\"https:\/\/messe-montage.de\/en\/referenzen\/schneider-electric\/\">&gt;&gt;&gt;<\/a><\/div><\/div><\/div><a class=\"wpgb-card-layer-link\" href=\"https:\/\/messe-montage.de\/en\/referenzen\/schneider-electric\/\"><\/a><\/div><\/div><\/article><article class=\"wpgb-card wpgb-card-22 wpgb-post-326\" data-col=\"1\" data-row=\"1\" data-format=\"standard\" data-fluid><div class=\"wpgb-card-wrapper\"><div class=\"wpgb-card-inner\" data-action><div class=\"wpgb-card-media wpgb-scheme-light\"><svg data-ratio style=\"padding-top:66.67%\" viewbox=\"0 0 3 2\"><\/svg><div class=\"wpgb-card-media-thumbnail\"><a href=\"https:\/\/messe-montage.de\/wp-content\/uploads\/2023\/09\/Sepro_K_neu2.jpg\" tabindex=\"-1\" class=\"wpgb-handle-lb wpgb-lightbox\" data-type=\"image\" data-rel=\"3\" data-title=\"Sepro_K_neu2\" title=\"Enlarge photo\"><div class=\"wpgb-lazy-load\" data-wpgb-thumb=\"\" data-wpgb-src=\"https:\/\/messe-montage.de\/wp-content\/uploads\/2023\/09\/Sepro_K_neu2-768x499.jpg\"><\/div><noscript><img loading=\"lazy\" decoding=\"async\" class=\"wpgb-noscript-img\" src=\"https:\/\/messe-montage.de\/wp-content\/uploads\/2023\/09\/Sepro_K_neu2-768x499.jpg\" alt=\"\" height=\"499\" width=\"768\"><\/noscript><\/a><\/div><div class=\"wpgb-card-media-overlay\"><\/div><div class=\"wpgb-card-media-content\"><div class=\"wpgb-card-media-content-top\"><a class=\"wpgb-block-1\" href=\"https:\/\/messe-montage.de\/en\/referenzen\/sepro-group\/\">Sepro Group<\/a><a class=\"wpgb-block-4\" href=\"https:\/\/messe-montage.de\/en\/referenzen\/sepro-group\/\">Client: Steadfast Messebau<\/a><a class=\"wpgb-block-3\" href=\"https:\/\/messe-montage.de\/en\/referenzen\/sepro-group\/\">Exhibition: Plastics Trade Fair K 2019 In D\u00fcsseldorf<\/a><a class=\"wpgb-block-5\" href=\"https:\/\/messe-montage.de\/en\/referenzen\/sepro-group\/\">294 sqm, 2-storey<\/a><\/div><div class=\"wpgb-card-media-content-bottom\"><a class=\"wpgb-block-2\" href=\"https:\/\/messe-montage.de\/en\/referenzen\/sepro-group\/\">&gt;&gt;&gt;<\/a><\/div><\/div><\/div><a class=\"wpgb-card-layer-link\" href=\"https:\/\/messe-montage.de\/en\/referenzen\/sepro-group\/\"><\/a><\/div><\/div><\/article><article class=\"wpgb-card wpgb-card-22 wpgb-post-333\" data-col=\"1\" data-row=\"1\" data-format=\"standard\" data-fluid><div class=\"wpgb-card-wrapper\"><div class=\"wpgb-card-inner\" data-action><div class=\"wpgb-card-media wpgb-scheme-light\"><svg data-ratio style=\"padding-top:66.67%\" viewbox=\"0 0 3 2\"><\/svg><div class=\"wpgb-card-media-thumbnail\"><a href=\"https:\/\/messe-montage.de\/wp-content\/uploads\/2023\/09\/COMM-TEC-Blickfang-Messe-ISE-Amsterdam-04.jpg\" tabindex=\"-1\" class=\"wpgb-handle-lb wpgb-lightbox\" data-type=\"image\" data-rel=\"3\" data-title=\"COMM-TEC-Blickfang-Messe-ISE-Amsterdam-04\" title=\"Enlarge photo\"><div class=\"wpgb-lazy-load\" data-wpgb-thumb=\"\" data-wpgb-src=\"https:\/\/messe-montage.de\/wp-content\/uploads\/2023\/09\/COMM-TEC-Blickfang-Messe-ISE-Amsterdam-04-768x432.jpg\"><\/div><noscript><img loading=\"lazy\" decoding=\"async\" class=\"wpgb-noscript-img\" src=\"https:\/\/messe-montage.de\/wp-content\/uploads\/2023\/09\/COMM-TEC-Blickfang-Messe-ISE-Amsterdam-04-768x432.jpg\" alt=\"\" height=\"432\" width=\"768\"><\/noscript><\/a><\/div><div class=\"wpgb-card-media-overlay\"><\/div><div class=\"wpgb-card-media-content\"><div class=\"wpgb-card-media-content-top\"><a class=\"wpgb-block-1\" href=\"https:\/\/messe-montage.de\/en\/referenzen\/comm-tec\/\">COMM-TEC<\/a><a class=\"wpgb-block-4\" href=\"https:\/\/messe-montage.de\/en\/referenzen\/comm-tec\/\">Client: Eye-Catching<\/a><a class=\"wpgb-block-3\" href=\"https:\/\/messe-montage.de\/en\/referenzen\/comm-tec\/\">Exhibition: ISE Amsterdam<\/a><a class=\"wpgb-block-5\" href=\"https:\/\/messe-montage.de\/en\/referenzen\/comm-tec\/\">195qm<\/a><\/div><div class=\"wpgb-card-media-content-bottom\"><a class=\"wpgb-block-2\" href=\"https:\/\/messe-montage.de\/en\/referenzen\/comm-tec\/\">&gt;&gt;&gt;<\/a><\/div><\/div><\/div><a class=\"wpgb-card-layer-link\" href=\"https:\/\/messe-montage.de\/en\/referenzen\/comm-tec\/\"><\/a><\/div><\/div><\/article><article class=\"wpgb-card wpgb-card-22 wpgb-post-339\" data-col=\"1\" data-row=\"1\" data-format=\"standard\" data-fluid><div class=\"wpgb-card-wrapper\"><div class=\"wpgb-card-inner\" data-action><div class=\"wpgb-card-media wpgb-scheme-light\"><svg data-ratio style=\"padding-top:66.67%\" viewbox=\"0 0 3 2\"><\/svg><div class=\"wpgb-card-media-thumbnail\"><a href=\"https:\/\/messe-montage.de\/wp-content\/uploads\/2023\/09\/Bild01-Henkel-Hagebau-2019.jpg\" tabindex=\"-1\" class=\"wpgb-handle-lb wpgb-lightbox\" data-type=\"image\" data-rel=\"3\" data-title=\"Bild01-Henkel-Hagebau-2019\" title=\"Enlarge photo\"><div class=\"wpgb-lazy-load\" data-wpgb-thumb=\"\" data-wpgb-src=\"https:\/\/messe-montage.de\/wp-content\/uploads\/2023\/09\/Bild01-Henkel-Hagebau-2019-768x579.jpg\"><\/div><noscript><img loading=\"lazy\" decoding=\"async\" class=\"wpgb-noscript-img\" src=\"https:\/\/messe-montage.de\/wp-content\/uploads\/2023\/09\/Bild01-Henkel-Hagebau-2019-768x579.jpg\" alt=\"\" height=\"579\" width=\"768\"><\/noscript><\/a><\/div><div class=\"wpgb-card-media-overlay\"><\/div><div class=\"wpgb-card-media-content\"><div class=\"wpgb-card-media-content-top\"><a class=\"wpgb-block-1\" href=\"https:\/\/messe-montage.de\/en\/referenzen\/henkel\/\">Henkel AG<\/a><a class=\"wpgb-block-4\" href=\"https:\/\/messe-montage.de\/en\/referenzen\/henkel\/\">Client: Schendel &amp; Pawlaczyk<\/a><a class=\"wpgb-block-3\" href=\"https:\/\/messe-montage.de\/en\/referenzen\/henkel\/\">Exhibition: Hagebau Cologne Trade Fair<\/a><a class=\"wpgb-block-5\" href=\"https:\/\/messe-montage.de\/en\/referenzen\/henkel\/\">A 49.5 sqm<\/a><\/div><div class=\"wpgb-card-media-content-bottom\"><a class=\"wpgb-block-2\" href=\"https:\/\/messe-montage.de\/en\/referenzen\/henkel\/\">&gt;&gt;&gt;<\/a><\/div><\/div><\/div><a class=\"wpgb-card-layer-link\" href=\"https:\/\/messe-montage.de\/en\/referenzen\/henkel\/\"><\/a><\/div><\/div><\/article><article class=\"wpgb-card wpgb-card-22 wpgb-post-418\" data-col=\"1\" data-row=\"1\" data-format=\"standard\" data-fluid><div class=\"wpgb-card-wrapper\"><div class=\"wpgb-card-inner\" data-action><div class=\"wpgb-card-media wpgb-scheme-light\"><svg data-ratio style=\"padding-top:66.67%\" viewbox=\"0 0 3 2\"><\/svg><div class=\"wpgb-card-media-thumbnail\"><a href=\"https:\/\/messe-montage.de\/wp-content\/uploads\/2023\/09\/DLR_Paris-JEC-World-02.jpg\" tabindex=\"-1\" class=\"wpgb-handle-lb wpgb-lightbox\" data-type=\"image\" data-rel=\"3\" data-title=\"dig\" data-desc=\"dig\" title=\"Enlarge photo\"><div class=\"wpgb-lazy-load\" data-wpgb-thumb=\"\" data-wpgb-src=\"https:\/\/messe-montage.de\/wp-content\/uploads\/2023\/09\/DLR_Paris-JEC-World-02-768x579.jpg\"><\/div><noscript><img loading=\"lazy\" decoding=\"async\" class=\"wpgb-noscript-img\" src=\"https:\/\/messe-montage.de\/wp-content\/uploads\/2023\/09\/DLR_Paris-JEC-World-02-768x579.jpg\" alt=\"\" height=\"579\" width=\"768\"><\/noscript><\/a><\/div><div class=\"wpgb-card-media-overlay\"><\/div><div class=\"wpgb-card-media-content\"><div class=\"wpgb-card-media-content-top\"><a class=\"wpgb-block-1\" href=\"https:\/\/messe-montage.de\/en\/referenzen\/deutsche-zentrum-fuer-luft-und-raumfahrt-dlr\/\">German center for air and space travel (DLR)<\/a><a class=\"wpgb-block-4\" href=\"https:\/\/messe-montage.de\/en\/referenzen\/deutsche-zentrum-fuer-luft-und-raumfahrt-dlr\/\">Client: CD Werbeagentur<\/a><a class=\"wpgb-block-3\" href=\"https:\/\/messe-montage.de\/en\/referenzen\/deutsche-zentrum-fuer-luft-und-raumfahrt-dlr\/\">Exhibition: JEC 2018 Paris<\/a><\/div><div class=\"wpgb-card-media-content-bottom\"><a class=\"wpgb-block-2\" href=\"https:\/\/messe-montage.de\/en\/referenzen\/deutsche-zentrum-fuer-luft-und-raumfahrt-dlr\/\">&gt;&gt;&gt;<\/a><\/div><\/div><\/div><a class=\"wpgb-card-layer-link\" href=\"https:\/\/messe-montage.de\/en\/referenzen\/deutsche-zentrum-fuer-luft-und-raumfahrt-dlr\/\"><\/a><\/div><\/div><\/article><article class=\"wpgb-card wpgb-card-22 wpgb-post-347\" data-col=\"1\" data-row=\"1\" data-format=\"standard\" data-fluid><div class=\"wpgb-card-wrapper\"><div class=\"wpgb-card-inner\" data-action><div class=\"wpgb-card-media wpgb-scheme-light\"><svg data-ratio style=\"padding-top:66.67%\" viewbox=\"0 0 3 2\"><\/svg><div class=\"wpgb-card-media-thumbnail\"><a href=\"https:\/\/messe-montage.de\/wp-content\/uploads\/2023\/09\/Schendel-Pawlaczyk_Henkel_gastech_barcelona.jpg\" tabindex=\"-1\" class=\"wpgb-handle-lb wpgb-lightbox\" data-type=\"image\" data-rel=\"3\" data-title=\"Schendel-Pawlaczyk_Henkel_gastech_barcelona\" title=\"Enlarge photo\"><div class=\"wpgb-lazy-load\" data-wpgb-thumb=\"\" data-wpgb-src=\"https:\/\/messe-montage.de\/wp-content\/uploads\/2023\/09\/Schendel-Pawlaczyk_Henkel_gastech_barcelona-768x579.jpg\"><\/div><noscript><img loading=\"lazy\" decoding=\"async\" class=\"wpgb-noscript-img\" src=\"https:\/\/messe-montage.de\/wp-content\/uploads\/2023\/09\/Schendel-Pawlaczyk_Henkel_gastech_barcelona-768x579.jpg\" alt=\"\" height=\"579\" width=\"768\"><\/noscript><\/a><\/div><div class=\"wpgb-card-media-overlay\"><\/div><div class=\"wpgb-card-media-content\"><div class=\"wpgb-card-media-content-top\"><a class=\"wpgb-block-1\" href=\"https:\/\/messe-montage.de\/en\/referenzen\/henkel-2\/\">Henkel AG<\/a><a class=\"wpgb-block-4\" href=\"https:\/\/messe-montage.de\/en\/referenzen\/henkel-2\/\">Client: Schendel &amp; Pawlazyk<\/a><a class=\"wpgb-block-3\" href=\"https:\/\/messe-montage.de\/en\/referenzen\/henkel-2\/\">Exhibition: Gastech Barcelona<\/a><\/div><div class=\"wpgb-card-media-content-bottom\"><a class=\"wpgb-block-2\" href=\"https:\/\/messe-montage.de\/en\/referenzen\/henkel-2\/\">&gt;&gt;&gt;<\/a><\/div><\/div><\/div><a class=\"wpgb-card-layer-link\" href=\"https:\/\/messe-montage.de\/en\/referenzen\/henkel-2\/\"><\/a><\/div><\/div><\/article><article class=\"wpgb-card wpgb-card-22 wpgb-post-349\" data-col=\"1\" data-row=\"1\" data-format=\"standard\" data-fluid><div class=\"wpgb-card-wrapper\"><div class=\"wpgb-card-inner\" data-action><div class=\"wpgb-card-media wpgb-scheme-light\"><svg data-ratio style=\"padding-top:66.67%\" viewbox=\"0 0 3 2\"><\/svg><div class=\"wpgb-card-media-thumbnail\"><a href=\"https:\/\/messe-montage.de\/wp-content\/uploads\/2023\/09\/sms-group01.jpg\" tabindex=\"-1\" class=\"wpgb-handle-lb wpgb-lightbox\" data-type=\"image\" data-rel=\"3\" data-title=\"sms-group01\" title=\"Enlarge photo\"><div class=\"wpgb-lazy-load\" data-wpgb-thumb=\"\" data-wpgb-src=\"https:\/\/messe-montage.de\/wp-content\/uploads\/2023\/09\/sms-group01-768x579.jpg\"><\/div><noscript><img loading=\"lazy\" decoding=\"async\" class=\"wpgb-noscript-img\" src=\"https:\/\/messe-montage.de\/wp-content\/uploads\/2023\/09\/sms-group01-768x579.jpg\" alt=\"\" height=\"579\" width=\"768\"><\/noscript><\/a><\/div><div class=\"wpgb-card-media-overlay\"><\/div><div class=\"wpgb-card-media-content\"><div class=\"wpgb-card-media-content-top\"><a class=\"wpgb-block-1\" href=\"https:\/\/messe-montage.de\/en\/referenzen\/sms-group\/\">SMS Group<\/a><a class=\"wpgb-block-4\" href=\"https:\/\/messe-montage.de\/en\/referenzen\/sms-group\/\">Client: Steadfast Messebau GmbH<\/a><a class=\"wpgb-block-3\" href=\"https:\/\/messe-montage.de\/en\/referenzen\/sms-group\/\">Exhibition: Tube &amp; wire 2018 Messe D\u00fcsseldorf<\/a><a class=\"wpgb-block-5\" href=\"https:\/\/messe-montage.de\/en\/referenzen\/sms-group\/\">678 sqm<\/a><\/div><div class=\"wpgb-card-media-content-bottom\"><a class=\"wpgb-block-2\" href=\"https:\/\/messe-montage.de\/en\/referenzen\/sms-group\/\">&gt;&gt;&gt;<\/a><\/div><\/div><\/div><a class=\"wpgb-card-layer-link\" href=\"https:\/\/messe-montage.de\/en\/referenzen\/sms-group\/\"><\/a><\/div><\/div><\/article><article class=\"wpgb-card wpgb-card-22 wpgb-post-89\" data-col=\"1\" data-row=\"1\" data-format=\"standard\" data-fluid><div class=\"wpgb-card-wrapper\"><div class=\"wpgb-card-inner\" data-action><div class=\"wpgb-card-media wpgb-scheme-light\"><svg data-ratio style=\"padding-top:66.67%\" viewbox=\"0 0 3 2\"><\/svg><div class=\"wpgb-card-media-thumbnail\"><a href=\"https:\/\/messe-montage.de\/wp-content\/uploads\/2023\/09\/Ueberbach-Messe-Montage-berlin_thyssen_krupp_17_023_web.jpg\" tabindex=\"-1\" class=\"wpgb-handle-lb wpgb-lightbox\" data-type=\"image\" data-rel=\"3\" data-title=\"Ueberbach-Messe-Montage-berlin_thyssen_krupp_17_023_web\" title=\"Enlarge photo\"><div class=\"wpgb-lazy-load\" data-wpgb-thumb=\"\" data-wpgb-src=\"https:\/\/messe-montage.de\/wp-content\/uploads\/2023\/09\/Ueberbach-Messe-Montage-berlin_thyssen_krupp_17_023_web-768x579.jpg\"><\/div><noscript><img loading=\"lazy\" decoding=\"async\" class=\"wpgb-noscript-img\" src=\"https:\/\/messe-montage.de\/wp-content\/uploads\/2023\/09\/Ueberbach-Messe-Montage-berlin_thyssen_krupp_17_023_web-768x579.jpg\" alt=\"\" height=\"579\" width=\"768\"><\/noscript><\/a><\/div><div class=\"wpgb-card-media-overlay\"><\/div><div class=\"wpgb-card-media-content\"><div class=\"wpgb-card-media-content-top\"><a class=\"wpgb-block-1\" href=\"https:\/\/messe-montage.de\/en\/referenzen\/thyssenkrupp\/\">Thyssenkrupp<\/a><a class=\"wpgb-block-4\" href=\"https:\/\/messe-montage.de\/en\/referenzen\/thyssenkrupp\/\">Client: STEADFAST Messebau<\/a><a class=\"wpgb-block-3\" href=\"https:\/\/messe-montage.de\/en\/referenzen\/thyssenkrupp\/\">Exhibition: Coil Winding Berlin<\/a><a class=\"wpgb-block-5\" href=\"https:\/\/messe-montage.de\/en\/referenzen\/thyssenkrupp\/\">140 + 50 sqm<\/a><\/div><div class=\"wpgb-card-media-content-bottom\"><a class=\"wpgb-block-2\" href=\"https:\/\/messe-montage.de\/en\/referenzen\/thyssenkrupp\/\">&gt;&gt;&gt;<\/a><\/div><\/div><\/div><a class=\"wpgb-card-layer-link\" href=\"https:\/\/messe-montage.de\/en\/referenzen\/thyssenkrupp\/\"><\/a><\/div><\/div><\/article><article class=\"wpgb-card wpgb-card-22 wpgb-post-437\" data-col=\"1\" data-row=\"1\" data-format=\"standard\" data-fluid><div class=\"wpgb-card-wrapper\"><div class=\"wpgb-card-inner\" data-action><div class=\"wpgb-card-media wpgb-scheme-light\"><svg data-ratio style=\"padding-top:66.67%\" viewbox=\"0 0 3 2\"><\/svg><div class=\"wpgb-card-media-thumbnail\"><a href=\"https:\/\/messe-montage.de\/wp-content\/uploads\/2023\/09\/wunderlich01.jpg\" tabindex=\"-1\" class=\"wpgb-handle-lb wpgb-lightbox\" data-type=\"image\" data-rel=\"3\" data-title=\"wunderlich01\" title=\"Enlarge photo\"><div class=\"wpgb-lazy-load\" data-wpgb-thumb=\"\" data-wpgb-src=\"https:\/\/messe-montage.de\/wp-content\/uploads\/2023\/09\/wunderlich01-768x579.jpg\"><\/div><noscript><img loading=\"lazy\" decoding=\"async\" class=\"wpgb-noscript-img\" src=\"https:\/\/messe-montage.de\/wp-content\/uploads\/2023\/09\/wunderlich01-768x579.jpg\" alt=\"\" height=\"579\" width=\"768\"><\/noscript><\/a><\/div><div class=\"wpgb-card-media-overlay\"><\/div><div class=\"wpgb-card-media-content\"><div class=\"wpgb-card-media-content-top\"><a class=\"wpgb-block-1\" href=\"https:\/\/messe-montage.de\/en\/referenzen\/wunderlich\/\">Whimsical<\/a><a class=\"wpgb-block-4\" href=\"https:\/\/messe-montage.de\/en\/referenzen\/wunderlich\/\">Client: Wunderlich<\/a><a class=\"wpgb-block-3\" href=\"https:\/\/messe-montage.de\/en\/referenzen\/wunderlich\/\">Fair: International motorcycle trade fair in Friedrichshafen, Germany<\/a><a class=\"wpgb-block-5\" href=\"https:\/\/messe-montage.de\/en\/referenzen\/wunderlich\/\">64 sqm<\/a><\/div><div class=\"wpgb-card-media-content-bottom\"><a class=\"wpgb-block-2\" href=\"https:\/\/messe-montage.de\/en\/referenzen\/wunderlich\/\">&gt;&gt;&gt;<\/a><\/div><\/div><\/div><a class=\"wpgb-card-layer-link\" href=\"https:\/\/messe-montage.de\/en\/referenzen\/wunderlich\/\"><\/a><\/div><\/div><\/article><article class=\"wpgb-card wpgb-card-22 wpgb-post-432\" data-col=\"1\" data-row=\"1\" data-format=\"standard\" data-fluid><div class=\"wpgb-card-wrapper\"><div class=\"wpgb-card-inner\" data-action><div class=\"wpgb-card-media wpgb-scheme-light\"><svg data-ratio style=\"padding-top:66.67%\" viewbox=\"0 0 3 2\"><\/svg><div class=\"wpgb-card-media-thumbnail\"><a href=\"https:\/\/messe-montage.de\/wp-content\/uploads\/2023\/09\/henkel01-07-02-2018.jpg\" tabindex=\"-1\" class=\"wpgb-handle-lb wpgb-lightbox\" data-type=\"image\" data-rel=\"3\" data-title=\"henkel01-07-02-2018\" title=\"Enlarge photo\"><div class=\"wpgb-lazy-load\" data-wpgb-thumb=\"\" data-wpgb-src=\"https:\/\/messe-montage.de\/wp-content\/uploads\/2023\/09\/henkel01-07-02-2018-768x579.jpg\"><\/div><noscript><img loading=\"lazy\" decoding=\"async\" class=\"wpgb-noscript-img\" src=\"https:\/\/messe-montage.de\/wp-content\/uploads\/2023\/09\/henkel01-07-02-2018-768x579.jpg\" alt=\"\" height=\"579\" width=\"768\"><\/noscript><\/a><\/div><div class=\"wpgb-card-media-overlay\"><\/div><div class=\"wpgb-card-media-content\"><div class=\"wpgb-card-media-content-top\"><a class=\"wpgb-block-1\" href=\"https:\/\/messe-montage.de\/en\/referenzen\/henkel-3\/\">Henkel<\/a><a class=\"wpgb-block-4\" href=\"https:\/\/messe-montage.de\/en\/referenzen\/henkel-3\/\">Client: SCHENDEL &amp; PAWLACZYK<\/a><a class=\"wpgb-block-3\" href=\"https:\/\/messe-montage.de\/en\/referenzen\/henkel-3\/\">Exhibition: HAGEBAU Cologne<\/a><a class=\"wpgb-block-5\" href=\"https:\/\/messe-montage.de\/en\/referenzen\/henkel-3\/\">99 sqm<\/a><\/div><div class=\"wpgb-card-media-content-bottom\"><a class=\"wpgb-block-2\" href=\"https:\/\/messe-montage.de\/en\/referenzen\/henkel-3\/\">&gt;&gt;&gt;<\/a><\/div><\/div><\/div><a class=\"wpgb-card-layer-link\" href=\"https:\/\/messe-montage.de\/en\/referenzen\/henkel-3\/\"><\/a><\/div><\/div><\/article><article class=\"wpgb-card wpgb-card-22 wpgb-post-490\" data-col=\"1\" data-row=\"1\" data-format=\"standard\" data-fluid><div class=\"wpgb-card-wrapper\"><div class=\"wpgb-card-inner\" data-action><div class=\"wpgb-card-media wpgb-scheme-light\"><svg data-ratio style=\"padding-top:66.67%\" viewbox=\"0 0 3 2\"><\/svg><div class=\"wpgb-card-media-thumbnail\"><a href=\"https:\/\/messe-montage.de\/wp-content\/uploads\/2023\/09\/IMG_0375_web.jpg\" tabindex=\"-1\" class=\"wpgb-handle-lb wpgb-lightbox\" data-type=\"image\" data-rel=\"3\" data-title=\"IMG_0375_web\" title=\"Enlarge photo\"><div class=\"wpgb-lazy-load\" data-wpgb-thumb=\"\" data-wpgb-src=\"https:\/\/messe-montage.de\/wp-content\/uploads\/2023\/09\/IMG_0375_web-768x579.jpg\"><\/div><noscript><img loading=\"lazy\" decoding=\"async\" class=\"wpgb-noscript-img\" src=\"https:\/\/messe-montage.de\/wp-content\/uploads\/2023\/09\/IMG_0375_web-768x579.jpg\" alt=\"\" height=\"579\" width=\"768\"><\/noscript><\/a><\/div><div class=\"wpgb-card-media-overlay\"><\/div><div class=\"wpgb-card-media-content\"><div class=\"wpgb-card-media-content-top\"><a class=\"wpgb-block-1\" href=\"https:\/\/messe-montage.de\/en\/referenzen\/henkel-4\/\">Henkel<\/a><a class=\"wpgb-block-4\" href=\"https:\/\/messe-montage.de\/en\/referenzen\/henkel-4\/\">Client: SCHENDEL &amp; PAWLACZYK<\/a><a class=\"wpgb-block-3\" href=\"https:\/\/messe-montage.de\/en\/referenzen\/henkel-4\/\">Exhibition: Drinktec in Munich, label Expo Brussels, MEGA2017 - Hamburg, Interpack D\u00fcsseldorf, PCIM - N\u00fcrnberg and more<\/a><a class=\"wpgb-block-5\" href=\"https:\/\/messe-montage.de\/en\/referenzen\/henkel-4\/\">50 - 80 sq. m<\/a><\/div><div class=\"wpgb-card-media-content-bottom\"><a class=\"wpgb-block-2\" href=\"https:\/\/messe-montage.de\/en\/referenzen\/henkel-4\/\">&gt;&gt;&gt;<\/a><\/div><\/div><\/div><a class=\"wpgb-card-layer-link\" href=\"https:\/\/messe-montage.de\/en\/referenzen\/henkel-4\/\"><\/a><\/div><\/div><\/article><article class=\"wpgb-card wpgb-card-22 wpgb-post-402\" data-col=\"1\" data-row=\"1\" data-format=\"standard\" data-fluid><div class=\"wpgb-card-wrapper\"><div class=\"wpgb-card-inner\" data-action><div class=\"wpgb-card-media wpgb-scheme-light\"><svg data-ratio style=\"padding-top:66.67%\" viewbox=\"0 0 3 2\"><\/svg><div class=\"wpgb-card-media-thumbnail\"><a href=\"https:\/\/messe-montage.de\/wp-content\/uploads\/2023\/09\/remmers01.jpg\" tabindex=\"-1\" class=\"wpgb-handle-lb wpgb-lightbox\" data-type=\"image\" data-rel=\"3\" data-title=\"remmers01\" title=\"Enlarge photo\"><div class=\"wpgb-lazy-load\" data-wpgb-thumb=\"\" data-wpgb-src=\"https:\/\/messe-montage.de\/wp-content\/uploads\/2023\/09\/remmers01-768x579.jpg\"><\/div><noscript><img loading=\"lazy\" decoding=\"async\" class=\"wpgb-noscript-img\" src=\"https:\/\/messe-montage.de\/wp-content\/uploads\/2023\/09\/remmers01-768x579.jpg\" alt=\"\" height=\"579\" width=\"768\"><\/noscript><\/a><\/div><div class=\"wpgb-card-media-overlay\"><\/div><div class=\"wpgb-card-media-content\"><div class=\"wpgb-card-media-content-top\"><a class=\"wpgb-block-1\" href=\"https:\/\/messe-montage.de\/en\/referenzen\/remmers\/\">remmers<\/a><a class=\"wpgb-block-4\" href=\"https:\/\/messe-montage.de\/en\/referenzen\/remmers\/\">Client: BLICKFANG Messebau<\/a><a class=\"wpgb-block-3\" href=\"https:\/\/messe-montage.de\/en\/referenzen\/remmers\/\">Exhibition: Fensterbau FRONTALE 2018<\/a><\/div><div class=\"wpgb-card-media-content-bottom\"><a class=\"wpgb-block-2\" href=\"https:\/\/messe-montage.de\/en\/referenzen\/remmers\/\">&gt;&gt;&gt;<\/a><\/div><\/div><\/div><a class=\"wpgb-card-layer-link\" href=\"https:\/\/messe-montage.de\/en\/referenzen\/remmers\/\"><\/a><\/div><\/div><\/article><article class=\"wpgb-card wpgb-card-22 wpgb-post-463\" data-col=\"1\" data-row=\"1\" data-format=\"standard\" data-fluid><div class=\"wpgb-card-wrapper\"><div class=\"wpgb-card-inner\" data-action><div class=\"wpgb-card-media wpgb-scheme-light\"><svg data-ratio style=\"padding-top:66.67%\" viewbox=\"0 0 3 2\"><\/svg><div class=\"wpgb-card-media-thumbnail\"><a href=\"https:\/\/messe-montage.de\/wp-content\/uploads\/2023\/09\/IMG_0315_web.jpg\" tabindex=\"-1\" class=\"wpgb-handle-lb wpgb-lightbox\" data-type=\"image\" data-rel=\"3\" data-title=\"IMG_0315_web\" title=\"Enlarge photo\"><div class=\"wpgb-lazy-load\" data-wpgb-thumb=\"\" data-wpgb-src=\"https:\/\/messe-montage.de\/wp-content\/uploads\/2023\/09\/IMG_0315_web-768x579.jpg\"><\/div><noscript><img loading=\"lazy\" decoding=\"async\" class=\"wpgb-noscript-img\" src=\"https:\/\/messe-montage.de\/wp-content\/uploads\/2023\/09\/IMG_0315_web-768x579.jpg\" alt=\"\" height=\"579\" width=\"768\"><\/noscript><\/a><\/div><div class=\"wpgb-card-media-overlay\"><\/div><div class=\"wpgb-card-media-content\"><div class=\"wpgb-card-media-content-top\"><a class=\"wpgb-block-1\" href=\"https:\/\/messe-montage.de\/en\/referenzen\/keuco\/\">KEUCO<\/a><a class=\"wpgb-block-4\" href=\"https:\/\/messe-montage.de\/en\/referenzen\/keuco\/\">Client: MC2<\/a><a class=\"wpgb-block-3\" href=\"https:\/\/messe-montage.de\/en\/referenzen\/keuco\/\">Fair: the ISH 2017 in Frankfurt<\/a><a class=\"wpgb-block-5\" href=\"https:\/\/messe-montage.de\/en\/referenzen\/keuco\/\">660 sqm, 2-storey<\/a><\/div><div class=\"wpgb-card-media-content-bottom\"><a class=\"wpgb-block-2\" href=\"https:\/\/messe-montage.de\/en\/referenzen\/keuco\/\">&gt;&gt;&gt;<\/a><\/div><\/div><\/div><a class=\"wpgb-card-layer-link\" href=\"https:\/\/messe-montage.de\/en\/referenzen\/keuco\/\"><\/a><\/div><\/div><\/article><article class=\"wpgb-card wpgb-card-22 wpgb-post-474\" data-col=\"1\" data-row=\"1\" data-format=\"standard\" data-fluid><div class=\"wpgb-card-wrapper\"><div class=\"wpgb-card-inner\" data-action><div class=\"wpgb-card-media wpgb-scheme-light\"><svg data-ratio style=\"padding-top:66.67%\" viewbox=\"0 0 3 2\"><\/svg><div class=\"wpgb-card-media-thumbnail\"><a href=\"https:\/\/messe-montage.de\/wp-content\/uploads\/2023\/09\/frankfurt_fissler_2016_1_web.jpg\" tabindex=\"-1\" class=\"wpgb-handle-lb wpgb-lightbox\" data-type=\"image\" data-rel=\"3\" data-title=\"frankfurt_fissler_2016_1_web\" title=\"Enlarge photo\"><div class=\"wpgb-lazy-load\" data-wpgb-thumb=\"\" data-wpgb-src=\"https:\/\/messe-montage.de\/wp-content\/uploads\/2023\/09\/frankfurt_fissler_2016_1_web-768x579.jpg\"><\/div><noscript><img loading=\"lazy\" decoding=\"async\" class=\"wpgb-noscript-img\" src=\"https:\/\/messe-montage.de\/wp-content\/uploads\/2023\/09\/frankfurt_fissler_2016_1_web-768x579.jpg\" alt=\"\" height=\"579\" width=\"768\"><\/noscript><\/a><\/div><div class=\"wpgb-card-media-overlay\"><\/div><div class=\"wpgb-card-media-content\"><div class=\"wpgb-card-media-content-top\"><a class=\"wpgb-block-1\" href=\"https:\/\/messe-montage.de\/en\/referenzen\/fissler\/\">Fissler<\/a><a class=\"wpgb-block-4\" href=\"https:\/\/messe-montage.de\/en\/referenzen\/fissler\/\">Client: STEADFAST Messebau<\/a><a class=\"wpgb-block-3\" href=\"https:\/\/messe-montage.de\/en\/referenzen\/fissler\/\">Exhibition: Ambiente, Frankfurt, Germany, since 2014<\/a><a class=\"wpgb-block-5\" href=\"https:\/\/messe-montage.de\/en\/referenzen\/fissler\/\">462 sq. m, 2 floors<\/a><\/div><div class=\"wpgb-card-media-content-bottom\"><a class=\"wpgb-block-2\" href=\"https:\/\/messe-montage.de\/en\/referenzen\/fissler\/\">&gt;&gt;&gt;<\/a><\/div><\/div><\/div><a class=\"wpgb-card-layer-link\" href=\"https:\/\/messe-montage.de\/en\/referenzen\/fissler\/\"><\/a><\/div><\/div><\/article><article class=\"wpgb-card wpgb-card-22 wpgb-post-440\" data-col=\"1\" data-row=\"1\" data-format=\"standard\" data-fluid><div class=\"wpgb-card-wrapper\"><div class=\"wpgb-card-inner\" data-action><div class=\"wpgb-card-media wpgb-scheme-light\"><svg data-ratio style=\"padding-top:66.67%\" viewbox=\"0 0 3 2\"><\/svg><div class=\"wpgb-card-media-thumbnail\"><a href=\"https:\/\/messe-montage.de\/wp-content\/uploads\/2023\/09\/LIDL_Blickfang_CMT_02.jpg\" tabindex=\"-1\" class=\"wpgb-handle-lb wpgb-lightbox\" data-type=\"image\" data-rel=\"3\" data-title=\"LIDL_Blickfang_CMT_02\" title=\"Enlarge photo\"><div class=\"wpgb-lazy-load\" data-wpgb-thumb=\"\" data-wpgb-src=\"https:\/\/messe-montage.de\/wp-content\/uploads\/2023\/09\/LIDL_Blickfang_CMT_02-768x579.jpg\"><\/div><noscript><img loading=\"lazy\" decoding=\"async\" class=\"wpgb-noscript-img\" src=\"https:\/\/messe-montage.de\/wp-content\/uploads\/2023\/09\/LIDL_Blickfang_CMT_02-768x579.jpg\" alt=\"\" height=\"579\" width=\"768\"><\/noscript><\/a><\/div><div class=\"wpgb-card-media-overlay\"><\/div><div class=\"wpgb-card-media-content\"><div class=\"wpgb-card-media-content-top\"><a class=\"wpgb-block-1\" href=\"https:\/\/messe-montage.de\/en\/referenzen\/lidl\/\">Lidl<\/a><a class=\"wpgb-block-4\" href=\"https:\/\/messe-montage.de\/en\/referenzen\/lidl\/\">Client: BLICKFANG Messebau<\/a><a class=\"wpgb-block-3\" href=\"https:\/\/messe-montage.de\/en\/referenzen\/lidl\/\">Show: CMT 2018 Stuttgart<\/a><a class=\"wpgb-block-5\" href=\"https:\/\/messe-montage.de\/en\/referenzen\/lidl\/\">121 sqm<\/a><\/div><div class=\"wpgb-card-media-content-bottom\"><a class=\"wpgb-block-2\" href=\"https:\/\/messe-montage.de\/en\/referenzen\/lidl\/\">&gt;&gt;&gt;<\/a><\/div><\/div><\/div><a class=\"wpgb-card-layer-link\" href=\"https:\/\/messe-montage.de\/en\/referenzen\/lidl\/\"><\/a><\/div><\/div><\/article><article class=\"wpgb-card wpgb-card-22 wpgb-post-497\" data-col=\"1\" data-row=\"1\" data-format=\"standard\" data-fluid><div class=\"wpgb-card-wrapper\"><div class=\"wpgb-card-inner\" data-action><div class=\"wpgb-card-media wpgb-scheme-light\"><svg data-ratio style=\"padding-top:66.67%\" viewbox=\"0 0 3 2\"><\/svg><div class=\"wpgb-card-media-thumbnail\"><a href=\"https:\/\/messe-montage.de\/wp-content\/uploads\/2023\/09\/IMG_0328_web.jpg\" tabindex=\"-1\" class=\"wpgb-handle-lb wpgb-lightbox\" data-type=\"image\" data-rel=\"3\" data-title=\"IMG_0328_web\" title=\"Enlarge photo\"><div class=\"wpgb-lazy-load\" data-wpgb-thumb=\"\" data-wpgb-src=\"https:\/\/messe-montage.de\/wp-content\/uploads\/2023\/09\/IMG_0328_web-768x579.jpg\"><\/div><noscript><img loading=\"lazy\" decoding=\"async\" class=\"wpgb-noscript-img\" src=\"https:\/\/messe-montage.de\/wp-content\/uploads\/2023\/09\/IMG_0328_web-768x579.jpg\" alt=\"\" height=\"579\" width=\"768\"><\/noscript><\/a><\/div><div class=\"wpgb-card-media-overlay\"><\/div><div class=\"wpgb-card-media-content\"><div class=\"wpgb-card-media-content-top\"><a class=\"wpgb-block-1\" href=\"https:\/\/messe-montage.de\/en\/referenzen\/intensiv-swiss-dental-products\/\">Intensive Swiss Dental Products<\/a><a class=\"wpgb-block-4\" href=\"https:\/\/messe-montage.de\/en\/referenzen\/intensiv-swiss-dental-products\/\">Client: BLICKFANG Messebau<\/a><a class=\"wpgb-block-3\" href=\"https:\/\/messe-montage.de\/en\/referenzen\/intensiv-swiss-dental-products\/\">Exhibition: IDS - Cologne<\/a><a class=\"wpgb-block-5\" href=\"https:\/\/messe-montage.de\/en\/referenzen\/intensiv-swiss-dental-products\/\">48 sqm<\/a><\/div><div class=\"wpgb-card-media-content-bottom\"><a class=\"wpgb-block-2\" href=\"https:\/\/messe-montage.de\/en\/referenzen\/intensiv-swiss-dental-products\/\">&gt;&gt;&gt;<\/a><\/div><\/div><\/div><a class=\"wpgb-card-layer-link\" href=\"https:\/\/messe-montage.de\/en\/referenzen\/intensiv-swiss-dental-products\/\"><\/a><\/div><\/div><\/article><article class=\"wpgb-card wpgb-card-22 wpgb-post-503\" data-col=\"1\" data-row=\"1\" data-format=\"standard\" data-fluid><div class=\"wpgb-card-wrapper\"><div class=\"wpgb-card-inner\" data-action><div class=\"wpgb-card-media wpgb-scheme-light\"><svg data-ratio style=\"padding-top:66.67%\" viewbox=\"0 0 3 2\"><\/svg><div class=\"wpgb-card-media-thumbnail\"><a href=\"https:\/\/messe-montage.de\/wp-content\/uploads\/2023\/09\/DLR-Hannover-Messestand_web.jpg\" tabindex=\"-1\" class=\"wpgb-handle-lb wpgb-lightbox\" data-type=\"image\" data-rel=\"3\" data-title=\"DLR-Hannover-Messestand_web\" title=\"Enlarge photo\"><div class=\"wpgb-lazy-load\" data-wpgb-thumb=\"\" data-wpgb-src=\"https:\/\/messe-montage.de\/wp-content\/uploads\/2023\/09\/DLR-Hannover-Messestand_web-768x579.jpg\"><\/div><noscript><img loading=\"lazy\" decoding=\"async\" class=\"wpgb-noscript-img\" src=\"https:\/\/messe-montage.de\/wp-content\/uploads\/2023\/09\/DLR-Hannover-Messestand_web-768x579.jpg\" alt=\"\" height=\"579\" width=\"768\"><\/noscript><\/a><\/div><div class=\"wpgb-card-media-overlay\"><\/div><div class=\"wpgb-card-media-content\"><div class=\"wpgb-card-media-content-top\"><a class=\"wpgb-block-1\" href=\"https:\/\/messe-montage.de\/en\/referenzen\/deutsche-zentrum-fuer-luft-und-raumfahrt-dlr-2\/\">German center for air and space travel (DLR)<\/a><a class=\"wpgb-block-4\" href=\"https:\/\/messe-montage.de\/en\/referenzen\/deutsche-zentrum-fuer-luft-und-raumfahrt-dlr-2\/\">Client: CD Werbeagentur<\/a><a class=\"wpgb-block-3\" href=\"https:\/\/messe-montage.de\/en\/referenzen\/deutsche-zentrum-fuer-luft-und-raumfahrt-dlr-2\/\">Exhibition: Hannover Messe<\/a><a class=\"wpgb-block-5\" href=\"https:\/\/messe-montage.de\/en\/referenzen\/deutsche-zentrum-fuer-luft-und-raumfahrt-dlr-2\/\">116 sqm<\/a><\/div><div class=\"wpgb-card-media-content-bottom\"><a class=\"wpgb-block-2\" href=\"https:\/\/messe-montage.de\/en\/referenzen\/deutsche-zentrum-fuer-luft-und-raumfahrt-dlr-2\/\">&gt;&gt;&gt;<\/a><\/div><\/div><\/div><a class=\"wpgb-card-layer-link\" href=\"https:\/\/messe-montage.de\/en\/referenzen\/deutsche-zentrum-fuer-luft-und-raumfahrt-dlr-2\/\"><\/a><\/div><\/div><\/article><article class=\"wpgb-card wpgb-card-22 wpgb-post-343\" data-col=\"1\" data-row=\"1\" data-format=\"standard\" data-fluid><div class=\"wpgb-card-wrapper\"><div class=\"wpgb-card-inner\" data-action><div class=\"wpgb-card-media wpgb-scheme-light\"><svg data-ratio style=\"padding-top:66.67%\" viewbox=\"0 0 3 2\"><\/svg><div class=\"wpgb-card-media-thumbnail\"><a href=\"https:\/\/messe-montage.de\/wp-content\/uploads\/2023\/09\/Vaillant-Standhaft-GETNORD-Hamburg01.jpg\" tabindex=\"-1\" class=\"wpgb-handle-lb wpgb-lightbox\" data-type=\"image\" data-rel=\"3\" data-title=\"Vaillant-Standhaft-GETNORD-Hamburg01\" title=\"Enlarge photo\"><div class=\"wpgb-lazy-load\" data-wpgb-thumb=\"\" data-wpgb-src=\"https:\/\/messe-montage.de\/wp-content\/uploads\/2023\/09\/Vaillant-Standhaft-GETNORD-Hamburg01-768x579.jpg\"><\/div><noscript><img loading=\"lazy\" decoding=\"async\" class=\"wpgb-noscript-img\" src=\"https:\/\/messe-montage.de\/wp-content\/uploads\/2023\/09\/Vaillant-Standhaft-GETNORD-Hamburg01-768x579.jpg\" alt=\"\" height=\"579\" width=\"768\"><\/noscript><\/a><\/div><div class=\"wpgb-card-media-overlay\"><\/div><div class=\"wpgb-card-media-content\"><div class=\"wpgb-card-media-content-top\"><a class=\"wpgb-block-1\" href=\"https:\/\/messe-montage.de\/en\/referenzen\/vaillant\/\">Vaillant Deutschland GmbH &amp; co. KG<\/a><a class=\"wpgb-block-4\" href=\"https:\/\/messe-montage.de\/en\/referenzen\/vaillant\/\">Client: Steadfast Messebau<\/a><a class=\"wpgb-block-3\" href=\"https:\/\/messe-montage.de\/en\/referenzen\/vaillant\/\">Exhibition: GETNORD in Hamburg 22.-24.11.2018<\/a><\/div><div class=\"wpgb-card-media-content-bottom\"><a class=\"wpgb-block-2\" href=\"https:\/\/messe-montage.de\/en\/referenzen\/vaillant\/\">&gt;&gt;&gt;<\/a><\/div><\/div><\/div><a class=\"wpgb-card-layer-link\" href=\"https:\/\/messe-montage.de\/en\/referenzen\/vaillant\/\"><\/a><\/div><\/div><\/article><article class=\"wpgb-card wpgb-card-22 wpgb-post-505\" data-col=\"1\" data-row=\"1\" data-format=\"standard\" data-fluid><div class=\"wpgb-card-wrapper\"><div class=\"wpgb-card-inner\" data-action><div class=\"wpgb-card-media wpgb-scheme-light\"><svg data-ratio style=\"padding-top:66.67%\" viewbox=\"0 0 3 2\"><\/svg><div class=\"wpgb-card-media-thumbnail\"><a href=\"https:\/\/messe-montage.de\/wp-content\/uploads\/2023\/09\/IMG_0354_web.jpg\" tabindex=\"-1\" class=\"wpgb-handle-lb wpgb-lightbox\" data-type=\"image\" data-rel=\"3\" data-title=\"IMG_0354_web\" title=\"Enlarge photo\"><div class=\"wpgb-lazy-load\" data-wpgb-thumb=\"\" data-wpgb-src=\"https:\/\/messe-montage.de\/wp-content\/uploads\/2023\/09\/IMG_0354_web-768x579.jpg\"><\/div><noscript><img loading=\"lazy\" decoding=\"async\" class=\"wpgb-noscript-img\" src=\"https:\/\/messe-montage.de\/wp-content\/uploads\/2023\/09\/IMG_0354_web-768x579.jpg\" alt=\"\" height=\"579\" width=\"768\"><\/noscript><\/a><\/div><div class=\"wpgb-card-media-overlay\"><\/div><div class=\"wpgb-card-media-content\"><div class=\"wpgb-card-media-content-top\"><a class=\"wpgb-block-1\" href=\"https:\/\/messe-montage.de\/en\/referenzen\/primion-group\/\">primion group<\/a><a class=\"wpgb-block-4\" href=\"https:\/\/messe-montage.de\/en\/referenzen\/primion-group\/\">Client: BLICKFANG Messebau<\/a><a class=\"wpgb-block-3\" href=\"https:\/\/messe-montage.de\/en\/referenzen\/primion-group\/\">Fair: Security Expo - Munich<\/a><a class=\"wpgb-block-5\" href=\"https:\/\/messe-montage.de\/en\/referenzen\/primion-group\/\">50 sqm<\/a><\/div><div class=\"wpgb-card-media-content-bottom\"><a class=\"wpgb-block-2\" href=\"https:\/\/messe-montage.de\/en\/referenzen\/primion-group\/\">&gt;&gt;&gt;<\/a><\/div><\/div><\/div><a class=\"wpgb-card-layer-link\" href=\"https:\/\/messe-montage.de\/en\/referenzen\/primion-group\/\"><\/a><\/div><\/div><\/article><article class=\"wpgb-card wpgb-card-22 wpgb-post-405\" data-col=\"1\" data-row=\"1\" data-format=\"standard\" data-fluid><div class=\"wpgb-card-wrapper\"><div class=\"wpgb-card-inner\" data-action><div class=\"wpgb-card-media wpgb-scheme-light\"><svg data-ratio style=\"padding-top:66.67%\" viewbox=\"0 0 3 2\"><\/svg><div class=\"wpgb-card-media-thumbnail\"><a href=\"https:\/\/messe-montage.de\/wp-content\/uploads\/2023\/09\/Ueberbach_Beumer-Logimat-Stuttgart3-fuer-Standhaft.jpg\" tabindex=\"-1\" class=\"wpgb-handle-lb wpgb-lightbox\" data-type=\"image\" data-rel=\"3\" data-title=\"Ueberbach_Beumer-Logimat-Stuttgart3-fu\u0308r-Standhaft\" title=\"Enlarge photo\"><div class=\"wpgb-lazy-load\" data-wpgb-thumb=\"\" data-wpgb-src=\"https:\/\/messe-montage.de\/wp-content\/uploads\/2023\/09\/Ueberbach_Beumer-Logimat-Stuttgart3-fuer-Standhaft-768x579.jpg\"><\/div><noscript><img loading=\"lazy\" decoding=\"async\" class=\"wpgb-noscript-img\" src=\"https:\/\/messe-montage.de\/wp-content\/uploads\/2023\/09\/Ueberbach_Beumer-Logimat-Stuttgart3-fuer-Standhaft-768x579.jpg\" alt=\"\" height=\"579\" width=\"768\"><\/noscript><\/a><\/div><div class=\"wpgb-card-media-overlay\"><\/div><div class=\"wpgb-card-media-content\"><div class=\"wpgb-card-media-content-top\"><a class=\"wpgb-block-1\" href=\"https:\/\/messe-montage.de\/en\/referenzen\/beumergroup\/\">Beumer group<\/a><a class=\"wpgb-block-4\" href=\"https:\/\/messe-montage.de\/en\/referenzen\/beumergroup\/\">Client: Steadfast Messebau GmbH<\/a><a class=\"wpgb-block-3\" href=\"https:\/\/messe-montage.de\/en\/referenzen\/beumergroup\/\">Exhibition: LogiMAT 2018 in Stuttgart, Germany<\/a><\/div><div class=\"wpgb-card-media-content-bottom\"><a class=\"wpgb-block-2\" href=\"https:\/\/messe-montage.de\/en\/referenzen\/beumergroup\/\">&gt;&gt;&gt;<\/a><\/div><\/div><\/div><a class=\"wpgb-card-layer-link\" href=\"https:\/\/messe-montage.de\/en\/referenzen\/beumergroup\/\"><\/a><\/div><\/div><\/article><article class=\"wpgb-card wpgb-card-22 wpgb-post-508\" data-col=\"1\" data-row=\"1\" data-format=\"standard\" data-fluid><div class=\"wpgb-card-wrapper\"><div class=\"wpgb-card-inner\" data-action><div class=\"wpgb-card-media wpgb-scheme-light\"><svg data-ratio style=\"padding-top:66.67%\" viewbox=\"0 0 3 2\"><\/svg><div class=\"wpgb-card-media-thumbnail\"><a href=\"https:\/\/messe-montage.de\/wp-content\/uploads\/2023\/09\/IMG_0356_web.jpg\" tabindex=\"-1\" class=\"wpgb-handle-lb wpgb-lightbox\" data-type=\"image\" data-rel=\"3\" data-title=\"IMG_0356_web\" title=\"Enlarge photo\"><div class=\"wpgb-lazy-load\" data-wpgb-thumb=\"\" data-wpgb-src=\"https:\/\/messe-montage.de\/wp-content\/uploads\/2023\/09\/IMG_0356_web-768x579.jpg\"><\/div><noscript><img loading=\"lazy\" decoding=\"async\" class=\"wpgb-noscript-img\" src=\"https:\/\/messe-montage.de\/wp-content\/uploads\/2023\/09\/IMG_0356_web-768x579.jpg\" alt=\"\" height=\"579\" width=\"768\"><\/noscript><\/a><\/div><div class=\"wpgb-card-media-overlay\"><\/div><div class=\"wpgb-card-media-content\"><div class=\"wpgb-card-media-content-top\"><a class=\"wpgb-block-1\" href=\"https:\/\/messe-montage.de\/en\/referenzen\/schwarzkopf\/\">Schwarzkopf<\/a><a class=\"wpgb-block-4\" href=\"https:\/\/messe-montage.de\/en\/referenzen\/schwarzkopf\/\">Client: Henkel<\/a><a class=\"wpgb-block-3\" href=\"https:\/\/messe-montage.de\/en\/referenzen\/schwarzkopf\/\">Exhibition: Hair Lounge Promotion<\/a><\/div><div class=\"wpgb-card-media-content-bottom\"><a class=\"wpgb-block-2\" href=\"https:\/\/messe-montage.de\/en\/referenzen\/schwarzkopf\/\">&gt;&gt;&gt;<\/a><\/div><\/div><\/div><a class=\"wpgb-card-layer-link\" href=\"https:\/\/messe-montage.de\/en\/referenzen\/schwarzkopf\/\"><\/a><\/div><\/div><\/article><article class=\"wpgb-card wpgb-card-22 wpgb-post-516\" data-col=\"1\" data-row=\"1\" data-format=\"standard\" data-fluid><div class=\"wpgb-card-wrapper\"><div class=\"wpgb-card-inner\" data-action><div class=\"wpgb-card-media wpgb-scheme-light\"><svg data-ratio style=\"padding-top:66.67%\" viewbox=\"0 0 3 2\"><\/svg><div class=\"wpgb-card-media-thumbnail\"><a href=\"https:\/\/messe-montage.de\/wp-content\/uploads\/2023\/09\/IMG_0449_web.jpg\" tabindex=\"-1\" class=\"wpgb-handle-lb wpgb-lightbox\" data-type=\"image\" data-rel=\"3\" data-title=\"IMG_0449_web\" title=\"Enlarge photo\"><div class=\"wpgb-lazy-load\" data-wpgb-thumb=\"\" data-wpgb-src=\"https:\/\/messe-montage.de\/wp-content\/uploads\/2023\/09\/IMG_0449_web-768x579.jpg\"><\/div><noscript><img loading=\"lazy\" decoding=\"async\" class=\"wpgb-noscript-img\" src=\"https:\/\/messe-montage.de\/wp-content\/uploads\/2023\/09\/IMG_0449_web-768x579.jpg\" alt=\"\" height=\"579\" width=\"768\"><\/noscript><\/a><\/div><div class=\"wpgb-card-media-overlay\"><\/div><div class=\"wpgb-card-media-content\"><div class=\"wpgb-card-media-content-top\"><a class=\"wpgb-block-1\" href=\"https:\/\/messe-montage.de\/en\/referenzen\/schwarzkopf-2\/\">Schwarzkopf<\/a><a class=\"wpgb-block-4\" href=\"https:\/\/messe-montage.de\/en\/referenzen\/schwarzkopf-2\/\">Client: Henkel<\/a><a class=\"wpgb-block-3\" href=\"https:\/\/messe-montage.de\/en\/referenzen\/schwarzkopf-2\/\">Exhibition: TopHair - Dusseldorf<\/a><\/div><div class=\"wpgb-card-media-content-bottom\"><a class=\"wpgb-block-2\" href=\"https:\/\/messe-montage.de\/en\/referenzen\/schwarzkopf-2\/\">&gt;&gt;&gt;<\/a><\/div><\/div><\/div><a class=\"wpgb-card-layer-link\" href=\"https:\/\/messe-montage.de\/en\/referenzen\/schwarzkopf-2\/\"><\/a><\/div><\/div><\/article>\t\t<\/div>\n\t<\/div>\n\t<div class=\"wpgb-area wpgb-area-left\">\n\t<button type=\"button\" class=\"wpgb-prev-button\" aria-label=\"Previous slide\" hidden>\n\t<svg><use xlink:href=\"https:\/\/messe-montage.de\/wp-content\/plugins\/wp-grid-builder\/public\/svg\/arrows\/arrow-left.svg#wpgb-icon\"\/><\/svg><\/button>\n<\/div>\n<div class=\"wpgb-area wpgb-area-right\">\n\t<button type=\"button\" class=\"wpgb-next-button\" aria-label=\"Next slide\" hidden>\n\t<svg><use xlink:href=\"https:\/\/messe-montage.de\/wp-content\/plugins\/wp-grid-builder\/public\/svg\/arrows\/arrow-right.svg#wpgb-icon\"\/><\/svg><\/button>\n<\/div>\n<\/div>\n\t<\/div>\n\t\t<\/div>\n<\/div>\n<\/div>\n\t\t\t\t<\/div>\n\t\t\t\t<\/div>\n\t\t\t\t\t<\/div>\n\t\t<\/div>\n\t\t\t\t\t<\/div>\n\t\t<\/section>\n\t\t\t\t<\/div>","protected":false},"excerpt":{"rendered":"<p>Messe Montage f\u00fcr Unternehmen Unternehmen Agenturen Messebauer Wir montieren Messest\u00e4nde und Eventbauten f\u00fcr Ihr Unternehmen oder Ihre Organisation. Wir bauen und montieren Ihren Messestand. Nach Ihren Ideen und Pl\u00e4nen. Aus 2D macht 3D. Begehbar, erlebbar und eindrucksvoll. Nat\u00fcrlich nach allen Regeln der Messe oder der Eventlocation. In Deutschland und Europa. Termin- und preissicher. Fachgerecht, sauber, [&hellip;]<\/p>","protected":false},"author":1,"featured_media":0,"parent":21,"menu_order":0,"comment_status":"closed","ping_status":"closed","template":"elementor_header_footer","meta":{"_acf_changed":false,"rank_math_lock_modified_date":false,"footnotes":""},"class_list":["post-772","page","type-page","status-publish","hentry","wpbf-post"],"acf":[],"rankMath":{"parentDomain":"messe-montage.de","noFollowDomains":[],"noFollowExcludeDomains":[],"noFollowExternalLinks":false,"featuredImageNotice":"The featured image should be at least 200 by 200 pixels to be picked up by Facebook and other social media sites.","pluginReviewed":false,"postSettings":{"linkSuggestions":false,"useFocusKeyword":false},"frontEndScore":false,"postName":"img_0449_web","permalinkFormat":"https:\/\/messe-montage.de\/en\/referenzen\/schwarzkopf-2\/%postname%\/","showLockModifiedDate":true,"assessor":{"focusKeywordLink":"https:\/\/messe-montage.de\/wp-admin\/edit.php?focus_keyword=%focus_keyword%&post_type=%post_type%","hasTOCPlugin":true,"primaryTaxonomy":false,"serpData":{"title":"","description":"","focusKeywords":"","pillarContent":false,"canonicalUrl":"","breadcrumbTitle":"","advancedRobots":{"max-snippet":"-1","max-video-preview":"-1","max-image-preview":"large"},"facebookTitle":"","facebookDescription":"","facebookImage":"","facebookImageID":"","facebookHasOverlay":false,"facebookImageOverlay":"","facebookAuthor":"","twitterCardType":"","twitterUseFacebook":true,"twitterTitle":"","twitterDescription":"","twitterImage":"","twitterImageID":"","twitterHasOverlay":false,"twitterImageOverlay":"","twitterPlayerUrl":"","twitterPlayerSize":"","twitterPlayerStream":"","twitterPlayerStreamCtype":"","twitterAppDescription":"","twitterAppIphoneName":"","twitterAppIphoneID":"","twitterAppIphoneUrl":"","twitterAppIpadName":"","twitterAppIpadID":"","twitterAppIpadUrl":"","twitterAppGoogleplayName":"","twitterAppGoogleplayID":"","twitterAppGoogleplayUrl":"","twitterAppCountry":"","robots":{"index":true},"twitterAuthor":"username","primaryTerm":0,"authorName":"Andreas Kranz","titleTemplate":"%title% %sep% %sitename%","descriptionTemplate":"%excerpt%","showScoreFrontend":true,"lockModifiedDate":false},"powerWords":["a cut above","absolute","absolutely","absolutely lowest","absurd","abuse","accurate","accuse","achieve","actionable","adaptable","adequate","admit","adorable","advantage","advice","affordable","aggravate","aggressive","agitated","agonizing","agony","alarmed","alarming","alienated","aligned","alive","all-inclusive","alluring","always","amazing","amp","animated","annihilate","announcing","anonymous","antagonistic","anxious","apocalypse","appalled","approved","approving","argumentative","armageddon","arrogant","ass kicking","assault","assured","astonishing","astounded","astounding","at ease","atrocious","attack","attractive","audacity","authentic","authoritative","authority","avoid","aware","awe-inspiring","awesome","awkward","backbone","backdoor","backed","backlash","backstabbing","badass","balanced","banned","bargain","barrage","basic","battle","beaming","beat down","beating","beautiful","beauty","begging","behind the scenes","belief","belong","best","best-selling","better","beware","big","billion","black market","blacklisted","blast","blessed","blinded","blissful","blood","bloodbath","bloodcurdling","bloody","blunder","blushing","bold","bomb","bona","bona fide","bonanza","bonus","bootleg","bottom line","bountiful","brave","bravery","brazen","break","breaking","breakthrough","breathtaking","bright","brilliant","broke","brutal","budget","buffoon","bullshit","bully","bumbling","buy","cadaver","calm","cancel anytime","capable","captivate","captivating","carefree","case study","cash","cataclysmic","catapult","catastrophe","caution","censored","centered","certain","certainly","certified","challenge","charming","cheap","cheat","cheat-sheet","cheer","cheerful","child-like","clarity","classified","clear","clueless","collapse","colorful","colossal","comfortable","compare","competitive","complete","completely","completeness","comprehensive","compromise","compulsive","concealed","conclusive","condemning","condescending","confess","confession","confessions","confident","confidential","conquer","conscientious","constructive","content","contrary","controlling","controversial","convenient","convert","cool","cooperative","copy","corpse","corrupt","corrupting","courage","courageous","cover-up","covert","coward","cowardly","crammed","crave","crazy","create","creative","cringeworthy","cripple","crisis","critical","crooked","crush","crushing","damaging","danger","dangerous","daring","dazzling","dead","deadline","deadly","death","decadent","deceived","deceptive","deep","defiance","definitely","definitive","defying","dejected","delicious","delight","delighted","delightful","delirious","delivered","demoralizing","deplorable","depraved","desire","desperate","despicable","destiny","destroy","detailed","devastating","devoted","diagnosed","direct","dirty","disadvantages","disastrous","discount","discover","disdainful","disempowered","disgusted","disgusting","dishonest","disillusioned","disoriented","distracted","distraught","distressed","distrustful","divulge","document","dollar","dominate","doomed","double","doubtful","download","dreadful","dreamy","drive","drowning","dumb","dynamic","eager","earnest","easily","easy","economical","ecstatic","edge","effective","efficient","effortless","elated","eliminate","elite","embarrass","embarrassed","embarrassing","emergency","emerging","emphasize","empowered","enchant","encouraged","endorsed","energetic","energy","enormous","enraged","enthusiastic","envy","epic","epidemic","essential","ethical","euphoric","evil","exactly","exasperated","excellent","excited","excitement","exciting","exclusive","exclusivity","excruciating","exhilarated","expensive","expert","explode","exploit","explosive","exposed","exquisite","extra","extraordinary","extremely","exuberant","eye-opening","fail","fail-proof","failure","faith","famous","fantasy","fascinating","fatigued","faux","faux pas","fearless","feast","feeble","festive","fide","fierce","fight","final","fine","fired","first","first ever","flirt","fluid","focus","focused","fool","fooled","foolish","forbidden","force-fed","forever","forgiving","forgotten","formula","fortune","foul","frantic","free","freebie","freedom","frenzied","frenzy","frightening","frisky","frugal","frustrated","fulfill","fulfilled","full","fully","fun","fun-loving","fundamentals","funniest","funny","furious","gambling","gargantuan","genius","genuine","gift","gigantic","giveaway","glamorous","gleeful","glorious","glowing","goddamn","gorgeous","graceful","grateful","gratified","gravity","great","greatest","greatness","greed","greedy","gripping","grit","grounded","growth","guaranteed","guilt","guilt-free","gullible","guts","hack","happiness","happy","harmful","harsh","hate","have you heard","havoc","hazardous","healthy","heart","heartbreaking","heartwarming","heavenly","hell","helpful","helplessness","hero","hesitant","hidden","high tech","highest","highly effective","hilarious","hoak","hoax","honest","honored","hope","hopeful","horribly","horrific","horrifying","horror","hostile","how to","huge","humility","humor","hurricane","hurry","hypnotic","idiot","ignite","illegal","illusive","imagination","immediately","imminently","impatience","impatient","impenetrable","important","impressive","improved","in the zone","incapable","incapacitated","incompetent","inconsiderate","increase","incredible","indecisive","indulgence","indulgent","inexpensive","inferior","informative","infuriated","ingredients","innocent","innovative","insane","insecure","insider","insidious","inspired","inspiring","instant savings","instantly","instructive","insult","intel","intelligent","intense","interesting","intriguing","introducing","invasion","investment","iron-clad","ironclad","irresistible","irs","is here","jackpot","jail","jaw-dropping","jealous","jeopardy","jittery","jovial","joyous","jubilant","judgmental","jumpstart","just arrived","keen","kickass","kickstart","kill","killed","killing","kills","know it all","lame","largest","lascivious","last","last chance","last minute","latest","laugh","laughing","launch","launching","lavishly","lawsuit","lazy","left behind","legendary","legitimate","liberal","liberated","lick","lies","life-changing","lifetime","light","lighthearted","likely","limited","literally","little-known","loathsome","lonely","looming","loser","lost","love","lucrative","lunatic","lurking","lust","luxurious","luxury","lying","magic","magical","magnificent","mainstream","malicious","mammoth","manipulative","marked down","massive","master","masterclass","maul","mediocre","meditative","meltdown","memorability","memorable","menacing","mesmerizing","meticulous","mind-blowing","minimalist","miracle","mired","mischievous","misgiving","missing out","mistake","monetize","money","moneyback","moneygrubbing","monumental","most important","motivated","mouth-watering","murder","mystery","nail","naked","natural","naughty","nazi","nest egg","never","new","nightmare","no good","no obligation","no one talks about","no questions asked","no risk","no strings attached","non-controlling","noted","novelty","now","obnoxious","obsessed","obsession","obvious","odd","off-kilter","off-limits","off-the record","offensive","official","okay","on-demand","open-minded","opportunities","optimistic","ordeal","outlawed","outrageousness","outstanding","overcome","overjoyed","overnight","overwhelmed","packed","painful","painless","painstaking","pale","panic","panicked","paralyzed","pas","passionate","pathetic","pay zero","payback","perfect","peril","perplexed","perspective","pessimistic","pioneering","piranha","pitfall","pitiful","placid","plague","played","playful","pleased","pluck","plummet","plunge","poison","poisonous","polarizing","poor","popular","portfolio","pound","powerful","powerless","practical","preposterous","prestige","price","priceless","pride","prison","privacy","private","privileged","prize","problem","productive","professional","profit","profitable","profound","promiscuous","promising","promote","protect","protected","proven","provocative","provoke","psychological","pummel","punch","punish","pus","quadruple","quality","quarrelsome","quick","quick-start","quickly","quiet","radiant","rare","ravenous","rebellious","recession-proof","reckoning","recognized","recommend","recreate","reduced","reflective","refugee","refund","refundable","reject","relaxed","release","relentless","reliable","remarkable","replicate","report","reprimanding","repulsed","repulsive","research","resentful","resourceful","responsible","responsive","rested","restricted","results","retaliating","reveal","revealing","revenge","revengeful","revisited","revolting","revolutionary","reward","rich","ridiculous","risky","riveting","rookie","rowdy","ruin","rules","ruthless","sabotaging","sacred","sadistic","sadly","sadness","safe","safety","sale","sampler","sarcastic","satisfied","savage","savagery","save","savings","savvy","scam","scandal","scandalous","scarce","scared","scary","scornful","scream","searing","secret","secret agenda","secret plot","secrets","secure","security","seductive","seething","seize","selected","self-hating","self-sufficient","sensational","senseless","sensual","serene","seriously","severe","sex","sexy","shaking","shameful","shameless","shaming","shatter","shellacking","shocking","should","shrewd","sick and tired","signs","silly","simple","simplicity","simplified","simplistic","sincere","sinful","sins","six-figure","sizable","sizzle","sizzled","sizzles","sizzling","sizzlingly","skill","skyrocket","slaughter","slave","sleazy","sleeping","sly","smash","smiling","smug","smuggle","smuggled","sneak-peek","sneaky","sniveling","snob","snooty","snotty","soar","soaring","solid","solution","spank","special","spectacular","speedy","spell-binding","spine","spirit","spirited","spiteful","spoiler","spontaneous","spotlight","spunky","squirming","stable","staggering","startling","steady","steal","stealthy","steamy","step-by-step","still","stoic","stop","strange","strangle","strategy","stressed","strong","strongly suggest","struggle","stuck up","studies","stunning","stupid","stupid-simple","sturdy","sublime","succeed","success","successful","suck","suddenly","suffer","sunny","super","super-human","superb","supercharge","superior","supported","supportive","sure","sure fire","surefire","surge","surging","surprise","surprised","surprising","survival","survive","suspicious","sweaty","swoon","swoon-worthy","tailspin","tank","tantalizing","targeted","tawdry","tease","technology","teetering","tempting","tenacious","tense","terrible","terrific","terrified","terrifying","terror","terrorist","tested","thankful","the truth","threaten","threatened","thrilled","thrilling","thug","ticked off","tickled","timely","today","torture","toxic","track record","trade secret","tragedy","tragic","transform","transparency","trap","trapped","trauma","traumatized","treacherous","treasure","tremendous","trend","tricks","triggers","triple","triumph","truly","trusting","trustworthy","truth","truthful","turbo-charge","turbocharges","tweaks","twitching","ultimate","unadulterated","unassuming","unauthorized","unbelievable","unburdened","uncaring","uncensored","uncertain","uncomfortable","unconditional","uncontrollable","unconventional","uncovered","undeniable","under priced","undercover","underground","underhanded","underused","unexpected","unforgettable","unheard of","unhurried","uninterested","unique","unjustified","unknowingly","unleashed","unlimited","unlock","unparalleled","unpopular","unreliable","unresponsive","unseen","unstable","unstoppable","unsure","unsurpassed","untapped","unusual","up-sell","upbeat","uplifted","uplifting","urge","urgent","useful","useless","validate","valor","valuable","value","vanquish","vaporize","venomous","verify","vibrant","vicious","victim","victory","vigorous","vilified","vindictive","violated","violent","volatile","vulnerable","waiting","wanted","wanton","warning","waste","weak","wealth","weird","what no one tells you","whip","whopping","wicked","wild","willpower","withheld","wonderful","wondrous","woozy","world","worry","worst","worthwhile","wounded","wreaking","youthful","zen","zinger"],"diacritics":{"A":"[\\u0041\\u24B6\\uFF21\\u00C0\\u00C1\\u00C2\\u1EA6\\u1EA4\\u1EAA\\u1EA8\\u00C3\\u0100\\u0102\\u1EB0\\u1EAE\\u1EB4\\u1EB2\\u0226\\u01E0\\u00C4\\u01DE\\u1EA2\\u00C5\\u01FA\\u01CD\\u0200\\u0202\\u1EA0\\u1EAC\\u1EB6\\u1E00\\u0104\\u023A\\u2C6F]","AA":"[\\uA732]","AE":"[\\u00C6\\u01FC\\u01E2]","AO":"[\\uA734]","AU":"[\\uA736]","AV":"[\\uA738\\uA73A]","AY":"[\\uA73C]","B":"[\\u0042\\u24B7\\uFF22\\u1E02\\u1E04\\u1E06\\u0243\\u0182\\u0181]","C":"[\\u0043\\u24B8\\uFF23\\u0106\\u0108\\u010A\\u010C\\u00C7\\u1E08\\u0187\\u023B\\uA73E]","D":"[\\u0044\\u24B9\\uFF24\\u1E0A\\u010E\\u1E0C\\u1E10\\u1E12\\u1E0E\\u0110\\u018B\\u018A\\u0189\\uA779]","DZ":"[\\u01F1\\u01C4]","Dz":"[\\u01F2\\u01C5]","E":"[\\u0045\\u24BA\\uFF25\\u00C8\\u00C9\\u00CA\\u1EC0\\u1EBE\\u1EC4\\u1EC2\\u1EBC\\u0112\\u1E14\\u1E16\\u0114\\u0116\\u00CB\\u1EBA\\u011A\\u0204\\u0206\\u1EB8\\u1EC6\\u0228\\u1E1C\\u0118\\u1E18\\u1E1A\\u0190\\u018E]","F":"[\\u0046\\u24BB\\uFF26\\u1E1E\\u0191\\uA77B]","G":"[\\u0047\\u24BC\\uFF27\\u01F4\\u011C\\u1E20\\u011E\\u0120\\u01E6\\u0122\\u01E4\\u0193\\uA7A0\\uA77D\\uA77E]","H":"[\\u0048\\u24BD\\uFF28\\u0124\\u1E22\\u1E26\\u021E\\u1E24\\u1E28\\u1E2A\\u0126\\u2C67\\u2C75\\uA78D]","I":"[\\u0049\\u24BE\\uFF29\\u00CC\\u00CD\\u00CE\\u0128\\u012A\\u012C\\u0130\\u00CF\\u1E2E\\u1EC8\\u01CF\\u0208\\u020A\\u1ECA\\u012E\\u1E2C\\u0197]","J":"[\\u004A\\u24BF\\uFF2A\\u0134\\u0248]","K":"[\\u004B\\u24C0\\uFF2B\\u1E30\\u01E8\\u1E32\\u0136\\u1E34\\u0198\\u2C69\\uA740\\uA742\\uA744\\uA7A2]","L":"[\\u004C\\u24C1\\uFF2C\\u013F\\u0139\\u013D\\u1E36\\u1E38\\u013B\\u1E3C\\u1E3A\\u0141\\u023D\\u2C62\\u2C60\\uA748\\uA746\\uA780]","LJ":"[\\u01C7]","Lj":"[\\u01C8]","M":"[\\u004D\\u24C2\\uFF2D\\u1E3E\\u1E40\\u1E42\\u2C6E\\u019C]","N":"[\\u004E\\u24C3\\uFF2E\\u01F8\\u0143\\u00D1\\u1E44\\u0147\\u1E46\\u0145\\u1E4A\\u1E48\\u0220\\u019D\\uA790\\uA7A4]","NJ":"[\\u01CA]","Nj":"[\\u01CB]","O":"[\\u004F\\u24C4\\uFF2F\\u00D2\\u00D3\\u00D4\\u1ED2\\u1ED0\\u1ED6\\u1ED4\\u00D5\\u1E4C\\u022C\\u1E4E\\u014C\\u1E50\\u1E52\\u014E\\u022E\\u0230\\u00D6\\u022A\\u1ECE\\u0150\\u01D1\\u020C\\u020E\\u01A0\\u1EDC\\u1EDA\\u1EE0\\u1EDE\\u1EE2\\u1ECC\\u1ED8\\u01EA\\u01EC\\u00D8\\u01FE\\u0186\\u019F\\uA74A\\uA74C]","OI":"[\\u01A2]","OO":"[\\uA74E]","OU":"[\\u0222]","P":"[\\u0050\\u24C5\\uFF30\\u1E54\\u1E56\\u01A4\\u2C63\\uA750\\uA752\\uA754]","Q":"[\\u0051\\u24C6\\uFF31\\uA756\\uA758\\u024A]","R":"[\\u0052\\u24C7\\uFF32\\u0154\\u1E58\\u0158\\u0210\\u0212\\u1E5A\\u1E5C\\u0156\\u1E5E\\u024C\\u2C64\\uA75A\\uA7A6\\uA782]","S":"[\\u0053\\u24C8\\uFF33\\u1E9E\\u015A\\u1E64\\u015C\\u1E60\\u0160\\u1E66\\u1E62\\u1E68\\u0218\\u015E\\u2C7E\\uA7A8\\uA784]","T":"[\\u0054\\u24C9\\uFF34\\u1E6A\\u0164\\u1E6C\\u021A\\u0162\\u1E70\\u1E6E\\u0166\\u01AC\\u01AE\\u023E\\uA786]","TZ":"[\\uA728]","U":"[\\u0055\\u24CA\\uFF35\\u00D9\\u00DA\\u00DB\\u0168\\u1E78\\u016A\\u1E7A\\u016C\\u00DC\\u01DB\\u01D7\\u01D5\\u01D9\\u1EE6\\u016E\\u0170\\u01D3\\u0214\\u0216\\u01AF\\u1EEA\\u1EE8\\u1EEE\\u1EEC\\u1EF0\\u1EE4\\u1E72\\u0172\\u1E76\\u1E74\\u0244]","V":"[\\u0056\\u24CB\\uFF36\\u1E7C\\u1E7E\\u01B2\\uA75E\\u0245]","VY":"[\\uA760]","W":"[\\u0057\\u24CC\\uFF37\\u1E80\\u1E82\\u0174\\u1E86\\u1E84\\u1E88\\u2C72]","X":"[\\u0058\\u24CD\\uFF38\\u1E8A\\u1E8C]","Y":"[\\u0059\\u24CE\\uFF39\\u1EF2\\u00DD\\u0176\\u1EF8\\u0232\\u1E8E\\u0178\\u1EF6\\u1EF4\\u01B3\\u024E\\u1EFE]","Z":"[\\u005A\\u24CF\\uFF3A\\u0179\\u1E90\\u017B\\u017D\\u1E92\\u1E94\\u01B5\\u0224\\u2C7F\\u2C6B\\uA762]","a":"[\\u0061\\u24D0\\uFF41\\u1E9A\\u00E0\\u00E1\\u00E2\\u1EA7\\u1EA5\\u1EAB\\u1EA9\\u00E3\\u0101\\u0103\\u1EB1\\u1EAF\\u1EB5\\u1EB3\\u0227\\u01E1\\u00E4\\u01DF\\u1EA3\\u00E5\\u01FB\\u01CE\\u0201\\u0203\\u1EA1\\u1EAD\\u1EB7\\u1E01\\u0105\\u2C65\\u0250]","aa":"[\\uA733]","ae":"[\\u00E6\\u01FD\\u01E3]","ao":"[\\uA735]","au":"[\\uA737]","av":"[\\uA739\\uA73B]","ay":"[\\uA73D]","b":"[\\u0062\\u24D1\\uFF42\\u1E03\\u1E05\\u1E07\\u0180\\u0183\\u0253]","c":"[\\u0063\\u24D2\\uFF43\\u0107\\u0109\\u010B\\u010D\\u00E7\\u1E09\\u0188\\u023C\\uA73F\\u2184]","d":"[\\u0064\\u24D3\\uFF44\\u1E0B\\u010F\\u1E0D\\u1E11\\u1E13\\u1E0F\\u0111\\u018C\\u0256\\u0257\\uA77A]","dz":"[\\u01F3\\u01C6]","e":"[\\u0065\\u24D4\\uFF45\\u00E8\\u00E9\\u00EA\\u1EC1\\u1EBF\\u1EC5\\u1EC3\\u1EBD\\u0113\\u1E15\\u1E17\\u0115\\u0117\\u00EB\\u1EBB\\u011B\\u0205\\u0207\\u1EB9\\u1EC7\\u0229\\u1E1D\\u0119\\u1E19\\u1E1B\\u0247\\u025B\\u01DD]","f":"[\\u0066\\u24D5\\uFF46\\u1E1F\\u0192\\uA77C]","g":"[\\u0067\\u24D6\\uFF47\\u01F5\\u011D\\u1E21\\u011F\\u0121\\u01E7\\u0123\\u01E5\\u0260\\uA7A1\\u1D79\\uA77F]","h":"[\\u0068\\u24D7\\uFF48\\u0125\\u1E23\\u1E27\\u021F\\u1E25\\u1E29\\u1E2B\\u1E96\\u0127\\u2C68\\u2C76\\u0265]","hv":"[\\u0195]","i":"[\\u0069\\u24D8\\uFF49\\u00EC\\u00ED\\u00EE\\u0129\\u012B\\u012D\\u00EF\\u1E2F\\u1EC9\\u01D0\\u0209\\u020B\\u1ECB\\u012F\\u1E2D\\u0268\\u0131]","j":"[\\u006A\\u24D9\\uFF4A\\u0135\\u01F0\\u0249]","k":"[\\u006B\\u24DA\\uFF4B\\u1E31\\u01E9\\u1E33\\u0137\\u1E35\\u0199\\u2C6A\\uA741\\uA743\\uA745\\uA7A3]","l":"[\\u006C\\u24DB\\uFF4C\\u0140\\u013A\\u013E\\u1E37\\u1E39\\u013C\\u1E3D\\u1E3B\\u017F\\u0142\\u019A\\u026B\\u2C61\\uA749\\uA781\\uA747]","lj":"[\\u01C9]","m":"[\\u006D\\u24DC\\uFF4D\\u1E3F\\u1E41\\u1E43\\u0271\\u026F]","n":"[\\u006E\\u24DD\\uFF4E\\u01F9\\u0144\\u00F1\\u1E45\\u0148\\u1E47\\u0146\\u1E4B\\u1E49\\u019E\\u0272\\u0149\\uA791\\uA7A5]","nj":"[\\u01CC]","o":"[\\u006F\\u24DE\\uFF4F\\u00F2\\u00F3\\u00F4\\u1ED3\\u1ED1\\u1ED7\\u1ED5\\u00F5\\u1E4D\\u022D\\u1E4F\\u014D\\u1E51\\u1E53\\u014F\\u022F\\u0231\\u00F6\\u022B\\u1ECF\\u0151\\u01D2\\u020D\\u020F\\u01A1\\u1EDD\\u1EDB\\u1EE1\\u1EDF\\u1EE3\\u1ECD\\u1ED9\\u01EB\\u01ED\\u00F8\\u01FF\\u0254\\uA74B\\uA74D\\u0275]","oi":"[\\u01A3]","ou":"[\\u0223]","oo":"[\\uA74F]","p":"[\\u0070\\u24DF\\uFF50\\u1E55\\u1E57\\u01A5\\u1D7D\\uA751\\uA753\\uA755]","q":"[\\u0071\\u24E0\\uFF51\\u024B\\uA757\\uA759]","r":"[\\u0072\\u24E1\\uFF52\\u0155\\u1E59\\u0159\\u0211\\u0213\\u1E5B\\u1E5D\\u0157\\u1E5F\\u024D\\u027D\\uA75B\\uA7A7\\uA783]","s":"[\\u0073\\u24E2\\uFF53\\u015B\\u1E65\\u015D\\u1E61\\u0161\\u1E67\\u1E63\\u1E69\\u0219\\u015F\\u023F\\uA7A9\\uA785\\u1E9B]","ss":"[\\u00DF]","t":"[\\u0074\\u24E3\\uFF54\\u1E6B\\u1E97\\u0165\\u1E6D\\u021B\\u0163\\u1E71\\u1E6F\\u0167\\u01AD\\u0288\\u2C66\\uA787]","tz":"[\\uA729]","u":"[\\u0075\\u24E4\\uFF55\\u00F9\\u00FA\\u00FB\\u0169\\u1E79\\u016B\\u1E7B\\u016D\\u00FC\\u01DC\\u01D8\\u01D6\\u01DA\\u1EE7\\u016F\\u0171\\u01D4\\u0215\\u0217\\u01B0\\u1EEB\\u1EE9\\u1EEF\\u1EED\\u1EF1\\u1EE5\\u1E73\\u0173\\u1E77\\u1E75\\u0289]","v":"[\\u0076\\u24E5\\uFF56\\u1E7D\\u1E7F\\u028B\\uA75F\\u028C]","vy":"[\\uA761]","w":"[\\u0077\\u24E6\\uFF57\\u1E81\\u1E83\\u0175\\u1E87\\u1E85\\u1E98\\u1E89\\u2C73]","x":"[\\u0078\\u24E7\\uFF58\\u1E8B\\u1E8D]","y":"[\\u0079\\u24E8\\uFF59\\u1EF3\\u00FD\\u0177\\u1EF9\\u0233\\u1E8F\\u00FF\\u1EF7\\u1E99\\u1EF5\\u01B4\\u024F\\u1EFF]","z":"[\\u007A\\u24E9\\uFF5A\\u017A\\u1E91\\u017C\\u017E\\u1E93\\u1E95\\u01B6\\u0225\\u0240\\u2C6C\\uA763]"},"researchesTests":["contentHasTOC","contentHasShortParagraphs","contentHasAssets","keywordInTitle","keywordInMetaDescription","keywordInPermalink","keywordIn10Percent","keywordInContent","keywordInSubheadings","keywordInImageAlt","keywordDensity","keywordNotUsed","lengthContent","lengthPermalink","linksHasInternal","linksHasExternals","linksNotAllExternals","titleStartWithKeyword","titleSentiment","titleHasPowerWords","titleHasNumber","hasContentAI"],"hasRedirection":false,"hasBreadcrumb":false},"homeUrl":"https:\/\/messe-montage.de\/en","objectID":519,"objectType":"post","locale":"en","localeFull":"en_GB","overlayImages":{"play":{"name":"Play icon","url":"https:\/\/messe-montage.de\/wp-content\/plugins\/seo-by-rank-math\/assets\/admin\/img\/icon-play.png","path":"\/homepages\/32\/d13397852\/htdocs\/messe-montage2024\/wp-content\/plugins\/seo-by-rank-math\/assets\/admin\/img\/icon-play.png","position":"middle_center"},"gif":{"name":"GIF icon","url":"https:\/\/messe-montage.de\/wp-content\/plugins\/seo-by-rank-math\/assets\/admin\/img\/icon-gif.png","path":"\/homepages\/32\/d13397852\/htdocs\/messe-montage2024\/wp-content\/plugins\/seo-by-rank-math\/assets\/admin\/img\/icon-gif.png","position":"middle_center"}},"defautOgImage":"https:\/\/messe-montage.de\/wp-content\/plugins\/seo-by-rank-math\/assets\/admin\/img\/social-placeholder.jpg","customPermalinks":true,"isUserRegistered":true,"autoSuggestKeywords":true,"connectSiteUrl":"https:\/\/rankmath.com\/auth?site=https%3A%2F%2Fmesse-montage.de%2Fen&r=https%3A%2F%2Fmesse-montage.de%2Fen%2Fwp-json%2Fwp%2Fv2%2Fpages%2F772%3Fnonce%3Dd4d8d9b003","maxTags":5,"trendsIcon":"<svg viewBox=\"0 0 610 610\"><path d=\"M18.85,446,174.32,290.48l58.08,58.08L76.93,504a14.54,14.54,0,0,1-20.55,0L18.83,466.48a14.54,14.54,0,0,1,0-20.55Z\" style=\"fill:#4285f4\"\/><path d=\"M242.65,242.66,377.59,377.6l-47.75,47.75a14.54,14.54,0,0,1-20.55,0L174.37,290.43l47.75-47.75A14.52,14.52,0,0,1,242.65,242.66Z\" style=\"fill:#ea4335\"\/><polygon points=\"319.53 319.53 479.26 159.8 537.34 217.88 377.61 377.62 319.53 319.53\" style=\"fill:#fabb05\"\/><path d=\"M594.26,262.73V118.61h0a16.94,16.94,0,0,0-16.94-16.94H433.2a16.94,16.94,0,0,0-12,28.92L565.34,274.71h0a16.94,16.94,0,0,0,28.92-12Z\" style=\"fill:#34a853\"\/><rect width=\"610\" height=\"610\" style=\"fill:none\"\/><\/svg>","showScore":true,"siteFavIcon":"https:\/\/messe-montage.de\/wp-content\/uploads\/2024\/03\/cropped-favicon-ueberbach-32x32.jpg","canUser":{"general":false,"advanced":false,"snippet":false,"social":false,"analysis":false,"analytics":false,"content_ai":false},"isPro":false,"is_front_page":false,"trendsUpgradeLink":"https:\/\/rankmath.com\/pricing\/?utm_source=Plugin&utm_medium=CE%20General%20Tab%20Trends&utm_campaign=WP","trendsUpgradeLabel":"Upgrade","trendsPreviewImage":"https:\/\/messe-montage.de\/wp-content\/plugins\/seo-by-rank-math\/assets\/admin\/img\/trends-preview.jpg","currentEditor":false,"homepageData":{"assessor":{"powerWords":["a cut above","absolute","absolutely","absolutely lowest","absurd","abuse","accurate","accuse","achieve","actionable","adaptable","adequate","admit","adorable","advantage","advice","affordable","aggravate","aggressive","agitated","agonizing","agony","alarmed","alarming","alienated","aligned","alive","all-inclusive","alluring","always","amazing","amp","animated","annihilate","announcing","anonymous","antagonistic","anxious","apocalypse","appalled","approved","approving","argumentative","armageddon","arrogant","ass kicking","assault","assured","astonishing","astounded","astounding","at ease","atrocious","attack","attractive","audacity","authentic","authoritative","authority","avoid","aware","awe-inspiring","awesome","awkward","backbone","backdoor","backed","backlash","backstabbing","badass","balanced","banned","bargain","barrage","basic","battle","beaming","beat down","beating","beautiful","beauty","begging","behind the scenes","belief","belong","best","best-selling","better","beware","big","billion","black market","blacklisted","blast","blessed","blinded","blissful","blood","bloodbath","bloodcurdling","bloody","blunder","blushing","bold","bomb","bona","bona fide","bonanza","bonus","bootleg","bottom line","bountiful","brave","bravery","brazen","break","breaking","breakthrough","breathtaking","bright","brilliant","broke","brutal","budget","buffoon","bullshit","bully","bumbling","buy","cadaver","calm","cancel anytime","capable","captivate","captivating","carefree","case study","cash","cataclysmic","catapult","catastrophe","caution","censored","centered","certain","certainly","certified","challenge","charming","cheap","cheat","cheat-sheet","cheer","cheerful","child-like","clarity","classified","clear","clueless","collapse","colorful","colossal","comfortable","compare","competitive","complete","completely","completeness","comprehensive","compromise","compulsive","concealed","conclusive","condemning","condescending","confess","confession","confessions","confident","confidential","conquer","conscientious","constructive","content","contrary","controlling","controversial","convenient","convert","cool","cooperative","copy","corpse","corrupt","corrupting","courage","courageous","cover-up","covert","coward","cowardly","crammed","crave","crazy","create","creative","cringeworthy","cripple","crisis","critical","crooked","crush","crushing","damaging","danger","dangerous","daring","dazzling","dead","deadline","deadly","death","decadent","deceived","deceptive","deep","defiance","definitely","definitive","defying","dejected","delicious","delight","delighted","delightful","delirious","delivered","demoralizing","deplorable","depraved","desire","desperate","despicable","destiny","destroy","detailed","devastating","devoted","diagnosed","direct","dirty","disadvantages","disastrous","discount","discover","disdainful","disempowered","disgusted","disgusting","dishonest","disillusioned","disoriented","distracted","distraught","distressed","distrustful","divulge","document","dollar","dominate","doomed","double","doubtful","download","dreadful","dreamy","drive","drowning","dumb","dynamic","eager","earnest","easily","easy","economical","ecstatic","edge","effective","efficient","effortless","elated","eliminate","elite","embarrass","embarrassed","embarrassing","emergency","emerging","emphasize","empowered","enchant","encouraged","endorsed","energetic","energy","enormous","enraged","enthusiastic","envy","epic","epidemic","essential","ethical","euphoric","evil","exactly","exasperated","excellent","excited","excitement","exciting","exclusive","exclusivity","excruciating","exhilarated","expensive","expert","explode","exploit","explosive","exposed","exquisite","extra","extraordinary","extremely","exuberant","eye-opening","fail","fail-proof","failure","faith","famous","fantasy","fascinating","fatigued","faux","faux pas","fearless","feast","feeble","festive","fide","fierce","fight","final","fine","fired","first","first ever","flirt","fluid","focus","focused","fool","fooled","foolish","forbidden","force-fed","forever","forgiving","forgotten","formula","fortune","foul","frantic","free","freebie","freedom","frenzied","frenzy","frightening","frisky","frugal","frustrated","fulfill","fulfilled","full","fully","fun","fun-loving","fundamentals","funniest","funny","furious","gambling","gargantuan","genius","genuine","gift","gigantic","giveaway","glamorous","gleeful","glorious","glowing","goddamn","gorgeous","graceful","grateful","gratified","gravity","great","greatest","greatness","greed","greedy","gripping","grit","grounded","growth","guaranteed","guilt","guilt-free","gullible","guts","hack","happiness","happy","harmful","harsh","hate","have you heard","havoc","hazardous","healthy","heart","heartbreaking","heartwarming","heavenly","hell","helpful","helplessness","hero","hesitant","hidden","high tech","highest","highly effective","hilarious","hoak","hoax","honest","honored","hope","hopeful","horribly","horrific","horrifying","horror","hostile","how to","huge","humility","humor","hurricane","hurry","hypnotic","idiot","ignite","illegal","illusive","imagination","immediately","imminently","impatience","impatient","impenetrable","important","impressive","improved","in the zone","incapable","incapacitated","incompetent","inconsiderate","increase","incredible","indecisive","indulgence","indulgent","inexpensive","inferior","informative","infuriated","ingredients","innocent","innovative","insane","insecure","insider","insidious","inspired","inspiring","instant savings","instantly","instructive","insult","intel","intelligent","intense","interesting","intriguing","introducing","invasion","investment","iron-clad","ironclad","irresistible","irs","is here","jackpot","jail","jaw-dropping","jealous","jeopardy","jittery","jovial","joyous","jubilant","judgmental","jumpstart","just arrived","keen","kickass","kickstart","kill","killed","killing","kills","know it all","lame","largest","lascivious","last","last chance","last minute","latest","laugh","laughing","launch","launching","lavishly","lawsuit","lazy","left behind","legendary","legitimate","liberal","liberated","lick","lies","life-changing","lifetime","light","lighthearted","likely","limited","literally","little-known","loathsome","lonely","looming","loser","lost","love","lucrative","lunatic","lurking","lust","luxurious","luxury","lying","magic","magical","magnificent","mainstream","malicious","mammoth","manipulative","marked down","massive","master","masterclass","maul","mediocre","meditative","meltdown","memorability","memorable","menacing","mesmerizing","meticulous","mind-blowing","minimalist","miracle","mired","mischievous","misgiving","missing out","mistake","monetize","money","moneyback","moneygrubbing","monumental","most important","motivated","mouth-watering","murder","mystery","nail","naked","natural","naughty","nazi","nest egg","never","new","nightmare","no good","no obligation","no one talks about","no questions asked","no risk","no strings attached","non-controlling","noted","novelty","now","obnoxious","obsessed","obsession","obvious","odd","off-kilter","off-limits","off-the record","offensive","official","okay","on-demand","open-minded","opportunities","optimistic","ordeal","outlawed","outrageousness","outstanding","overcome","overjoyed","overnight","overwhelmed","packed","painful","painless","painstaking","pale","panic","panicked","paralyzed","pas","passionate","pathetic","pay zero","payback","perfect","peril","perplexed","perspective","pessimistic","pioneering","piranha","pitfall","pitiful","placid","plague","played","playful","pleased","pluck","plummet","plunge","poison","poisonous","polarizing","poor","popular","portfolio","pound","powerful","powerless","practical","preposterous","prestige","price","priceless","pride","prison","privacy","private","privileged","prize","problem","productive","professional","profit","profitable","profound","promiscuous","promising","promote","protect","protected","proven","provocative","provoke","psychological","pummel","punch","punish","pus","quadruple","quality","quarrelsome","quick","quick-start","quickly","quiet","radiant","rare","ravenous","rebellious","recession-proof","reckoning","recognized","recommend","recreate","reduced","reflective","refugee","refund","refundable","reject","relaxed","release","relentless","reliable","remarkable","replicate","report","reprimanding","repulsed","repulsive","research","resentful","resourceful","responsible","responsive","rested","restricted","results","retaliating","reveal","revealing","revenge","revengeful","revisited","revolting","revolutionary","reward","rich","ridiculous","risky","riveting","rookie","rowdy","ruin","rules","ruthless","sabotaging","sacred","sadistic","sadly","sadness","safe","safety","sale","sampler","sarcastic","satisfied","savage","savagery","save","savings","savvy","scam","scandal","scandalous","scarce","scared","scary","scornful","scream","searing","secret","secret agenda","secret plot","secrets","secure","security","seductive","seething","seize","selected","self-hating","self-sufficient","sensational","senseless","sensual","serene","seriously","severe","sex","sexy","shaking","shameful","shameless","shaming","shatter","shellacking","shocking","should","shrewd","sick and tired","signs","silly","simple","simplicity","simplified","simplistic","sincere","sinful","sins","six-figure","sizable","sizzle","sizzled","sizzles","sizzling","sizzlingly","skill","skyrocket","slaughter","slave","sleazy","sleeping","sly","smash","smiling","smug","smuggle","smuggled","sneak-peek","sneaky","sniveling","snob","snooty","snotty","soar","soaring","solid","solution","spank","special","spectacular","speedy","spell-binding","spine","spirit","spirited","spiteful","spoiler","spontaneous","spotlight","spunky","squirming","stable","staggering","startling","steady","steal","stealthy","steamy","step-by-step","still","stoic","stop","strange","strangle","strategy","stressed","strong","strongly suggest","struggle","stuck up","studies","stunning","stupid","stupid-simple","sturdy","sublime","succeed","success","successful","suck","suddenly","suffer","sunny","super","super-human","superb","supercharge","superior","supported","supportive","sure","sure fire","surefire","surge","surging","surprise","surprised","surprising","survival","survive","suspicious","sweaty","swoon","swoon-worthy","tailspin","tank","tantalizing","targeted","tawdry","tease","technology","teetering","tempting","tenacious","tense","terrible","terrific","terrified","terrifying","terror","terrorist","tested","thankful","the truth","threaten","threatened","thrilled","thrilling","thug","ticked off","tickled","timely","today","torture","toxic","track record","trade secret","tragedy","tragic","transform","transparency","trap","trapped","trauma","traumatized","treacherous","treasure","tremendous","trend","tricks","triggers","triple","triumph","truly","trusting","trustworthy","truth","truthful","turbo-charge","turbocharges","tweaks","twitching","ultimate","unadulterated","unassuming","unauthorized","unbelievable","unburdened","uncaring","uncensored","uncertain","uncomfortable","unconditional","uncontrollable","unconventional","uncovered","undeniable","under priced","undercover","underground","underhanded","underused","unexpected","unforgettable","unheard of","unhurried","uninterested","unique","unjustified","unknowingly","unleashed","unlimited","unlock","unparalleled","unpopular","unreliable","unresponsive","unseen","unstable","unstoppable","unsure","unsurpassed","untapped","unusual","up-sell","upbeat","uplifted","uplifting","urge","urgent","useful","useless","validate","valor","valuable","value","vanquish","vaporize","venomous","verify","vibrant","vicious","victim","victory","vigorous","vilified","vindictive","violated","violent","volatile","vulnerable","waiting","wanted","wanton","warning","waste","weak","wealth","weird","what no one tells you","whip","whopping","wicked","wild","willpower","withheld","wonderful","wondrous","woozy","world","worry","worst","worthwhile","wounded","wreaking","youthful","zen","zinger"],"diacritics":true,"researchesTests":["contentHasTOC","contentHasShortParagraphs","contentHasAssets","keywordInTitle","keywordInMetaDescription","keywordInPermalink","keywordIn10Percent","keywordInContent","keywordInSubheadings","keywordInImageAlt","keywordDensity","keywordNotUsed","lengthContent","lengthPermalink","linksHasInternal","linksHasExternals","linksNotAllExternals","titleStartWithKeyword","titleSentiment","titleHasPowerWords","titleHasNumber","hasContentAI"],"hasBreadcrumb":false,"serpData":{"title":"%sitename% %page% %sep% %sitedesc%","description":"","titleTemplate":"%sitename% %page% %sep% %sitedesc%","descriptionTemplate":"","focusKeywords":"","breadcrumbTitle":"Start","robots":{"index":true},"advancedRobots":{"max-snippet":"-1","max-video-preview":"-1","max-image-preview":"large"},"facebookTitle":"","facebookDescription":"","facebookImage":"","facebookImageID":""}}},"tocTitle":"Table of Contents","tocExcludeHeadings":[],"listStyle":"ul"},"_links":{"self":[{"href":"https:\/\/messe-montage.de\/en\/wp-json\/wp\/v2\/pages\/772","targetHints":{"allow":["GET"]}}],"collection":[{"href":"https:\/\/messe-montage.de\/en\/wp-json\/wp\/v2\/pages"}],"about":[{"href":"https:\/\/messe-montage.de\/en\/wp-json\/wp\/v2\/types\/page"}],"author":[{"embeddable":true,"href":"https:\/\/messe-montage.de\/en\/wp-json\/wp\/v2\/users\/1"}],"replies":[{"embeddable":true,"href":"https:\/\/messe-montage.de\/en\/wp-json\/wp\/v2\/comments?post=772"}],"version-history":[{"count":9,"href":"https:\/\/messe-montage.de\/en\/wp-json\/wp\/v2\/pages\/772\/revisions"}],"predecessor-version":[{"id":2025,"href":"https:\/\/messe-montage.de\/en\/wp-json\/wp\/v2\/pages\/772\/revisions\/2025"}],"up":[{"embeddable":true,"href":"https:\/\/messe-montage.de\/en\/wp-json\/wp\/v2\/pages\/21"}],"wp:attachment":[{"href":"https:\/\/messe-montage.de\/en\/wp-json\/wp\/v2\/media?parent=772"}],"curies":[{"name":"wp","href":"https:\/\/api.w.org\/{rel}","templated":true}]}}